{"id":2928,"date":"2024-06-23T11:59:59","date_gmt":"2024-06-23T09:59:59","guid":{"rendered":"https:\/\/www.samie38.fr\/?page_id=2928"},"modified":"2025-02-19T03:06:17","modified_gmt":"2025-02-19T02:06:17","slug":"therapeutes-octobre-2024","status":"publish","type":"page","link":"https:\/\/www.samie38.fr\/index.php\/octobre-2024\/therapeutes-octobre-2024\/","title":{"rendered":"Th\u00e9rapeutes octobre 2024"},"content":{"rendered":"\t\t<div data-elementor-type=\"wp-page\" data-elementor-id=\"2928\" class=\"elementor elementor-2928\" data-elementor-post-type=\"page\">\n\t\t\t\t\t\t<section class=\"elementor-section elementor-top-section elementor-element elementor-element-f3710a7 elementor-section-boxed elementor-section-height-default elementor-section-height-default\" data-id=\"f3710a7\" data-element_type=\"section\" data-e-type=\"section\">\n\t\t\t\t\t\t<div class=\"elementor-container elementor-column-gap-default\">\n\t\t\t\t\t<div class=\"elementor-column elementor-col-100 elementor-top-column elementor-element elementor-element-c4e789e\" data-id=\"c4e789e\" data-element_type=\"column\" data-e-type=\"column\">\n\t\t\t<div class=\"elementor-widget-wrap elementor-element-populated\">\n\t\t\t\t\t\t<div class=\"elementor-element elementor-element-4b2a5f4 elementor-widget elementor-widget-heading\" data-id=\"4b2a5f4\" data-element_type=\"widget\" data-e-type=\"widget\" data-widget_type=\"heading.default\">\n\t\t\t\t<div class=\"elementor-widget-container\">\n\t\t\t\t\t<h2 class=\"elementor-heading-title elementor-size-default\">Les th\u00e9rapeutes <\/h2>\t\t\t\t<\/div>\n\t\t\t\t<\/div>\n\t\t\t\t\t<\/div>\n\t\t<\/div>\n\t\t\t\t\t<\/div>\n\t\t<\/section>\n\t\t\t\t<section class=\"elementor-section elementor-top-section elementor-element elementor-element-bbccbe9 elementor-section-boxed elementor-section-height-default elementor-section-height-default\" data-id=\"bbccbe9\" data-element_type=\"section\" data-e-type=\"section\">\n\t\t\t\t\t\t<div class=\"elementor-container elementor-column-gap-default\">\n\t\t\t\t\t<div class=\"elementor-column elementor-col-33 elementor-top-column elementor-element elementor-element-b95acd9\" data-id=\"b95acd9\" data-element_type=\"column\" data-e-type=\"column\">\n\t\t\t<div class=\"elementor-widget-wrap elementor-element-populated\">\n\t\t\t\t\t\t<div class=\"elementor-element elementor-element-07976ac elementor-align-center elementor-widget elementor-widget-button\" data-id=\"07976ac\" data-element_type=\"widget\" data-e-type=\"widget\" data-widget_type=\"button.default\">\n\t\t\t\t<div class=\"elementor-widget-container\">\n\t\t\t\t\t\t\t\t\t<div class=\"elementor-button-wrapper\">\n\t\t\t\t\t<a class=\"elementor-button elementor-button-link elementor-size-sm\" href=\"https:\/\/www.samie38.fr\/index.php\/exposants-octobre-2024\/#createur_oct_24\">\n\t\t\t\t\t\t<span class=\"elementor-button-content-wrapper\">\n\t\t\t\t\t\t\t\t\t<span class=\"elementor-button-text\">Voir commer\u00e7ants et cr\u00e9ateurs<\/span>\n\t\t\t\t\t<\/span>\n\t\t\t\t\t<\/a>\n\t\t\t\t<\/div>\n\t\t\t\t\t\t\t\t<\/div>\n\t\t\t\t<\/div>\n\t\t\t\t\t<\/div>\n\t\t<\/div>\n\t\t\t\t<div class=\"elementor-column elementor-col-33 elementor-top-column elementor-element elementor-element-b1ed6f1\" data-id=\"b1ed6f1\" data-element_type=\"column\" data-e-type=\"column\">\n\t\t\t<div class=\"elementor-widget-wrap elementor-element-populated\">\n\t\t\t\t\t\t<div class=\"elementor-element elementor-element-c3cc7e2 elementor-align-center elementor-widget elementor-widget-button\" data-id=\"c3cc7e2\" data-element_type=\"widget\" data-e-type=\"widget\" data-widget_type=\"button.default\">\n\t\t\t\t<div class=\"elementor-widget-container\">\n\t\t\t\t\t\t\t\t\t<div class=\"elementor-button-wrapper\">\n\t\t\t\t\t<a class=\"elementor-button elementor-button-link elementor-size-sm\" href=\"https:\/\/www.samie38.fr\/index.php\/exposants-octobre-2024\/#massage_oct_24\">\n\t\t\t\t\t\t<span class=\"elementor-button-content-wrapper\">\n\t\t\t\t\t\t\t\t\t<span class=\"elementor-button-text\">Voir \u00e9nerg\u00e9ticiens et masseurs<\/span>\n\t\t\t\t\t<\/span>\n\t\t\t\t\t<\/a>\n\t\t\t\t<\/div>\n\t\t\t\t\t\t\t\t<\/div>\n\t\t\t\t<\/div>\n\t\t\t\t\t<\/div>\n\t\t<\/div>\n\t\t\t\t<div class=\"elementor-column elementor-col-33 elementor-top-column elementor-element elementor-element-011a50b\" data-id=\"011a50b\" data-element_type=\"column\" data-e-type=\"column\">\n\t\t\t<div class=\"elementor-widget-wrap elementor-element-populated\">\n\t\t\t\t\t\t<div class=\"elementor-element elementor-element-f385e8c elementor-widget__width-initial elementor-widget elementor-widget-button\" data-id=\"f385e8c\" data-element_type=\"widget\" data-e-type=\"widget\" data-widget_type=\"button.default\">\n\t\t\t\t<div class=\"elementor-widget-container\">\n\t\t\t\t\t\t\t\t\t<div class=\"elementor-button-wrapper\">\n\t\t\t\t\t<a class=\"elementor-button elementor-button-link elementor-size-sm\" href=\"https:\/\/www.samie38.fr\/index.php\/association-femmes-dhimalaya\/\" target=\"_blank\">\n\t\t\t\t\t\t<span class=\"elementor-button-content-wrapper\">\n\t\t\t\t\t\t\t\t\t<span class=\"elementor-button-text\">Voir l'association Femmes d'Himalaya<\/span>\n\t\t\t\t\t<\/span>\n\t\t\t\t\t<\/a>\n\t\t\t\t<\/div>\n\t\t\t\t\t\t\t\t<\/div>\n\t\t\t\t<\/div>\n\t\t\t\t\t<\/div>\n\t\t<\/div>\n\t\t\t\t\t<\/div>\n\t\t<\/section>\n\t\t\t\t<section class=\"elementor-section elementor-top-section elementor-element elementor-element-bed7718 elementor-section-boxed elementor-section-height-default elementor-section-height-default\" data-id=\"bed7718\" data-element_type=\"section\" data-e-type=\"section\">\n\t\t\t\t\t\t<div class=\"elementor-container elementor-column-gap-default\">\n\t\t\t\t\t<div class=\"elementor-column elementor-col-100 elementor-top-column elementor-element elementor-element-60ee216\" data-id=\"60ee216\" data-element_type=\"column\" data-e-type=\"column\">\n\t\t\t<div class=\"elementor-widget-wrap elementor-element-populated\">\n\t\t\t\t\t\t<div class=\"elementor-element elementor-element-cb93513 elementor-tabs-view-vertical elementor-widget__width-initial elementor-widget elementor-widget-tabs\" data-id=\"cb93513\" data-element_type=\"widget\" data-e-type=\"widget\" data-widget_type=\"tabs.default\">\n\t\t\t\t<div class=\"elementor-widget-container\">\n\t\t\t\t\t\t\t<div class=\"elementor-tabs\">\n\t\t\t<div class=\"elementor-tabs-wrapper\" role=\"tablist\" >\n\t\t\t\t\t\t\t\t\t<div id=\"elementor-tab-title-2131\" class=\"elementor-tab-title elementor-tab-desktop-title\" aria-selected=\"true\" data-tab=\"1\" role=\"tab\" tabindex=\"0\" aria-controls=\"elementor-tab-content-2131\" aria-expanded=\"false\">ANTHEAUME Valentine<\/div>\n\t\t\t\t\t\t\t\t\t<div id=\"elementor-tab-title-2132\" class=\"elementor-tab-title elementor-tab-desktop-title\" aria-selected=\"false\" data-tab=\"2\" role=\"tab\" tabindex=\"-1\" aria-controls=\"elementor-tab-content-2132\" aria-expanded=\"false\">BARON Aur\u00e9lie<\/div>\n\t\t\t\t\t\t\t\t\t<div id=\"elementor-tab-title-2133\" class=\"elementor-tab-title elementor-tab-desktop-title\" aria-selected=\"false\" data-tab=\"3\" role=\"tab\" tabindex=\"-1\" aria-controls=\"elementor-tab-content-2133\" aria-expanded=\"false\">BLACHIER Amandine<\/div>\n\t\t\t\t\t\t\t\t\t<div id=\"elementor-tab-title-2134\" class=\"elementor-tab-title elementor-tab-desktop-title\" aria-selected=\"false\" data-tab=\"4\" role=\"tab\" tabindex=\"-1\" aria-controls=\"elementor-tab-content-2134\" aria-expanded=\"false\">CANTELOUP Frederique<\/div>\n\t\t\t\t\t\t\t\t\t<div id=\"elementor-tab-title-2135\" class=\"elementor-tab-title elementor-tab-desktop-title\" aria-selected=\"false\" data-tab=\"5\" role=\"tab\" tabindex=\"-1\" aria-controls=\"elementor-tab-content-2135\" aria-expanded=\"false\">CAYLA Marion<\/div>\n\t\t\t\t\t\t\t\t\t<div id=\"elementor-tab-title-2136\" class=\"elementor-tab-title elementor-tab-desktop-title\" aria-selected=\"false\" data-tab=\"6\" role=\"tab\" tabindex=\"-1\" aria-controls=\"elementor-tab-content-2136\" aria-expanded=\"false\">CHARPON Sandra<\/div>\n\t\t\t\t\t\t\t\t\t<div id=\"elementor-tab-title-2137\" class=\"elementor-tab-title elementor-tab-desktop-title\" aria-selected=\"false\" data-tab=\"7\" role=\"tab\" tabindex=\"-1\" aria-controls=\"elementor-tab-content-2137\" aria-expanded=\"false\">CIPPONE Caroline & Anne Scholler<\/div>\n\t\t\t\t\t\t\t\t\t<div id=\"elementor-tab-title-2138\" class=\"elementor-tab-title elementor-tab-desktop-title\" aria-selected=\"false\" data-tab=\"8\" role=\"tab\" tabindex=\"-1\" aria-controls=\"elementor-tab-content-2138\" aria-expanded=\"false\">COROMINAS Aurore<\/div>\n\t\t\t\t\t\t\t\t\t<div id=\"elementor-tab-title-2139\" class=\"elementor-tab-title elementor-tab-desktop-title\" aria-selected=\"false\" data-tab=\"9\" role=\"tab\" tabindex=\"-1\" aria-controls=\"elementor-tab-content-2139\" aria-expanded=\"false\">DAVID Laurence<\/div>\n\t\t\t\t\t\t\t\t\t<div id=\"elementor-tab-title-21310\" class=\"elementor-tab-title elementor-tab-desktop-title\" aria-selected=\"false\" data-tab=\"10\" role=\"tab\" tabindex=\"-1\" aria-controls=\"elementor-tab-content-21310\" aria-expanded=\"false\">DELANSSAY Julien<\/div>\n\t\t\t\t\t\t\t\t\t<div id=\"elementor-tab-title-21311\" class=\"elementor-tab-title elementor-tab-desktop-title\" aria-selected=\"false\" data-tab=\"11\" role=\"tab\" tabindex=\"-1\" aria-controls=\"elementor-tab-content-21311\" aria-expanded=\"false\">DELICOURT Elodie<\/div>\n\t\t\t\t\t\t\t\t\t<div id=\"elementor-tab-title-21312\" class=\"elementor-tab-title elementor-tab-desktop-title\" aria-selected=\"false\" data-tab=\"12\" role=\"tab\" tabindex=\"-1\" aria-controls=\"elementor-tab-content-21312\" aria-expanded=\"false\">DUGAST Katarina<\/div>\n\t\t\t\t\t\t\t\t\t<div id=\"elementor-tab-title-21313\" class=\"elementor-tab-title elementor-tab-desktop-title\" aria-selected=\"false\" data-tab=\"13\" role=\"tab\" tabindex=\"-1\" aria-controls=\"elementor-tab-content-21313\" aria-expanded=\"false\">DURAND Doroth\u00e9e<\/div>\n\t\t\t\t\t\t\t\t\t<div id=\"elementor-tab-title-21314\" class=\"elementor-tab-title elementor-tab-desktop-title\" aria-selected=\"false\" data-tab=\"14\" role=\"tab\" tabindex=\"-1\" aria-controls=\"elementor-tab-content-21314\" aria-expanded=\"false\">ESCALLE Virginie<\/div>\n\t\t\t\t\t\t\t\t\t<div id=\"elementor-tab-title-21315\" class=\"elementor-tab-title elementor-tab-desktop-title\" aria-selected=\"false\" data-tab=\"15\" role=\"tab\" tabindex=\"-1\" aria-controls=\"elementor-tab-content-21315\" aria-expanded=\"false\">GERVASONI Val\u00e9rie<\/div>\n\t\t\t\t\t\t\t\t\t<div id=\"elementor-tab-title-21316\" class=\"elementor-tab-title elementor-tab-desktop-title\" aria-selected=\"false\" data-tab=\"16\" role=\"tab\" tabindex=\"-1\" aria-controls=\"elementor-tab-content-21316\" aria-expanded=\"false\">GRAPPE L\u00e9a<\/div>\n\t\t\t\t\t\t\t\t\t<div id=\"elementor-tab-title-21317\" class=\"elementor-tab-title elementor-tab-desktop-title\" aria-selected=\"false\" data-tab=\"17\" role=\"tab\" tabindex=\"-1\" aria-controls=\"elementor-tab-content-21317\" aria-expanded=\"false\">IMBERT Gilles<\/div>\n\t\t\t\t\t\t\t\t\t<div id=\"elementor-tab-title-21318\" class=\"elementor-tab-title elementor-tab-desktop-title\" aria-selected=\"false\" data-tab=\"18\" role=\"tab\" tabindex=\"-1\" aria-controls=\"elementor-tab-content-21318\" aria-expanded=\"false\">KUNEJ S\u00e9bastien<\/div>\n\t\t\t\t\t\t\t\t\t<div id=\"elementor-tab-title-21319\" class=\"elementor-tab-title elementor-tab-desktop-title\" aria-selected=\"false\" data-tab=\"19\" role=\"tab\" tabindex=\"-1\" aria-controls=\"elementor-tab-content-21319\" aria-expanded=\"false\">LABBAYE Serge<\/div>\n\t\t\t\t\t\t\t\t\t<div id=\"elementor-tab-title-21320\" class=\"elementor-tab-title elementor-tab-desktop-title\" aria-selected=\"false\" data-tab=\"20\" role=\"tab\" tabindex=\"-1\" aria-controls=\"elementor-tab-content-21320\" aria-expanded=\"false\">LEBRUN Cyril<\/div>\n\t\t\t\t\t\t\t\t\t<div id=\"elementor-tab-title-21321\" class=\"elementor-tab-title elementor-tab-desktop-title\" aria-selected=\"false\" data-tab=\"21\" role=\"tab\" tabindex=\"-1\" aria-controls=\"elementor-tab-content-21321\" aria-expanded=\"false\">LE MAITRE Isabelle<\/div>\n\t\t\t\t\t\t\t\t\t<div id=\"elementor-tab-title-21322\" class=\"elementor-tab-title elementor-tab-desktop-title\" aria-selected=\"false\" data-tab=\"22\" role=\"tab\" tabindex=\"-1\" aria-controls=\"elementor-tab-content-21322\" aria-expanded=\"false\">LIRET M\u00e9lissa<\/div>\n\t\t\t\t\t\t\t\t\t<div id=\"elementor-tab-title-21323\" class=\"elementor-tab-title elementor-tab-desktop-title\" aria-selected=\"false\" data-tab=\"23\" role=\"tab\" tabindex=\"-1\" aria-controls=\"elementor-tab-content-21323\" aria-expanded=\"false\">LUTHIER Isabelle<\/div>\n\t\t\t\t\t\t\t\t\t<div id=\"elementor-tab-title-21324\" class=\"elementor-tab-title elementor-tab-desktop-title\" aria-selected=\"false\" data-tab=\"24\" role=\"tab\" tabindex=\"-1\" aria-controls=\"elementor-tab-content-21324\" aria-expanded=\"false\">MANZELLA Sophie<\/div>\n\t\t\t\t\t\t\t\t\t<div id=\"elementor-tab-title-21325\" class=\"elementor-tab-title elementor-tab-desktop-title\" aria-selected=\"false\" data-tab=\"25\" role=\"tab\" tabindex=\"-1\" aria-controls=\"elementor-tab-content-21325\" aria-expanded=\"false\">MASSON Florentine<\/div>\n\t\t\t\t\t\t\t\t\t<div id=\"elementor-tab-title-21326\" class=\"elementor-tab-title elementor-tab-desktop-title\" aria-selected=\"false\" data-tab=\"26\" role=\"tab\" tabindex=\"-1\" aria-controls=\"elementor-tab-content-21326\" aria-expanded=\"false\">MAYOL Carine<\/div>\n\t\t\t\t\t\t\t\t\t<div id=\"elementor-tab-title-21327\" class=\"elementor-tab-title elementor-tab-desktop-title\" aria-selected=\"false\" data-tab=\"27\" role=\"tab\" tabindex=\"-1\" aria-controls=\"elementor-tab-content-21327\" aria-expanded=\"false\">MICHEL David<\/div>\n\t\t\t\t\t\t\t\t\t<div id=\"elementor-tab-title-21328\" class=\"elementor-tab-title elementor-tab-desktop-title\" aria-selected=\"false\" data-tab=\"28\" role=\"tab\" tabindex=\"-1\" aria-controls=\"elementor-tab-content-21328\" aria-expanded=\"false\">NALLET Laura<\/div>\n\t\t\t\t\t\t\t\t\t<div id=\"elementor-tab-title-21329\" class=\"elementor-tab-title elementor-tab-desktop-title\" aria-selected=\"false\" data-tab=\"29\" role=\"tab\" tabindex=\"-1\" aria-controls=\"elementor-tab-content-21329\" aria-expanded=\"false\">PEYTOUR Isabelle<\/div>\n\t\t\t\t\t\t\t\t\t<div id=\"elementor-tab-title-21330\" class=\"elementor-tab-title elementor-tab-desktop-title\" aria-selected=\"false\" data-tab=\"30\" role=\"tab\" tabindex=\"-1\" aria-controls=\"elementor-tab-content-21330\" aria-expanded=\"false\">PINARDON Perrine<\/div>\n\t\t\t\t\t\t\t\t\t<div id=\"elementor-tab-title-21331\" class=\"elementor-tab-title elementor-tab-desktop-title\" aria-selected=\"false\" data-tab=\"31\" role=\"tab\" tabindex=\"-1\" aria-controls=\"elementor-tab-content-21331\" aria-expanded=\"false\">PLUMERIA Lucie<\/div>\n\t\t\t\t\t\t\t\t\t<div id=\"elementor-tab-title-21332\" class=\"elementor-tab-title elementor-tab-desktop-title\" aria-selected=\"false\" data-tab=\"32\" role=\"tab\" tabindex=\"-1\" aria-controls=\"elementor-tab-content-21332\" aria-expanded=\"false\">RENAUD Lucille<\/div>\n\t\t\t\t\t\t\t\t\t<div id=\"elementor-tab-title-21333\" class=\"elementor-tab-title elementor-tab-desktop-title\" aria-selected=\"false\" data-tab=\"33\" role=\"tab\" tabindex=\"-1\" aria-controls=\"elementor-tab-content-21333\" aria-expanded=\"false\">ROSSAT Christophe<\/div>\n\t\t\t\t\t\t\t\t\t<div id=\"elementor-tab-title-21334\" class=\"elementor-tab-title elementor-tab-desktop-title\" aria-selected=\"false\" data-tab=\"34\" role=\"tab\" tabindex=\"-1\" aria-controls=\"elementor-tab-content-21334\" aria-expanded=\"false\">RUER Marie<\/div>\n\t\t\t\t\t\t\t\t\t<div id=\"elementor-tab-title-21335\" class=\"elementor-tab-title elementor-tab-desktop-title\" aria-selected=\"false\" data-tab=\"35\" role=\"tab\" tabindex=\"-1\" aria-controls=\"elementor-tab-content-21335\" aria-expanded=\"false\">SACHET Emilie<\/div>\n\t\t\t\t\t\t\t\t\t<div id=\"elementor-tab-title-21336\" class=\"elementor-tab-title elementor-tab-desktop-title\" aria-selected=\"false\" data-tab=\"36\" role=\"tab\" tabindex=\"-1\" aria-controls=\"elementor-tab-content-21336\" aria-expanded=\"false\">TERRIER V\u00e9ronique<\/div>\n\t\t\t\t\t\t\t\t\t<div id=\"elementor-tab-title-21337\" class=\"elementor-tab-title elementor-tab-desktop-title\" aria-selected=\"false\" data-tab=\"37\" role=\"tab\" tabindex=\"-1\" aria-controls=\"elementor-tab-content-21337\" aria-expanded=\"false\">WAUMANS V\u00e9ronique<\/div>\n\t\t\t\t\t\t\t\t\t<div id=\"elementor-tab-title-21338\" class=\"elementor-tab-title elementor-tab-desktop-title\" aria-selected=\"false\" data-tab=\"38\" role=\"tab\" tabindex=\"-1\" aria-controls=\"elementor-tab-content-21338\" aria-expanded=\"false\">WAVRANT Laur\u00e8ne<\/div>\n\t\t\t\t\t\t\t\t\t<div id=\"elementor-tab-title-21339\" class=\"elementor-tab-title elementor-tab-desktop-title\" aria-selected=\"false\" data-tab=\"39\" role=\"tab\" tabindex=\"-1\" aria-controls=\"elementor-tab-content-21339\" aria-expanded=\"false\">WURSTEN Karine<\/div>\n\t\t\t\t\t\t\t<\/div>\n\t\t\t<div class=\"elementor-tabs-content-wrapper\" role=\"tablist\" aria-orientation=\"vertical\">\n\t\t\t\t\t\t\t\t\t<div class=\"elementor-tab-title elementor-tab-mobile-title\" aria-selected=\"true\" data-tab=\"1\" role=\"tab\" tabindex=\"0\" aria-controls=\"elementor-tab-content-2131\" aria-expanded=\"false\">ANTHEAUME Valentine<\/div>\n\t\t\t\t\t<div id=\"elementor-tab-content-2131\" class=\"elementor-tab-content elementor-clearfix\" data-tab=\"1\" role=\"tabpanel\" aria-labelledby=\"elementor-tab-title-2131\" tabindex=\"0\" hidden=\"false\"><p><img fetchpriority=\"high\" decoding=\"async\" class=\"alignnone size-medium wp-image-3001\" src=\"http:\/\/www.samie38.fr\/wp-content\/uploads\/2024\/07\/DSC7742-199x300.jpeg\" alt=\"\" width=\"199\" height=\"300\" \/><\/p><p>Je m\u2019appelle Valentine, Kimani de mon nom de femme m\u00e9decine.<br \/><br \/>Je suis chamane praticienne, form\u00e9e au traditionnel chamanisme am\u00e9rindien et aux cercles de Femmes.<\/p><p>Je propose aux hommes et aux femmes des soins chamaniques, des cercles de tambours et des voyages guid\u00e9s au son du Tambour M\u00e9decine.<\/p><p>Le soin chamanique permet de travailler sur de nombreuses th\u00e9matiques :<\/p><p>Reconnexion \u00e0 Soi \/ aux Anc\u00eatres, Trouver sa place \/ son \u00e9quilibre, Lib\u00e9ration karmique, Fragments d\u2019\u00e2mes, Accueillir le changement \/ l\u2019arriv\u00e9e d\u2019un enfant, Deuil, lib\u00e9rations des pulsions, Nettoyage des Traumas \/ du Transg\u00e9n\u00e9rationnel, Harmonisation et Nettoyage des Lieux, Passage d\u2019\u00e2mes.<\/p><p>Ces soins sont propos\u00e9s en Is\u00e8re et en Bourgogne : dans mon espace de pratique \u00e0 Grenoble, \u00e0 domicile, en for\u00eat, \u00e0 distance<\/p><p>https:\/\/www.kimanichamaneartisane.com\/<\/p><p>https:\/\/www.facebook.com\/Kimani.chamane\/<\/p><p>https:\/\/www.instagram.com\/kimani.chamaneartisane\/<\/p><\/div>\n\t\t\t\t\t\t\t\t\t<div class=\"elementor-tab-title elementor-tab-mobile-title\" aria-selected=\"false\" data-tab=\"2\" role=\"tab\" tabindex=\"-1\" aria-controls=\"elementor-tab-content-2132\" aria-expanded=\"false\">BARON Aur\u00e9lie<\/div>\n\t\t\t\t\t<div id=\"elementor-tab-content-2132\" class=\"elementor-tab-content elementor-clearfix\" data-tab=\"2\" role=\"tabpanel\" aria-labelledby=\"elementor-tab-title-2132\" tabindex=\"0\" hidden=\"hidden\"><div><img decoding=\"async\" class=\"alignnone size-medium wp-image-4081\" src=\"http:\/\/www.samie38.fr\/wp-content\/uploads\/2024\/09\/Aurelie-Baron-Web-par-Aline-Ruze-46-223x300.jpg\" alt=\"\" width=\"223\" height=\"300\" \/> <img decoding=\"async\" class=\"alignnone size-medium wp-image-4082\" src=\"http:\/\/www.samie38.fr\/wp-content\/uploads\/2024\/09\/logo-AURELIE-BARON-300x220.jpeg\" alt=\"\" width=\"300\" height=\"220\" \/><\/div><div>Je suis Aur\u00e9lie de Kheya Zuzeca et je propose des pratiques chamaniques de goupes et des s\u00e9ances individuelles. Praticienne form\u00e9e aupr\u00e8s de plusieurs chamanes, je pratique depuis plus de 10 ans avec les outils du chant m\u00e9decine, du tambour et de l&rsquo;hypnose chamanique. J&rsquo;accompagne des groupes mixtes sur des c\u00e9rm\u00e9onies de la hutte de sudation d&rsquo;inspiration Sioux et des c\u00e9r\u00e9monies cacao, et des groupes de femmes autour de l&rsquo;enseignement des 13 M\u00e8res Originelles sur la M\u00e9decine de la Femme. Je suis form\u00e9e en hypnose spirituelle th\u00e9rapeutique aupr\u00e8s de l&rsquo;Institut International d&rsquo;Hypnose Spirituelle et propose des s\u00e9ances individuelles en soin chamanique ou en hypnose r\u00e9gressive. J&rsquo;anime \u00e9galement des conf\u00e9rences sur les th\u00e8mes du chamanisme contemporain, de la transe, de la question des r\u00e9alit\u00e9s.<br \/><br \/>Site internet :\u00a0<a href=\"http:\/\/kheya-zuzeca.com\/\" target=\"_blank\" rel=\"noopener noreferrer\">kheya-zuzeca.com<\/a><\/div><div>R\u00e9seaux sociaux : FB\u00a0<a href=\"https:\/\/www.facebook.com\/odanslalune\" target=\"_blank\" rel=\"noopener noreferrer\">https:\/\/www.facebook.com\/odanslalune<\/a>\u00a0; Instagram\u00a0<a href=\"https:\/\/www.instagram.com\/kheyazuzeca\/\" target=\"_blank\" rel=\"noopener noreferrer\">https:\/\/www.instagram.com\/kheyazuzeca\/<\/a>\u00a0;<\/div><div>Telegram\u00a0@kheyazuzeca<\/div><\/div>\n\t\t\t\t\t\t\t\t\t<div class=\"elementor-tab-title elementor-tab-mobile-title\" aria-selected=\"false\" data-tab=\"3\" role=\"tab\" tabindex=\"-1\" aria-controls=\"elementor-tab-content-2133\" aria-expanded=\"false\">BLACHIER Amandine<\/div>\n\t\t\t\t\t<div id=\"elementor-tab-content-2133\" class=\"elementor-tab-content elementor-clearfix\" data-tab=\"3\" role=\"tabpanel\" aria-labelledby=\"elementor-tab-title-2133\" tabindex=\"0\" hidden=\"hidden\"><p><img loading=\"lazy\" decoding=\"async\" class=\"alignnone size-medium wp-image-2995\" src=\"http:\/\/www.samie38.fr\/wp-content\/uploads\/2024\/07\/IMG-20240520-WA0008-300x218.jpg\" alt=\"\" width=\"300\" height=\"218\" \/> <img loading=\"lazy\" decoding=\"async\" class=\"alignnone size-medium wp-image-2996\" src=\"http:\/\/www.samie38.fr\/wp-content\/uploads\/2024\/07\/IMG-20230914-WA0015-300x199.jpg\" alt=\"\" width=\"300\" height=\"199\" \/> <a href=\"http:\/\/www.samie38.fr\/wp-content\/uploads\/2024\/09\/Savoirs-du-coeur.jpg\"><img loading=\"lazy\" decoding=\"async\" class=\"alignnone size-medium wp-image-4147\" src=\"http:\/\/www.samie38.fr\/wp-content\/uploads\/2024\/09\/Savoirs-du-coeur-243x300.jpg\" alt=\"\" width=\"243\" height=\"300\" \/><\/a><\/p><p>Bonjour,<\/p><p>Je suis Amandine Blachier, infirmi\u00e8re depuis 15 ans, praticienne en acupuncture Vietnamienne depuis 10 ans, j&rsquo;ai valid\u00e9 ma pratique au Vietnam. Voyageuse dans l&rsquo;\u00e2me \u00e0 travers diff\u00e9rents continents \u00e0 la d\u00e9couverte de la richesse des diff\u00e9rentes cultures, port\u00e9e par une valeur de partage.<\/p><p>Vice-pr\u00e9sidente de l&rsquo;association \u00ab\u00a0les Savoirs du C\u0153ur\u00a0\u00bb, association qui organise diff\u00e9rents ateliers, des conf\u00e9rences, des s\u00e9minaires en France et \u00e0 l&rsquo;\u00e9tranger. Temps d&rsquo; \u00e9change sur des sujets d&rsquo;actualit\u00e9s, de spiritualit\u00e9. Diff\u00e9rents professionnels sont amen\u00e9s \u00e0 intervenir au sein de l&rsquo;association comme sophrologue, praticien en m\u00e9decine holistique, coach de vie\u2026<\/p><p>Nous avons un magnifique domaine avec 4ha de nature o\u00f9 nous proposons des s\u00e9jours de ressourcement, des th\u00e9rapies de couple, familiale et individuelle.<\/p><p>Et nous proposons la location de diff\u00e9rents espaces.<\/p><p>Dans cette association nous vous proposons de partir en voyage int\u00e9rieur afin de vous conna\u00eetre diff\u00e9remment et d&rsquo;ouvrir un autre regard sur vous m\u00eame.<\/p><p>https:\/\/www.facebook.com\/profile.php?id=100063791242909<\/p><\/div>\n\t\t\t\t\t\t\t\t\t<div class=\"elementor-tab-title elementor-tab-mobile-title\" aria-selected=\"false\" data-tab=\"4\" role=\"tab\" tabindex=\"-1\" aria-controls=\"elementor-tab-content-2134\" aria-expanded=\"false\">CANTELOUP Frederique<\/div>\n\t\t\t\t\t<div id=\"elementor-tab-content-2134\" class=\"elementor-tab-content elementor-clearfix\" data-tab=\"4\" role=\"tabpanel\" aria-labelledby=\"elementor-tab-title-2134\" tabindex=\"0\" hidden=\"hidden\"><p><img loading=\"lazy\" decoding=\"async\" class=\"alignnone size-medium wp-image-3158\" src=\"http:\/\/www.samie38.fr\/wp-content\/uploads\/2024\/07\/20240521_1420561-225x300.png\" alt=\"\" width=\"225\" height=\"300\" \/> <img loading=\"lazy\" decoding=\"async\" class=\"alignnone size-medium wp-image-3159\" src=\"http:\/\/www.samie38.fr\/wp-content\/uploads\/2024\/07\/240110_Bambinospa_LOGO_fond-vert-300x174.png\" alt=\"\" width=\"300\" height=\"174\" \/><\/p><p>Bambinospa<br \/><br \/>Bien-\u00eatre du B\u00e9b\u00e9 et de l&rsquo;Enfant de la naissance \u00e0 12 ans<\/p><p>Bain envelopp\u00e9 : apprenez \u00e0 donner un bain rassurant \u00e0 votre b\u00e9b\u00e9<br \/><br \/>Hydroth\u00e9rapie : bienfaits de l&rsquo;eau dans un jacuzzi adapt\u00e9 sp\u00e9cialement au b\u00e9b\u00e9<br \/><br \/>Atelier Massage B\u00e9b\u00e9 : apprenez \u00e0 masser votre b\u00e9b\u00e9<br \/><br \/>Massage bien-\u00eatre de l&rsquo;enfant<br \/><br \/>Relaxation Ludique : d\u00e9tente de l&rsquo;enfant par le jeu<br \/><br \/>Sophrologie<\/p><p>59 place de la Croix de la Vue 38560 Jarrie \u2013 06 29 42 00 67 \u2013 bambinospa.fr<\/p><p>https:\/\/www.bambinospa.fr\/<\/p><p>https:\/\/www.facebook.com\/profile.php?id=61555690989995<\/p><p>https:\/\/qrco.de\/bcFoyE<\/p><\/div>\n\t\t\t\t\t\t\t\t\t<div class=\"elementor-tab-title elementor-tab-mobile-title\" aria-selected=\"false\" data-tab=\"5\" role=\"tab\" tabindex=\"-1\" aria-controls=\"elementor-tab-content-2135\" aria-expanded=\"false\">CAYLA Marion<\/div>\n\t\t\t\t\t<div id=\"elementor-tab-content-2135\" class=\"elementor-tab-content elementor-clearfix\" data-tab=\"5\" role=\"tabpanel\" aria-labelledby=\"elementor-tab-title-2135\" tabindex=\"0\" hidden=\"hidden\"><\/div>\n\t\t\t\t\t\t\t\t\t<div class=\"elementor-tab-title elementor-tab-mobile-title\" aria-selected=\"false\" data-tab=\"6\" role=\"tab\" tabindex=\"-1\" aria-controls=\"elementor-tab-content-2136\" aria-expanded=\"false\">CHARPON Sandra<\/div>\n\t\t\t\t\t<div id=\"elementor-tab-content-2136\" class=\"elementor-tab-content elementor-clearfix\" data-tab=\"6\" role=\"tabpanel\" aria-labelledby=\"elementor-tab-title-2136\" tabindex=\"0\" hidden=\"hidden\"><div dir=\"ltr\"><a href=\"http:\/\/www.samie38.fr\/wp-content\/uploads\/2024\/09\/CHARPON-1.jpg\"><img loading=\"lazy\" decoding=\"async\" class=\"alignnone size-medium wp-image-4140\" src=\"http:\/\/www.samie38.fr\/wp-content\/uploads\/2024\/09\/CHARPON-1-187x300.jpg\" alt=\"\" width=\"187\" height=\"300\" \/><\/a> <a href=\"http:\/\/www.samie38.fr\/wp-content\/uploads\/2024\/09\/CHARPON-2.jpg\"><img loading=\"lazy\" decoding=\"async\" class=\"alignnone size-medium wp-image-4141\" src=\"http:\/\/www.samie38.fr\/wp-content\/uploads\/2024\/09\/CHARPON-2-271x300.jpg\" alt=\"\" width=\"271\" height=\"300\" \/><\/a><\/div><div dir=\"ltr\">Dans le cadre de ma pratique, je propose diff\u00e9rents soins\u00a0<b>\u00e9nerg\u00e9tiques<\/b>\u00a0(LaHoChi, magn\u00e9tisme),\u00a0<b>\u00e9motionnels<\/b>\u00a0(lib\u00e9ration des m\u00e9moires cellulaires, guidances personnalis\u00e9es),\u00a0<b>sonores<\/b>\u00a0(relaxations sonores, massages aux bols chantants) mais aussi\u00a0<b>des massages<\/b>\u00a0invitant \u00e0 la d\u00e9tente du corps et de l&rsquo;esprit (m\u00e9tamorphique, cr\u00e2nien, maracas, quartz rose).<\/div><div dir=\"ltr\">\u00a0<\/div><div dir=\"ltr\">Mes pratiques sont r\u00e9serv\u00e9es exclusivement aux femmes.<\/div><\/div>\n\t\t\t\t\t\t\t\t\t<div class=\"elementor-tab-title elementor-tab-mobile-title\" aria-selected=\"false\" data-tab=\"7\" role=\"tab\" tabindex=\"-1\" aria-controls=\"elementor-tab-content-2137\" aria-expanded=\"false\">CIPPONE Caroline & Anne Scholler<\/div>\n\t\t\t\t\t<div id=\"elementor-tab-content-2137\" class=\"elementor-tab-content elementor-clearfix\" data-tab=\"7\" role=\"tabpanel\" aria-labelledby=\"elementor-tab-title-2137\" tabindex=\"0\" hidden=\"hidden\"><p><img loading=\"lazy\" decoding=\"async\" class=\"size-medium wp-image-3006 alignleft\" src=\"http:\/\/www.samie38.fr\/wp-content\/uploads\/2024\/07\/photo-Anne-251x300.png\" alt=\"\" width=\"251\" height=\"300\" \/><\/p><p>Bonjour,<\/p><p>Je suis Anne Scholler, grayloise.<br \/><br \/>J\u2019ai exerc\u00e9 le m\u00e9tier de P\u00e9dicure Podologue pendant 32 ans en lib\u00e9ral.<br \/><br \/>Depuis 2017, je me suis form\u00e9e \u00e0 la M\u00e9thode Demelt, certifi\u00e9e en 2019 et formatrice de cette M\u00e9thode depuis septembre 2023.<br \/><br \/>\u00a0La M\u00e9thode Demelt \u00e0 \u00e9t\u00e9 cr\u00e9\u00e9e\u00a0 en 1996 par Jean-Michel Demelt , kin\u00e9sith\u00e9rapeute en Alsace. Cette th\u00e9rapie manuelle somato-\u00e9motionnelle a pour but de lib\u00e9rer les tensions et d\u2019\u00e9quilibrer le syst\u00e8me nerveux neuro-v\u00e9g\u00e9tatif.<br \/><br \/>Les r\u00e9sultats performants dans l\u2019efficacit\u00e9 \u00e0 long terme \u00a0sont d\u00fbs \u00e0 un travail simultan\u00e9 sur 4 niveaux\u00a0: physique\u00a0; neurov\u00e9g\u00e9tatif\u00a0; emotionnel et mental.<br \/><br \/>Ces diff\u00e9rents niveaux de travail permettent de traiter les sympt\u00f4mes et de trouver les causes profondes des pathologies de nos consultants.<\/p><p>https:\/\/www.demelt.com\/fr\/methode\/presentation.html<\/p><p>https:\/\/www.facebook.com\/anne.scholler.5\/<\/p><hr \/><p><img loading=\"lazy\" decoding=\"async\" class=\"size-medium wp-image-3007 alignleft\" src=\"http:\/\/www.samie38.fr\/wp-content\/uploads\/2024\/07\/photo-caroline-cippone-214x300.png\" alt=\"\" width=\"214\" height=\"300\" \/><\/p><p>Je suis Caroline Cippone, grenobloise, Naturopathe et Praticienne en techniques manuelles chinoises et en th\u00e9rapie Somato-Emotionnelle, form\u00e9e par Anne Scholler et Jean-Michel Demelt \u00e0 la M\u00e9thode Demelt. J&rsquo;ai h\u00e2te de vous faire d\u00e9couvrir cette merveilleuse m\u00e9thode qui m&rsquo;a conquis d\u00e8s le premier s\u00e9minaire de formation. Au plaisir de vous faire d\u00e9couvrir la m\u00e9thode\u00a0!<\/p><p>\u00a0<\/p><p>\u00a0<\/p><p>\u00a0<\/p><p>https:\/\/carolinecippone.wixsite.com\/accueil\/massagetuina<\/p><\/div>\n\t\t\t\t\t\t\t\t\t<div class=\"elementor-tab-title elementor-tab-mobile-title\" aria-selected=\"false\" data-tab=\"8\" role=\"tab\" tabindex=\"-1\" aria-controls=\"elementor-tab-content-2138\" aria-expanded=\"false\">COROMINAS Aurore<\/div>\n\t\t\t\t\t<div id=\"elementor-tab-content-2138\" class=\"elementor-tab-content elementor-clearfix\" data-tab=\"8\" role=\"tabpanel\" aria-labelledby=\"elementor-tab-title-2138\" tabindex=\"0\" hidden=\"hidden\"><div class=\"elementor-element elementor-element-1f7ba2f elementor-widget elementor-widget-text-editor\" data-id=\"1f7ba2f\" data-element_type=\"widget\" data-widget_type=\"text-editor.default\"><div class=\"elementor-widget-container\"><p>Th\u00e9rapeute holistique form\u00e9e a diff\u00e9rentes m\u00e9thodes depuis 15 ans, je vous accompagne dans votre parcours de d\u00e9veloppement personnel gr\u00e2ce \u00e0 ma mallette d\u2019outils th\u00e9rapeutiques vers une lib\u00e9ration psycho-\u00e9motionnelle et corporelle.\u00a0<\/p><\/div><\/div><div class=\"elementor-element elementor-element-fc6b7cf elementor-widget elementor-widget-toggle\" data-id=\"fc6b7cf\" data-element_type=\"widget\" data-widget_type=\"toggle.default\"><div class=\"elementor-widget-container\"><div class=\"elementor-toggle\"><div class=\"elementor-toggle-item\"><div id=\"elementor-tab-content-2641\" class=\"elementor-tab-content elementor-clearfix elementor-active\" role=\"region\" data-tab=\"1\" aria-labelledby=\"elementor-tab-title-2641\"><p>Guid\u00e9e par les \u00e9nergies, les couleurs et les odeurs, je vous propose des soins adapt\u00e9s \u00e0 vos besoins par l\u2019art-th\u00e9rapie, l\u2019olfactoth\u00e9rapie, ou les soins \u00e9nerg\u00e9tiques. Accompagnement personnalis\u00e9 sur tout type de probl\u00e9matique.<\/p><\/div><\/div><\/div><\/div><\/div><\/div>\n\t\t\t\t\t\t\t\t\t<div class=\"elementor-tab-title elementor-tab-mobile-title\" aria-selected=\"false\" data-tab=\"9\" role=\"tab\" tabindex=\"-1\" aria-controls=\"elementor-tab-content-2139\" aria-expanded=\"false\">DAVID Laurence<\/div>\n\t\t\t\t\t<div id=\"elementor-tab-content-2139\" class=\"elementor-tab-content elementor-clearfix\" data-tab=\"9\" role=\"tabpanel\" aria-labelledby=\"elementor-tab-title-2139\" tabindex=\"0\" hidden=\"hidden\"><p><img loading=\"lazy\" decoding=\"async\" class=\"size-medium wp-image-3035 alignleft\" src=\"http:\/\/www.samie38.fr\/wp-content\/uploads\/2024\/07\/IMG_20240402_185631_056-300x300.webp\" alt=\"\" width=\"300\" height=\"300\" srcset=\"https:\/\/www.samie38.fr\/wp-content\/uploads\/2024\/07\/IMG_20240402_185631_056-300x300.webp 300w, https:\/\/www.samie38.fr\/wp-content\/uploads\/2024\/07\/IMG_20240402_185631_056-1024x1024.webp 1024w, https:\/\/www.samie38.fr\/wp-content\/uploads\/2024\/07\/IMG_20240402_185631_056-150x150.webp 150w, https:\/\/www.samie38.fr\/wp-content\/uploads\/2024\/07\/IMG_20240402_185631_056-768x768.webp 768w, https:\/\/www.samie38.fr\/wp-content\/uploads\/2024\/07\/IMG_20240402_185631_056.webp 1190w\" sizes=\"(max-width: 300px) 100vw, 300px\" \/> <img loading=\"lazy\" decoding=\"async\" class=\"size-medium wp-image-3036 alignnone\" src=\"http:\/\/www.samie38.fr\/wp-content\/uploads\/2024\/07\/carte-verte-salon-jardin-des-therapeutes-300x232.jpg\" alt=\"\" width=\"300\" height=\"232\" \/><\/p><p>\u00a0<\/p><p>\u00a0<\/p><p>*Pour tous ceux qui souhaitent faire circuler et \u00e9lever l&rsquo;Energie Vitale de leur Habitat et de soi-m\u00eame !<\/p><p>*Pour tous ceux qui veulent d\u00e9bloquer, avancer et transformer un domaine de vie !<\/p><p>*Pour tous ceux qui d\u00e9sirent dynamiser leur espace de vie personnelle ou professionnelle !<\/p><p>Je vous propose mon expertise (diagnostic, nettoyage, conseils) personnalis\u00e9e et individualis\u00e9e en G\u00e9obiologie et Feng Shui Tib\u00e9tain de l&rsquo;Habitat et de la Personne.<\/p><p>Mon accompagnement collaboratif vous donnera les cl\u00e9s pour agir en toute autonomie sur votre habitat, vous-m\u00eame et votre environnement proche.<\/p><p>Un mieux-\u00eatre pour un bien-\u00eatre durable CHEZ Soi et EN Soi qui transforme votre vie de mani\u00e8re g\u00e9n\u00e9rale et remarquable.<\/p><\/div>\n\t\t\t\t\t\t\t\t\t<div class=\"elementor-tab-title elementor-tab-mobile-title\" aria-selected=\"false\" data-tab=\"10\" role=\"tab\" tabindex=\"-1\" aria-controls=\"elementor-tab-content-21310\" aria-expanded=\"false\">DELANSSAY Julien<\/div>\n\t\t\t\t\t<div id=\"elementor-tab-content-21310\" class=\"elementor-tab-content elementor-clearfix\" data-tab=\"10\" role=\"tabpanel\" aria-labelledby=\"elementor-tab-title-21310\" tabindex=\"0\" hidden=\"hidden\"><p><img loading=\"lazy\" decoding=\"async\" class=\"alignnone size-medium wp-image-1576\" src=\"http:\/\/www.samie38.fr\/wp-content\/uploads\/2024\/02\/astrologie-julien-delanssays-1-300x200.jpg\" alt=\"\" width=\"300\" height=\"200\" \/><\/p><p>Astrologue depuis plus de vingt ans, j\u2019ai \u00e0 c\u0153ur de traduire le langage des astres et leurs messages avec bienveillance, humilit\u00e9 et honn\u00eatet\u00e9. Mon approche int\u00e8gre la connaissance des cycles plan\u00e9taires et les r\u00e9sonances du karma, dans le but de replacer chacun dans un chemin d\u2019am\u00e9lioration constant afin qu\u2019il puisse donner le meilleur de lui-m\u00eame. En tant qu\u2019Artiste et Art-Th\u00e9rapeute, j\u2019utilise l\u2019\u00e9nergie des \u0153uvres d\u2019art, des couleurs et des ic\u00f4nes \u00e9nerg\u00e9tiques pour r\u00e9veiller les forces d\u2019harmonisation.<\/p><p>http:\/\/www.juliendelanssays.com<\/p><\/div>\n\t\t\t\t\t\t\t\t\t<div class=\"elementor-tab-title elementor-tab-mobile-title\" aria-selected=\"false\" data-tab=\"11\" role=\"tab\" tabindex=\"-1\" aria-controls=\"elementor-tab-content-21311\" aria-expanded=\"false\">DELICOURT Elodie<\/div>\n\t\t\t\t\t<div id=\"elementor-tab-content-21311\" class=\"elementor-tab-content elementor-clearfix\" data-tab=\"11\" role=\"tabpanel\" aria-labelledby=\"elementor-tab-title-21311\" tabindex=\"0\" hidden=\"hidden\"><p><img loading=\"lazy\" decoding=\"async\" class=\"size-medium wp-image-1703 alignleft\" src=\"http:\/\/www.samie38.fr\/wp-content\/uploads\/2024\/02\/DELICOURT-Elodie-225x300.jpg\" alt=\"\" width=\"225\" height=\"300\" \/><\/p><p>Elodie Delicourt, apicultrice professionnelle \u00e0 Ch\u00e2tel-en-Tri\u00e8ves (Sud Is\u00e8re) vous propose ses produits de la ruche: gel\u00e9e royale, teinture m\u00e8re de propolis, miel, pains d&rsquo;\u00e9pices, bougies, bonbons au miel.<br \/><br \/>Elle s&rsquo;occupe avec amour de ses 200 colonies, avec des pratiques respectueuses de la sant\u00e9 de l&rsquo;abeille et de l&rsquo;environnement. Elle a \u00e0 c\u0153ur de r\u00e9duire son impact environnemental li\u00e9 \u00e0 la transhumance de ses colonies, elle a donc fait le choix de faire butiner ses abeilles uniquement en Is\u00e8re: dans les montagnes du Tri\u00e8ves et en Nord Is\u00e8re pour le miel de ch\u00e2taignier. Ses ruchers se trouvent dans des zones valid\u00e9es par l&rsquo;organisme de certification bio qui l&rsquo;accompagne.<br \/><br \/>Elle est tr\u00e8s attentive au bien-\u00eatre de ses abeilles, notamment en leur laissant suffisamment de r\u00e9serves de miel pour qu&rsquo;elles passent de bons hivers.<\/p><p>https:\/\/www.instagram.com\/elod_api\/<\/p><p>https:\/\/www.facebook.com\/ed.deli.73<\/p><\/div>\n\t\t\t\t\t\t\t\t\t<div class=\"elementor-tab-title elementor-tab-mobile-title\" aria-selected=\"false\" data-tab=\"12\" role=\"tab\" tabindex=\"-1\" aria-controls=\"elementor-tab-content-21312\" aria-expanded=\"false\">DUGAST Katarina<\/div>\n\t\t\t\t\t<div id=\"elementor-tab-content-21312\" class=\"elementor-tab-content elementor-clearfix\" data-tab=\"12\" role=\"tabpanel\" aria-labelledby=\"elementor-tab-title-21312\" tabindex=\"0\" hidden=\"hidden\"><p><img loading=\"lazy\" decoding=\"async\" class=\"size-medium wp-image-3054 alignleft\" src=\"http:\/\/www.samie38.fr\/wp-content\/uploads\/2024\/07\/Katarina-3-250x300.png\" alt=\"\" width=\"250\" height=\"300\" \/><img loading=\"lazy\" decoding=\"async\" class=\"alignnone size-medium wp-image-3343\" src=\"http:\/\/www.samie38.fr\/wp-content\/uploads\/2024\/07\/carte-de-visite-2024-300x171.png\" alt=\"\" width=\"300\" height=\"171\" \/><\/p><p>\u00a0<\/p><p>\u00a0<\/p><p>\u00a0<\/p><p>\u00a0<\/p><p>J\u2019anime des visites des hauts lieux d\u2019\u00e9nergie dans la r\u00e9gion dans le but de les rendre accessible aux autres. J\u2019identifie des parcours \u00e9nerg\u00e9tiques et leurs effets sur notre sant\u00e9. Je m\u2019int\u00e9resse \u00e0 l\u2019histoire du lieu, au symbolique architecturale et aux l\u00e9gendes qui peuvent r\u00e9v\u00e9ler des messages cach\u00e9s. J\u2019initie des participants au clair ressenti et \u00e0 l\u2019utilisation des baguettes sourciers. Ensemble, nous (re)d\u00e9couvrons des lieux dans toute simplicit\u00e9, avec nos ressentis, sans protocoles ajout\u00e9s.<\/p><p>Comme il y a des lieux qui peuvent nous r\u00e9g\u00e9n\u00e9rer, il y a des endroits qui nous rendent malades. Un r\u00e9\u00e9quilibrage des influences cosmotelluriques, nettoyage de la m\u00e9moire du lieu et des objets charg\u00e9s rendent l\u2019habitat plus sain.<\/p><p>\u00c0 l\u2019image de la Terre, notre corps est parcouru par des r\u00e9seaux, c&rsquo;est ce qu\u2019on appelle la trame. L\u2019objectif de la technique \u00e9nerg\u00e9tique et holistique La Trame est de r\u00e9tablir la circulation harmonieuse de l\u2019information dans notre corps. Le soin cherche \u00e0 lib\u00e9rer le stress, am\u00e9liorer la qualit\u00e9 du sommeil, soulager des douleurs physiques, des troubles digestifs, aider \u00e0 g\u00e9rer la cicatrisation des fractures et nettoyer des impr\u00e9gnations de votre habitat en compl\u00e9ment des corrections g\u00e9obiologiques.<\/p><p>Je suis fascin\u00e9e par la force de notre esprit que j&rsquo;explore gr\u00e2ce au Qi gong. L\u2019objectif de mes s\u00e9ances, parmi tous les effets connus et reconnus sur le corps physique, est de (r\u00e9)apprendre \u00e0 ressentir les \u00e9nergies pour ranimer nos capacit\u00e9s d&rsquo;auto-gu\u00e9rison et d&rsquo;intuition. Ainsi, je cherche \u00e0 comprendre comment utiliser l&rsquo;\u00e9nergie universelle pour am\u00e9liorer notre propre vie, nos relations aux autres ainsi qu&rsquo;\u00e0 soi-m\u00eame.<\/p><p>https:\/\/www.alpinatime.com\/<\/p><p>https:\/\/www.facebook.com\/katarina.laucikova\/<\/p><p><blockquote class=\"wp-embedded-content\" data-secret=\"N3VI4jFhg4\"><a href=\"https:\/\/katdugast.wordpress.com\/\">Accueil<\/a><\/blockquote><iframe class=\"wp-embedded-content\" sandbox=\"allow-scripts\" security=\"restricted\" style=\"position: absolute; clip: rect(1px, 1px, 1px, 1px);\" title=\"&laquo;&nbsp;Accueil&nbsp;&raquo; &#8212; Sur les ailes du bien \u00eatre\" src=\"https:\/\/katdugast.wordpress.com\/embed\/#?secret=SwQmNhlXOI#?secret=N3VI4jFhg4\" data-secret=\"N3VI4jFhg4\" width=\"600\" height=\"338\" frameborder=\"0\" marginwidth=\"0\" marginheight=\"0\" scrolling=\"no\"><\/iframe><\/p><\/div>\n\t\t\t\t\t\t\t\t\t<div class=\"elementor-tab-title elementor-tab-mobile-title\" aria-selected=\"false\" data-tab=\"13\" role=\"tab\" tabindex=\"-1\" aria-controls=\"elementor-tab-content-21313\" aria-expanded=\"false\">DURAND Doroth\u00e9e<\/div>\n\t\t\t\t\t<div id=\"elementor-tab-content-21313\" class=\"elementor-tab-content elementor-clearfix\" data-tab=\"13\" role=\"tabpanel\" aria-labelledby=\"elementor-tab-title-21313\" tabindex=\"0\" hidden=\"hidden\"><p><img loading=\"lazy\" decoding=\"async\" class=\" wp-image-3058 alignleft\" src=\"http:\/\/www.samie38.fr\/wp-content\/uploads\/2024\/07\/Logo-Nom-V3-277x300.jpg\" alt=\"\" width=\"247\" height=\"268\" \/> <img loading=\"lazy\" decoding=\"async\" class=\"size-medium wp-image-3059 alignleft\" src=\"http:\/\/www.samie38.fr\/wp-content\/uploads\/2024\/07\/Photo-profil-300x300.jpg\" alt=\"\" width=\"300\" height=\"300\" \/><\/p><p>\u00a0<\/p><p>\u00a0<\/p><p>\u00a0<\/p><p>\u00a0<\/p><p>\u00a0<\/p><p>\u00a0<\/p><p>\u00a0<\/p><p>\u00a0<\/p><p>Doroth\u00e9e DURAND \u2013 RELAX&rsquo;ACTION<br \/><br \/>Praticienne en th\u00e9rapies br\u00e8ves, j&rsquo;accompagne enfants, ados et adultes sur diverses probl\u00e9matiques : difficult\u00e9s d&rsquo;apprentissages, stress, anxi\u00e9t\u00e9, manque de confiance en soi, troubles du sommeil, ou encore douleurs chroniques, maux de dos, migraines, tensions physiques\u2026<\/p><p>Je vous invite, sur ce salon, \u00e0 faire un focus sur les reflexes archa\u00efques, ces r\u00e9actions automatiques qui peuvent \u00eatre \u00e0 l&rsquo;origine de difficult\u00e9s physiques, \u00e9motionnelles, comportementales, cognitives ou sociales.<br \/><br \/>Quelques exemples :<br \/><br \/>R\u00e9mi adore les bonbons ; il en mange toute la journ\u00e9e et \u00e7a le rend \u00e9nerv\u00e9<br \/><br \/>Marion d\u00e9teste qu&rsquo;on la touche, surtout dans le dos<br \/><br \/>Paul n&rsquo;est jamais assis sur ses 2 fesses ; il coince toujours une de ses jambes sous une fesse<br \/><br \/>L\u00e9a m\u00e9lange syst\u00e9matiquement les b et les p<\/p><p>Un travail d&rsquo;int\u00e9gration de ces r\u00e9flexes est possible \u00e0 tout \u00e2ge afin d&rsquo;en reprendre le contr\u00f4le.<\/p><p>Nous pourrons \u00e9galement \u00e9changer sur les diff\u00e9rentes techniques psycho \u00e9nerg\u00e9tiques et corporelles que je propose : Sophrologie, Hypnose, Emotional Freedom Technique (EFT), R\u00e9flexologie Cranio-Sacr\u00e9e, Braingym, Coh\u00e9rence Cardiaque, Int\u00e9gration des r\u00e9flexes archa\u00efques (Brain Therapy, RMTi et Ouiflex), Do-In.<\/p><p>Soyez acteur de votre bien-\u00eatre !<\/p><p>https:\/\/www.relax-action.fr<\/p><p>https:\/\/www.facebook.com\/RelaxActionGrenoble<\/p><p>https:\/\/www.instagram.com\/relaxactiongrenoble\/<\/p><\/div>\n\t\t\t\t\t\t\t\t\t<div class=\"elementor-tab-title elementor-tab-mobile-title\" aria-selected=\"false\" data-tab=\"14\" role=\"tab\" tabindex=\"-1\" aria-controls=\"elementor-tab-content-21314\" aria-expanded=\"false\">ESCALLE Virginie<\/div>\n\t\t\t\t\t<div id=\"elementor-tab-content-21314\" class=\"elementor-tab-content elementor-clearfix\" data-tab=\"14\" role=\"tabpanel\" aria-labelledby=\"elementor-tab-title-21314\" tabindex=\"0\" hidden=\"hidden\"><p><img loading=\"lazy\" decoding=\"async\" class=\"alignnone size-medium wp-image-3064\" src=\"http:\/\/www.samie38.fr\/wp-content\/uploads\/2024\/07\/DSCF9091-200x300.jpg\" alt=\"\" width=\"200\" height=\"300\" \/> <img loading=\"lazy\" decoding=\"async\" class=\"alignnone size-medium wp-image-3065\" src=\"http:\/\/www.samie38.fr\/wp-content\/uploads\/2024\/07\/page-1-flyer-218x300.png\" alt=\"\" width=\"218\" height=\"300\" \/><\/p><p>Je suis Virginie,<br \/><br \/>Enseignante pendant 20 ans, il me tenait \u00e0 c\u0153ur d\u2019accompagner individuellement, les enfants et leur famille.<br \/><br \/>Je me suis form\u00e9e \u00e0 l\u2019accompagnement des \u00e9motions et la posture du corps dans les apprentissages.<br \/><br \/>Je suis certifi\u00e9e praticienne en hypnose symbolique et arch\u00e9typale, en soins \u00e9nerg\u00e9tiques et en yoga enfant.<\/p><p>Je vous guide dans l\u2019observation de vos propres repr\u00e9sentations inconscientes pour r\u00e9pondre \u00e0 vos besoins de mieux-\u00eatre ou \u00e0 ceux de votre enfant.<br \/><br \/>Je vous aide, ainsi que votre enfant, \u00e0 explorer et d\u00e9velopper vos ressources internes en partageant avec vous les outils puissants de la visualisation symbolique.<\/p><p>Je vous accueille \u00e0 St Martin d\u2019Uriage ou \u00e0 distance pour un accompagnement des b\u00e9b\u00e9s, des enfants, des ados et des adultes.<\/p><p>Praticienne en hypnose symbolique et arch\u00e9typale<br \/><br \/>Communication d\u2019\u00e2me \u00e0 \u00e2me<br \/><br \/>Soins \u00e9nerg\u00e9tiques intuitifs<\/p><p>http:\/\/www.virginie-escalle.com<\/p><p>https:\/\/www.facebook.com\/profile.php?id=100087504248350<\/p><p>https:\/\/www.instagram.com\/virginie_escalle\/<\/p><\/div>\n\t\t\t\t\t\t\t\t\t<div class=\"elementor-tab-title elementor-tab-mobile-title\" aria-selected=\"false\" data-tab=\"15\" role=\"tab\" tabindex=\"-1\" aria-controls=\"elementor-tab-content-21315\" aria-expanded=\"false\">GERVASONI Val\u00e9rie<\/div>\n\t\t\t\t\t<div id=\"elementor-tab-content-21315\" class=\"elementor-tab-content elementor-clearfix\" data-tab=\"15\" role=\"tabpanel\" aria-labelledby=\"elementor-tab-title-21315\" tabindex=\"0\" hidden=\"hidden\"><p><img loading=\"lazy\" decoding=\"async\" class=\"alignnone size-full wp-image-1586\" src=\"http:\/\/www.samie38.fr\/wp-content\/uploads\/2024\/02\/GERVASONI-valerie.png\" alt=\"\" width=\"234\" height=\"258\"> <img loading=\"lazy\" decoding=\"async\" class=\"alignnone size-medium wp-image-1585\" src=\"http:\/\/www.samie38.fr\/wp-content\/uploads\/2024\/02\/GERVASONI-arbre-300x169.png\" alt=\"\" width=\"300\" height=\"169\"><\/p>\n<p>\u2013 Lors d\u2019une s\u00e9ance, je vous accompagne avec le Reiki Usui et Karuna m\u00e9lang\u00e9 avec d\u2019autres pratiques comme le chant des plantes, la voix, des notes olfactives et des pratiques chamaniques.<\/p>\n<p>\u2013 Une Communication Animale peut \u00eatre faite en pr\u00e9sence ou \u00e0 distance sur simple photo.<\/p>\n<p>\u2013 Une communication intuitive avec un enfant permet de mieux le comprendre en particulier quand il n&rsquo;est pas encore dans le langage oral.<\/p>\n<p>\u2013 Une guidance accompagn\u00e9e de mes guides peut vous donner un nouvel \u00e9clairage sur votre vie.<\/p>\n<p>\u2013 J\u2019organise des formations en Reiki Usui et Karuna ainsi qu\u2019en Communication Animale et V\u00e9g\u00e9tale.<\/p>\n<p>http:\/\/valeriegervasoni.com<\/p>\n<p>https:\/\/www.facebook.com\/profile.php?id=100085889790734<\/p><p>Val\u00e9rie Gervasoni Villard de Lans<\/p>\n<p>https:\/\/www.instagram.com\/val.gervasoni\/<\/p><\/div>\n\t\t\t\t\t\t\t\t\t<div class=\"elementor-tab-title elementor-tab-mobile-title\" aria-selected=\"false\" data-tab=\"16\" role=\"tab\" tabindex=\"-1\" aria-controls=\"elementor-tab-content-21316\" aria-expanded=\"false\">GRAPPE L\u00e9a<\/div>\n\t\t\t\t\t<div id=\"elementor-tab-content-21316\" class=\"elementor-tab-content elementor-clearfix\" data-tab=\"16\" role=\"tabpanel\" aria-labelledby=\"elementor-tab-title-21316\" tabindex=\"0\" hidden=\"hidden\"><p><img loading=\"lazy\" decoding=\"async\" class=\"alignnone size-medium wp-image-3070\" src=\"http:\/\/www.samie38.fr\/wp-content\/uploads\/2024\/07\/7aab13fad81932ddddd8e463251e763d.0-225x300.jpg\" alt=\"\" width=\"225\" height=\"300\" \/> <img loading=\"lazy\" decoding=\"async\" class=\"alignnone size-medium wp-image-3071\" src=\"http:\/\/www.samie38.fr\/wp-content\/uploads\/2024\/07\/received_459604163422422-225x300.jpeg\" alt=\"\" width=\"225\" height=\"300\" \/><\/p><p>L&rsquo;ost\u00e9opathie animale a pour but de lib\u00e9rer les blocages articulaires, musculaires, nerveux et visc\u00e9raux afin de r\u00e9\u00e9quilibrer le corps et lui rendre toute sa mobilit\u00e9.<br \/><br \/>Elle s&rsquo;appuie sur l&rsquo;anatomie, la physiologie et la biom\u00e9canique du corps.<br \/><br \/>Je pratique l&rsquo;ost\u00e9opathie sur les chevaux, les chiens, les chats mais aussi sur les lapins et les animaux de la ferme (bovins, ch\u00e8vres, \u2026).<\/p><p>https:\/\/www.leagrappeosteoanimal.fr<\/p><\/div>\n\t\t\t\t\t\t\t\t\t<div class=\"elementor-tab-title elementor-tab-mobile-title\" aria-selected=\"false\" data-tab=\"17\" role=\"tab\" tabindex=\"-1\" aria-controls=\"elementor-tab-content-21317\" aria-expanded=\"false\">IMBERT Gilles<\/div>\n\t\t\t\t\t<div id=\"elementor-tab-content-21317\" class=\"elementor-tab-content elementor-clearfix\" data-tab=\"17\" role=\"tabpanel\" aria-labelledby=\"elementor-tab-title-21317\" tabindex=\"0\" hidden=\"hidden\"><p><img loading=\"lazy\" decoding=\"async\" class=\"alignnone size-medium wp-image-3072\" src=\"http:\/\/www.samie38.fr\/wp-content\/uploads\/2024\/07\/avril-24-pres-231x300.jpg\" alt=\"\" width=\"231\" height=\"300\" \/><\/p><p>J&rsquo;accompagne les gens \u00e0 am\u00e9liorer leur vie, un peu, beaucoup, passionn\u00e9ment ! Je travaille sur les plans mental, physique et \u00e9motionnel :<\/p><p>\u2013 gr\u00e2ce \u00e0 la connaissance de soi : enn\u00e9agramme et spirale dynamique, qui vous indiquent qui vous \u00eates vraiment et vous guident sur les chemins de vie qui vous correspondent.<\/p><p>\u2013 soins \u00e9nerg\u00e9tiques au travers de la polarisation \u00e9nerg\u00e9tique. Il s&rsquo;agit de mieux \u00eatre mental et physique, mais \u00e9galement de soins, comme dans le magn\u00e9tisme dont elle une cousine.<\/p><p>\u2013 massages bien-\u00eatre : des pieds (au bol kansu), du cr\u00e2ne (shirotchampi) et, surtout, du corps (Californien). Ce dernier vous r\u00e9v\u00e8le \u00e0 vous-m\u00eame, vous r\u00e9concilie avec votre corps et unifie corps et esprit.<\/p><p>L&rsquo;accompagnement se fait sous forme de s\u00e9ances individuelles portant sur l&rsquo;une ou l&rsquo;ensemble de ces disciplines (travail holistique), ainsi que sous forme de formations collectives.<\/p><p>www.g-imbert.com<\/p><\/div>\n\t\t\t\t\t\t\t\t\t<div class=\"elementor-tab-title elementor-tab-mobile-title\" aria-selected=\"false\" data-tab=\"18\" role=\"tab\" tabindex=\"-1\" aria-controls=\"elementor-tab-content-21318\" aria-expanded=\"false\">KUNEJ S\u00e9bastien<\/div>\n\t\t\t\t\t<div id=\"elementor-tab-content-21318\" class=\"elementor-tab-content elementor-clearfix\" data-tab=\"18\" role=\"tabpanel\" aria-labelledby=\"elementor-tab-title-21318\" tabindex=\"0\" hidden=\"hidden\"><div><img loading=\"lazy\" decoding=\"async\" class=\"alignnone size-medium wp-image-3197\" src=\"http:\/\/www.samie38.fr\/wp-content\/uploads\/2024\/07\/1331064215009772113-190x300.jpg\" alt=\"\" width=\"190\" height=\"300\" \/><img loading=\"lazy\" decoding=\"async\" class=\"alignnone size-medium wp-image-3196\" src=\"http:\/\/www.samie38.fr\/wp-content\/uploads\/2024\/07\/Logo-1-300x162.jpg\" alt=\"\" width=\"300\" height=\"162\" \/>\u00a0<\/div><div>\u00a0<\/div><div><div>L&rsquo;H\u00eatre \u00e0 CHoeur &#8211; S\u00e9bastien Kunej &#8211; Accompagnement au Changement \u00e0 l&rsquo;aide de l&rsquo;Ecriture Intuitive (Lettre \u00e0 Coeur), des Soins Energ\u00e9tiques (L&rsquo;\u00eatre hacker) et du Coaching (L&rsquo;\u00eatre acteur)\u00a0<\/div><div>\u00a0<\/div><div>Je vous accompagne sur le chemin de l&rsquo;harmonie en respectant votre rythme.<\/div><div>\u00a0<\/div><div>Je propose trois accompagnements compl\u00e9mentaires.<\/div><div>\u00a0<\/div><div>&#8211; L&rsquo;\u00e9criture intuitive : je vous \u00e9cris un texte directement adress\u00e9\u00a0\u00e0 qui vous \u00eates, au plus profond de vous (Lettre \u00e0 Coeur).<\/div><div>\u00a0<\/div><div>&#8211; Les soins \u00e9nerg\u00e9tiques : redonner au corps, au coeur et au cerveau leur r\u00f4le respectif (L&rsquo;\u00eatre hacker). Je vous aide \u00e0 retrouver un \u00e9quilibre \u00e9motionnel et corporel, lib\u00e9r\u00e9 d&rsquo;un mental souvent trop pr\u00e9sent, \u00e0 l&rsquo;aide de diff\u00e9rentes pratiques tel que le magn\u00e9tisme, la danse, le chant ou le rythme du tambour.<\/div><div>\u00a0<\/div><div>&#8211; Le coaching : gr\u00e2ce \u00e0 une posture d&rsquo;\u00e9coute active, des questionnements pr\u00e9cis et mon intuition, je vous accompagne pour mettre en lumi\u00e8re les racines visibles et invisibles qui vous bloquent ou vous nourrissent. Avec une meilleure connaissance de vous-m\u00eame, vous agirez de fa\u00e7on plus consciente pour votre Vie (L&rsquo;\u00eatre acteur).\u00a0<\/div><\/div><div>\u00a0<\/div><div><a href=\"https:\/\/www.facebook.com\/profile.php?id=100084195115555\" target=\"_blank\" rel=\"noopener noreferrer\">https:\/\/www.facebook.com\/profile.php?id=100084195115555<\/a><\/div><\/div>\n\t\t\t\t\t\t\t\t\t<div class=\"elementor-tab-title elementor-tab-mobile-title\" aria-selected=\"false\" data-tab=\"19\" role=\"tab\" tabindex=\"-1\" aria-controls=\"elementor-tab-content-21319\" aria-expanded=\"false\">LABBAYE Serge<\/div>\n\t\t\t\t\t<div id=\"elementor-tab-content-21319\" class=\"elementor-tab-content elementor-clearfix\" data-tab=\"19\" role=\"tabpanel\" aria-labelledby=\"elementor-tab-title-21319\" tabindex=\"0\" hidden=\"hidden\"><p><img loading=\"lazy\" decoding=\"async\" class=\"alignnone size-medium wp-image-3329\" src=\"http:\/\/www.samie38.fr\/wp-content\/uploads\/2024\/07\/Serge-portrait_1-1-300x225.jpg\" alt=\"\" width=\"300\" height=\"225\" \/><\/p><p>Il y a 25 ans le mot G\u00e9obiologie est entr\u00e9 dans ma vie. Depuis 10 ans j\u2019ai d\u00e9cid\u00e9 que la g\u00e9obiologie serait mon quotidien. Apr\u00e8s de multiples formations dans diff\u00e9rents domaines du monde des \u00e9nergies, Il y a 7 ans j\u2019ai d\u00e9cid\u00e9 que la g\u00e9obiologie serait mon m\u00e9tier. Je me suis perfectionn\u00e9 en g\u00e9om\u00e9trie sacr\u00e9e, en ondes \u00e9lectromagn\u00e9tiques et dans diff\u00e9rents domaines du monde des \u00e9nergies. J\u2019ai d\u00e9couvert le milieu agricole et la souffrance animale et je me suis perfectionn\u00e9 dans ce milieu. Les industries et les commerces qui ne fonctionnent pas correctement car des nuisances venant de la terre ou des ondes \u00e9lectromagn\u00e9tiques perturbent les lieux, les personnes, les animaux et les v\u00e9g\u00e9taux. Des centaines de particuliers qui souffrent chez eux de fatigues chroniques, de probl\u00e8mes de sant\u00e9 inexpliqu\u00e9s, de tensions entre les membres de la famille (divorce, \u00e9chec scolaire\u2026) alors que tout aller bien avant d\u2019arriver dans une nouvelle maison, dans un nouveau travail. Parfois des m\u00e9moires ind\u00e9licates peuvent influencer ces m\u00eames lieux et les rendre invivables. Toutes ces probl\u00e9matiques sont devenues mon quotidien. Leurs origines sont attenuables, modifiables, neutralisables. Alors si vous vous sentez concern\u00e9 par ces quelques mots, n\u2019h\u00e9sitez pas \u00e0 venir m\u2019en parler sur mon stand.<br \/>Serge LABBAYE<\/p><p>harmonie_habitat@orange.fr<\/p><p><blockquote class=\"wp-embedded-content\" data-secret=\"lehlDc07Ht\"><a href=\"https:\/\/geobiologie-harmoniedeslieuxdevie.fr\/\">Accueil<\/a><\/blockquote><iframe class=\"wp-embedded-content\" sandbox=\"allow-scripts\" security=\"restricted\" style=\"position: absolute; visibility: hidden;\" title=\"\u00ab\u00a0Accueil\u00a0\u00bb &#8212; Geobiologie\" src=\"https:\/\/geobiologie-harmoniedeslieuxdevie.fr\/embed\/#?secret=aHB92OzTIG#?secret=lehlDc07Ht\" data-secret=\"lehlDc07Ht\" width=\"600\" height=\"338\" frameborder=\"0\" marginwidth=\"0\" marginheight=\"0\" scrolling=\"no\"><\/iframe><\/p><p>Tel : 0672 389 260<\/p><p>\u00a0<\/p><\/div>\n\t\t\t\t\t\t\t\t\t<div class=\"elementor-tab-title elementor-tab-mobile-title\" aria-selected=\"false\" data-tab=\"20\" role=\"tab\" tabindex=\"-1\" aria-controls=\"elementor-tab-content-21320\" aria-expanded=\"false\">LEBRUN Cyril<\/div>\n\t\t\t\t\t<div id=\"elementor-tab-content-21320\" class=\"elementor-tab-content elementor-clearfix\" data-tab=\"20\" role=\"tabpanel\" aria-labelledby=\"elementor-tab-title-21320\" tabindex=\"0\" hidden=\"hidden\"><p><img loading=\"lazy\" decoding=\"async\" class=\"alignnone size-medium wp-image-1606\" src=\"http:\/\/www.samie38.fr\/wp-content\/uploads\/2024\/02\/LEBRUN-cyril-210x300.png\" alt=\"\" width=\"210\" height=\"300\" \/> <img loading=\"lazy\" decoding=\"async\" class=\"alignnone size-medium wp-image-1605\" src=\"http:\/\/www.samie38.fr\/wp-content\/uploads\/2024\/02\/LEBRUN-cyril-2-212x300.png\" alt=\"\" width=\"212\" height=\"300\" \/><\/p><p>Je m&rsquo;appelle Cyril Lebrun et je suis coach de vie. gr\u00e2ce \u00e0 l&rsquo;\u00e9coute, au questionnement et aux outils du coaching, je vous accompagne \u00e0 trouver et accomplir des objectifs fid\u00e8les \u00e0 vos valeurs et \u00e0 vos besoins fondamentaux, pour r\u00e9soudre vos situations probl\u00e9matiques et retrouver un \u00e9quilibre de vie.<br \/><br \/>Si vous d\u00e9sirez reprendre le dessus face \u00e0 vos probl\u00e8mes, en devenant auteur et acteur de vos actions, le coaching de vie est fait pour vous.<\/p><p><blockquote class=\"wp-embedded-content\" data-secret=\"ffQpKnch3y\"><a href=\"https:\/\/www.cyrilcoachdevie.fr\/\">Accueil<\/a><\/blockquote><iframe class=\"wp-embedded-content\" sandbox=\"allow-scripts\" security=\"restricted\" style=\"position: absolute; clip: rect(1px, 1px, 1px, 1px);\" title=\"\u00ab\u00a0Accueil\u00a0\u00bb &#8212; Cyril Coach de vie\" src=\"https:\/\/www.cyrilcoachdevie.fr\/embed\/#?secret=UFFeDDUMXI#?secret=ffQpKnch3y\" data-secret=\"ffQpKnch3y\" width=\"600\" height=\"338\" frameborder=\"0\" marginwidth=\"0\" marginheight=\"0\" scrolling=\"no\"><\/iframe><\/p><p>https:\/\/www.facebook.com\/cyril.coachdevie1<\/p><p>https:\/\/www.instagram.com\/cyril.coachdevie\/<\/p><\/div>\n\t\t\t\t\t\t\t\t\t<div class=\"elementor-tab-title elementor-tab-mobile-title\" aria-selected=\"false\" data-tab=\"21\" role=\"tab\" tabindex=\"-1\" aria-controls=\"elementor-tab-content-21321\" aria-expanded=\"false\">LE MAITRE Isabelle<\/div>\n\t\t\t\t\t<div id=\"elementor-tab-content-21321\" class=\"elementor-tab-content elementor-clearfix\" data-tab=\"21\" role=\"tabpanel\" aria-labelledby=\"elementor-tab-title-21321\" tabindex=\"0\" hidden=\"hidden\"><p><img loading=\"lazy\" decoding=\"async\" class=\"size-medium wp-image-1603 alignleft\" src=\"http:\/\/www.samie38.fr\/wp-content\/uploads\/2024\/02\/Isabelle-2-200x300.jpg\" alt=\"\" width=\"200\" height=\"300\" \/><\/p><p><a href=\"http:\/\/www.samie38.fr\/wp-content\/uploads\/2024\/09\/enfant-interieur-2.jpg\"><img loading=\"lazy\" decoding=\"async\" class=\"wp-image-4187 size-medium alignright\" src=\"http:\/\/www.samie38.fr\/wp-content\/uploads\/2024\/09\/enfant-interieur-2-300x232.jpg\" alt=\"\" width=\"300\" height=\"232\" \/><\/a><\/p><p>\u00a0<\/p><p>\u00a0<\/p><p>\u00a0<\/p><p>\u00a0<\/p><p>\u00a0<\/p><p>\u00a0<\/p><p>\u00a0<\/p><p>\u00a0<\/p><p><span style=\"font-weight: 400;\">Bloqu\u00e9.e. englu\u00e9.e&#8230; et si cela provenait de votre enfant int\u00e9rieur qui r\u00e9clame son espace d&rsquo;expression ? Qui a besoin d&rsquo;\u00eatre entendu,\u00a0 \u00e9cout\u00e9&#8230;<\/span><\/p><p><span style=\"font-weight: 400;\">Je vous propose un accompagnement de lib\u00e9ration gr\u00e2ce \u00e0 la th\u00e9rapie TEFT pour retrouver votre \u00e9lan, votre dynamique de vie&#8230;<\/span><\/p><p><span style=\"font-weight: 400;\">L&rsquo;objectif est de couper les liens toxiques, et larguer les amarres pour ensuite voguer sur les flots de votre vie, avec s\u00e9r\u00e9nit\u00e9 et s\u00e9curit\u00e9.<\/span><\/p><p><span style=\"font-weight: 400;\">Gr\u00e2ce \u00e0 la combinaison du d\u00e9codage biologique,\u00a0 de la PNL et de la th\u00e9rapie transg\u00e9n\u00e9rationelle, la th\u00e9rapie TEFT permet ce travail de lib\u00e9ration en profondeur vis \u00e0 vis de nos parents,\u00a0 conjoints et anc\u00eatres.\u00a0<\/span><\/p><p><blockquote class=\"wp-embedded-content\" data-secret=\"e3PFonYiKk\"><a href=\"https:\/\/isabellelemaitre.fr\/\">isabelle le maitre teft magn\u00e9tisme<\/a><\/blockquote><iframe class=\"wp-embedded-content\" sandbox=\"allow-scripts\" security=\"restricted\" style=\"position: absolute; visibility: hidden;\" title=\"\u00ab\u00a0isabelle le maitre teft magn\u00e9tisme\u00a0\u00bb &#8212; \" src=\"https:\/\/isabellelemaitre.fr\/embed\/#?secret=yDtNgSGA3e#?secret=e3PFonYiKk\" data-secret=\"e3PFonYiKk\" width=\"600\" height=\"338\" frameborder=\"0\" marginwidth=\"0\" marginheight=\"0\" scrolling=\"no\"><\/iframe><\/p><p>https:\/\/www.facebook.com\/isabellelemaitretherapeute\/<\/p><\/div>\n\t\t\t\t\t\t\t\t\t<div class=\"elementor-tab-title elementor-tab-mobile-title\" aria-selected=\"false\" data-tab=\"22\" role=\"tab\" tabindex=\"-1\" aria-controls=\"elementor-tab-content-21322\" aria-expanded=\"false\">LIRET M\u00e9lissa<\/div>\n\t\t\t\t\t<div id=\"elementor-tab-content-21322\" class=\"elementor-tab-content elementor-clearfix\" data-tab=\"22\" role=\"tabpanel\" aria-labelledby=\"elementor-tab-title-21322\" tabindex=\"0\" hidden=\"hidden\"><p><img loading=\"lazy\" decoding=\"async\" class=\"alignnone size-medium wp-image-3125\" src=\"http:\/\/www.samie38.fr\/wp-content\/uploads\/2024\/07\/Design-sans-titre-copie-300x300.png\" alt=\"\" width=\"300\" height=\"300\" \/><img loading=\"lazy\" decoding=\"async\" class=\"alignnone size-full wp-image-3126\" src=\"http:\/\/www.samie38.fr\/wp-content\/uploads\/2024\/07\/Couverture-Pinterest-Slow-Life-1.png\" alt=\"\" width=\"250\" height=\"140\" \/><\/p><p>Transforme ton quotidien &amp; ton habitat !<\/p><p>Ma mission : T\u2019accompagner dans ta qu\u00eate de changement o\u00f9 le superflu et la charge mentale disparaissent\u2026 Pour laisser place \u00e0 une vie plus l\u00e9g\u00e8re et \u00e9panouissante\u00a0<img decoding=\"async\" class=\"wp-smiley\" src=\"https:\/\/img-cache.net\/im\/5999002\/1f3fb6a97f8747e0291e0c80362d281c52a1c645a1c238b3750c3a66dc8d0d86.png?e=bLHLZ8lcn_2UouIyemkiYb8-frbCvMqNs4fi3D3fQLPlM66fGogXV_sEyrduWNmsoF04eADYzZqYtNSI0fFHk7Oc6jlSlAUc6wQukVRE4hDBo31gaeKQ5yHT3QO0BKFw0fTfn2JY2t3DJ6V4fkCw7aCpPoewk6ZZva3wJ6BCP4lXu8mMx6Y5c4LYEcT8sTbS05ldK927N87xqZ9YyFUqEAbqWXAOqRi_BL4qsM5EFTVSkO9Sl2mtX_vpnDC1XtN3J0TsbJn74w\" alt=\"\u2728\" \/><\/p><p>Concr\u00e8tement, je t&rsquo;aide \u00e0 simplifier ton quotidien au travers de mes diff\u00e9rents services. Ensemble, nous pouvons : optimiser ton espace de vie, simplifier ta gestion du quotidien, mettre en place de nouvelle habitudes et bien plus encore !<\/p><p><img decoding=\"async\" class=\"wp-smiley\" src=\"https:\/\/img-cache.net\/im\/5999002\/b728af40482d1dd8fec1cafb955968ad9c51ecbcc206a081deac614d8a8027cb.png?e=NfZ4AE1cXYf7hzxYDBR-LLwPQ5WcF7EPUbd-BMr1zcZi4eKXhaqHEv3s-PdthQT301e2oHcik8OEvYelu-wWP0PbyPrX9S8k-HJT1M4osJxNTpR0VaHQTmHlmUxmbgxl71N8SbrbSbPu7A49YHHyngseztGrU_zfv7wLnsmz7Mhj8u3zzEOpb0LpRyAtgFqNwOQKwVVl0YqI4N4TEvMIeXRRcOPiut6JSr0vR_A3JEENCQWKE1iTun0wQSuqg7YIo28v0pI9j3c\" alt=\"\ud83d\udcf8\" \/>\u00a0Je t&rsquo;invite \u00e0 me retrouver sur mon stand avec des photos d&rsquo;une pi\u00e8ce que tu souhaites r\u00e9organiser ! Je te partagerais tous mes conseils pour all\u00e9ger et optimiser cet espace.<\/p><p>https:\/\/www.melissaliret.fr<\/p><p>https:\/\/www.facebook.com\/melissa.liret<\/p><p>https:\/\/www.linkedin.com\/in\/m%C3%A9lissa-liret-8b44a1226\/<\/p><\/div>\n\t\t\t\t\t\t\t\t\t<div class=\"elementor-tab-title elementor-tab-mobile-title\" aria-selected=\"false\" data-tab=\"23\" role=\"tab\" tabindex=\"-1\" aria-controls=\"elementor-tab-content-21323\" aria-expanded=\"false\">LUTHIER Isabelle<\/div>\n\t\t\t\t\t<div id=\"elementor-tab-content-21323\" class=\"elementor-tab-content elementor-clearfix\" data-tab=\"23\" role=\"tabpanel\" aria-labelledby=\"elementor-tab-title-21323\" tabindex=\"0\" hidden=\"hidden\"><p>\u00a0<\/p><p><img loading=\"lazy\" decoding=\"async\" class=\"alignnone size-medium wp-image-3131\" src=\"http:\/\/www.samie38.fr\/wp-content\/uploads\/2024\/07\/Illustration-6-300x300.jpg\" alt=\"\" width=\"300\" height=\"300\" \/> <img loading=\"lazy\" decoding=\"async\" class=\"alignnone size-medium wp-image-3132\" src=\"http:\/\/www.samie38.fr\/wp-content\/uploads\/2024\/07\/Isabelle1-225x300.jpg\" alt=\"\" width=\"225\" height=\"300\" \/><\/p><p>La kin\u00e9siologie:<br \/><br \/>Elle s&rsquo;adresse \u00e0 tous: de la personne enceinte, aux enfants jusqu&rsquo;\u00e0 nos derniers instants de vie.<br \/><br \/>Pour quel type de blocage ?<br \/><br \/>Physique ( fracture, articulaire, maladies, peau,\u2026)<br \/><br \/>Mental (burn out, d\u00e9pendances, phobies, peurs, d\u00e9pression,apprentissage, conflit, ressassement\u2026)<br \/><br \/>Environnementale\/personnel ( difficult\u00e9 \u00e0 trouver un travail ou un logement , souci familiaux, de couple, performances, \u00e9co-anxi\u00e9t\u00e9, post-covid, isolement, \u2026)<br \/><br \/>Le test musculaire et l&rsquo;\u00e9coute des ressentis permettent d&rsquo;aller \u00e0 la source du stress qui nous bloque, et prendre conscience du besoin n\u00e9cessaire pour parvenir \u00e0 un \u00e9tat d\u00e9sir\u00e9. Bienveillance, \u00e9coute et douceur sont mes guides lors des s\u00e9ances.<br \/><br \/>Le corps choisit la technique d&rsquo;\u00e9quilibration la plus appropri\u00e9e dans la palette dont je dispose ( mouvements du corps, oculaires, PNL, EFT, toucher des points r\u00e9flexes de MTC, visualisation, utilisation des 5 sens, auras, \u00e9pig\u00e9n\u00e9tique\u2026). Par cette m\u00e9thode, le stress est lib\u00e9r\u00e9 pour laisser place \u00e0 un nouveau sch\u00e9ma de pens\u00e9e permettant au besoin de s&rsquo;\u00e9panouir et d&rsquo;atteindre l&rsquo;objectif positif et r\u00e9alisable fix\u00e9 ensemble en d\u00e9but de s\u00e9ance. Plus la personne est engag\u00e9e dans son besoin de changement plus la s\u00e9ance est efficace.<\/p><p>\u00a0<\/p><p>La r\u00e9flexologie cr\u00e2nio-sacr\u00e9e:<\/p><p><br \/>Cette pratique apporte un soulagement physique, un apaisement mental et une harmonie corporelle.<br \/><br \/>Elle s&rsquo;adresse essentiellement aux adultes souffrant de douleurs physiques chroniques ou ponctuelles.<br \/><br \/>Je commence la s\u00e9ance en demandant \u00e0 la personne quels sont ces blocages physiques et depuis quand elle en souffre.<br \/><br \/>La personne est d\u00e9tendue sur la table de \u00ab\u00a0soins\u00a0\u00bb. Par des touchers l\u00e9gers successifs au cr\u00e2ne, je fais un constat des d\u00e9s\u00e9quilibres du corps. Puis je r\u00e9\u00e9quilibre au sacrum, puis de la colonne vert\u00e9brale et enfin des membres pour retrouver une fluidit\u00e9 du liquide c\u00e9phalo-rachidien et donc de la transmission neuronale. Cette technique permet d&rsquo;installer un retour \u00e0 sa capacit\u00e9 de mouvements et d&rsquo;adaptabilit\u00e9.<\/p><p>https:\/\/leveil-kinesiologue.com<\/p><p>https:\/\/www.resalib.fr\/praticien\/91980-l-eveil-kinesiologue-kinesiologue-engins<\/p><\/div>\n\t\t\t\t\t\t\t\t\t<div class=\"elementor-tab-title elementor-tab-mobile-title\" aria-selected=\"false\" data-tab=\"24\" role=\"tab\" tabindex=\"-1\" aria-controls=\"elementor-tab-content-21324\" aria-expanded=\"false\">MANZELLA Sophie<\/div>\n\t\t\t\t\t<div id=\"elementor-tab-content-21324\" class=\"elementor-tab-content elementor-clearfix\" data-tab=\"24\" role=\"tabpanel\" aria-labelledby=\"elementor-tab-title-21324\" tabindex=\"0\" hidden=\"hidden\"><p><img loading=\"lazy\" decoding=\"async\" class=\"alignnone size-medium wp-image-1617\" src=\"http:\/\/www.samie38.fr\/wp-content\/uploads\/2024\/02\/MANZELLA-Sophie-2-300x300.jpg\" alt=\"\" width=\"300\" height=\"300\" \/> <img loading=\"lazy\" decoding=\"async\" class=\"alignnone size-full wp-image-1618\" src=\"http:\/\/www.samie38.fr\/wp-content\/uploads\/2024\/02\/MANZELLA-Sophie.jpg\" alt=\"\" width=\"171\" height=\"256\" \/><\/p><p>Le Massage Sensitif\u00ae est plus qu\u2019un massage c\u2019est un Toucher bienveillant respectueux, il favorise un rel\u00e2chement et une profonde d\u00e9tente gr\u00e2ce \u00e0 l\u2019\u00e9coute attentive du masseur du rythme respiratoire du mass\u00e9, le mass\u00e9 peut \u00e0 son \u00eatre \u00e0 l\u2019\u00e9coute de ses besoins et ainsi recontacter des parties de son corps souvent oubli\u00e9es. Un sentiment de s\u00e9curit\u00e9 peut se faire sentir.<\/p><p>Contact<br \/>http:\/\/www.sophiem-massages.fr<\/p><\/div>\n\t\t\t\t\t\t\t\t\t<div class=\"elementor-tab-title elementor-tab-mobile-title\" aria-selected=\"false\" data-tab=\"25\" role=\"tab\" tabindex=\"-1\" aria-controls=\"elementor-tab-content-21325\" aria-expanded=\"false\">MASSON Florentine<\/div>\n\t\t\t\t\t<div id=\"elementor-tab-content-21325\" class=\"elementor-tab-content elementor-clearfix\" data-tab=\"25\" role=\"tabpanel\" aria-labelledby=\"elementor-tab-title-21325\" tabindex=\"0\" hidden=\"hidden\"><p><img loading=\"lazy\" decoding=\"async\" class=\"size-medium wp-image-3171 alignnone\" src=\"http:\/\/www.samie38.fr\/wp-content\/uploads\/2024\/07\/Florentine-Masson-olfactotherapeute-Grenoble-300x271.jpg\" alt=\"\" width=\"300\" height=\"271\" \/><\/p><p>L&rsquo;olfactoth\u00e9rapie est une th\u00e9rapie psycho-\u00e9motionnelle qui allie le pouvoir de l&rsquo;odorat \u00e0 la puissance des huiles essentielles. C&rsquo;est une m\u00e9thode th\u00e9rapeutique qui utilise l&rsquo;odeur des huiles essentielles pour faciliter l&rsquo;acc\u00e8s du consultant \u00e0 ses \u00e9motions.<br \/><br \/>L&rsquo;olfactoth\u00e9rapie permet \u00e0 chacun de lever des blocages \u00e9motionnels, souvent li\u00e9s \u00e0 des traumatismes du pass\u00e9.<\/p><p>Applications<br \/><br \/>\u2013 Se lib\u00e9rer de traumatismes pass\u00e9s<br \/><br \/>\u2013 Comprendre et agir sur des comportements obsol\u00e8tes<br \/><br \/>\u2013 Prendre conscience de ses \u00e9motions et de leur source (peur, timidit\u00e9 excessive, anxi\u00e9t\u00e9, \u2026)<br \/><br \/>\u2013 Faire face aux impr\u00e9vus de la vie, personnelle ou professionnelle (s\u00e9paration d&rsquo;une personne, lieu, emploi ; burn-out)<br \/><br \/>\u2013 Retrouver un bien-\u00eatre physique en cas de douleurs chroniques<br \/><br \/>\u2013 Prendre confiance en soi<br \/><br \/>\u2013 Acc\u00e9der \u00e0 des souvenirs heureux de sa vie<\/p><p>\u00a0<\/p><p>Aucune connaissance en huiles essentielles est requise : l&rsquo;olfactoth\u00e9rapie n&rsquo;est pas l&rsquo;aromath\u00e9rapie. L&rsquo;aromath\u00e9rapie utilise les mol\u00e9cules biochimiques d&rsquo;une huile essentielle. Comme un m\u00e9dicament, il y a une posologie \u00e0 respecter en fonction de la m\u00e9thode d&rsquo;administration (voie orale, voie cutan\u00e9e, etc.). L&rsquo;olfactoth\u00e9rapie utilise uniquement l&rsquo;odeur de l&rsquo;huile essentielle.<\/p><p>https:\/\/www.cabinetolfactotherapiegrenoble.com\/<\/p><p>https:\/\/www.linkedin.com\/in\/florentine-masson-8ab57386\/<\/p><\/div>\n\t\t\t\t\t\t\t\t\t<div class=\"elementor-tab-title elementor-tab-mobile-title\" aria-selected=\"false\" data-tab=\"26\" role=\"tab\" tabindex=\"-1\" aria-controls=\"elementor-tab-content-21326\" aria-expanded=\"false\">MAYOL Carine<\/div>\n\t\t\t\t\t<div id=\"elementor-tab-content-21326\" class=\"elementor-tab-content elementor-clearfix\" data-tab=\"26\" role=\"tabpanel\" aria-labelledby=\"elementor-tab-title-21326\" tabindex=\"0\" hidden=\"hidden\"><p><img loading=\"lazy\" decoding=\"async\" class=\"alignnone size-medium wp-image-1623\" src=\"http:\/\/www.samie38.fr\/wp-content\/uploads\/2024\/02\/MAYOL-Carine-300x300.jpg\" alt=\"\" width=\"300\" height=\"300\" \/><\/p><p>Espace EQInergie a pour vocation de valoriser et structurer les lieux priv\u00e9s, professionnels et les personnes gr\u00e2ce \u00e0 diff\u00e9rents outils :<br \/><br \/>\u2013 Le Feng Shui qui est un art ancestral chinois ayant 6000 ans d&rsquo;existence permettant tout d&rsquo;abord une analyse d\u00e9taill\u00e9e de l&rsquo;habitat qui, par rapport \u00e0 l&rsquo;orientation cardinale exacte du lieu, r\u00e9v\u00e8le ce que vivent les occupants en terme de finances, de r\u00e9putation, d&rsquo;amour, de projets, de communication, de carri\u00e8re professionnelle, de vitalit\u00e9, du lien au pass\u00e9 et de l&rsquo;ancrage, entre-autre. Cette technique apporte des solutions d&rsquo;agencement et de d\u00e9coration d&rsquo;int\u00e9rieur personnalis\u00e9es afin que les occupants voient les diff\u00e9rents domaines de vie se fluidifier. Le r\u00e9sultat : une d\u00e9coration unique et harmonieuse, et une vie sereine ! Espace EQInergie propose des expertises des lieux, priv\u00e9s, professionnels, ainsi que des formations, des ateliers et des conf\u00e9rences pour les entreprises et les particuliers.<br \/><br \/>\u2013 Le nettoyage \u00e9nerg\u00e9tique des lieux qui vient compl\u00e9ter cette application si n\u00e9cessaire. Il s&rsquo;agit l\u00e0 de nettoyer la \u00ab\u00a0m\u00e9moire des murs\u00a0\u00bb entre-autre.<br \/><br \/>\u2013 Des soins \u00e9nerg\u00e9tiques chamaniques aux personnes.<br \/><br \/>\u2013 Des Coachings Energ\u00e9tiques Professionnels permettant aux ind\u00e9pendants et associ\u00e9s de structurer leur projet professionnels \u00e0 venir ou actuel.<\/p><p><blockquote class=\"wp-embedded-content\" data-secret=\"ngsiZy17NA\"><a href=\"https:\/\/espace-eqinergie.fr\/\">Espace EQINERGIE<\/a><\/blockquote><iframe class=\"wp-embedded-content\" sandbox=\"allow-scripts\" security=\"restricted\" style=\"position: absolute; clip: rect(1px, 1px, 1px, 1px);\" title=\"\u00ab\u00a0Espace EQINERGIE\u00a0\u00bb &#8212; Espace \u00e9QInergie\" src=\"https:\/\/espace-eqinergie.fr\/embed\/#?secret=UwI0fn9mpu#?secret=ngsiZy17NA\" data-secret=\"ngsiZy17NA\" width=\"600\" height=\"338\" frameborder=\"0\" marginwidth=\"0\" marginheight=\"0\" scrolling=\"no\"><\/iframe><\/p><p>https:\/\/www.facebook.com\/espace.eQInergie<\/p><p>https:\/\/www.instagram.com\/espace.eqinergie\/<\/p><\/div>\n\t\t\t\t\t\t\t\t\t<div class=\"elementor-tab-title elementor-tab-mobile-title\" aria-selected=\"false\" data-tab=\"27\" role=\"tab\" tabindex=\"-1\" aria-controls=\"elementor-tab-content-21327\" aria-expanded=\"false\">MICHEL David<\/div>\n\t\t\t\t\t<div id=\"elementor-tab-content-21327\" class=\"elementor-tab-content elementor-clearfix\" data-tab=\"27\" role=\"tabpanel\" aria-labelledby=\"elementor-tab-title-21327\" tabindex=\"0\" hidden=\"hidden\"><p><img loading=\"lazy\" decoding=\"async\" class=\"size-medium wp-image-3029 alignleft\" src=\"http:\/\/www.samie38.fr\/wp-content\/uploads\/2024\/07\/Carte-Recto-Vistaprint-300x206.png\" alt=\"\" width=\"300\" height=\"206\" \/> <a href=\"http:\/\/www.samie38.fr\/wp-content\/uploads\/2024\/07\/Carte-Verso-Vistaprint.png\"><img loading=\"lazy\" decoding=\"async\" class=\"alignright wp-image-3028 size-medium\" src=\"http:\/\/www.samie38.fr\/wp-content\/uploads\/2024\/07\/Carte-Verso-Vistaprint-e1719825841793-206x300.png\" alt=\"\" width=\"206\" height=\"300\" \/><\/a><\/p><p>\u00a0<\/p><p>\u00a0<\/p><p>\u00a0<\/p><p>\u00a0<\/p><p>\u00a0<\/p><p>\u00a0<\/p><p>G\u00e9obiologue ,sourcier ,alchimiste ,sourcier, th\u00e9rapeute de lumi\u00e8re.<\/p><p>https:\/\/www.geobiologue-isere.fr<\/p><\/div>\n\t\t\t\t\t\t\t\t\t<div class=\"elementor-tab-title elementor-tab-mobile-title\" aria-selected=\"false\" data-tab=\"28\" role=\"tab\" tabindex=\"-1\" aria-controls=\"elementor-tab-content-21328\" aria-expanded=\"false\">NALLET Laura<\/div>\n\t\t\t\t\t<div id=\"elementor-tab-content-21328\" class=\"elementor-tab-content elementor-clearfix\" data-tab=\"28\" role=\"tabpanel\" aria-labelledby=\"elementor-tab-title-21328\" tabindex=\"0\" hidden=\"hidden\"><p><img loading=\"lazy\" decoding=\"async\" class=\"size-medium wp-image-3182 alignnone\" src=\"http:\/\/www.samie38.fr\/wp-content\/uploads\/2024\/07\/photo-300x200.jpg\" alt=\"\" width=\"300\" height=\"200\" \/><img loading=\"lazy\" decoding=\"async\" class=\"alignnone  wp-image-3295\" src=\"http:\/\/www.samie38.fr\/wp-content\/uploads\/2024\/07\/Logo-2-300x300.jpg\" alt=\"\" width=\"315\" height=\"315\" \/><\/p><p>Je suis coach \u00e9motionnel et spirituel, j\u2019accompagne les femmes \u00e0 oser \u00eatre elles-m\u00eames.<\/p><p>Que tu aies besoin de d\u00e9couvrir qui tu es, de lib\u00e9rer ce qui te retient ou d\u2019\u00eatre dans ton plein potentiel, je suis l\u00e0 pour te guider \u00e0 travers ces \u00e9tapes \u00e0 ouvrir un nouveau chapitre de ta vie.<\/p><p>Passe au prochain niveau : lib\u00e8re-toi du regard des autres, prends les bonnes d\u00e9cisions, prends soin de toi, soit fi\u00e8re de qui tu es \u2026<\/p><p>Mes coachings incluent diverses m\u00e9decines douces (biokin\u00e9siologie, fleurs de Bach, m\u00e9decine du cacao, voyages immersifs \u2026) pour te proposer un accompagnement corps, \u00e2me, esprit.<\/p><p>http:\/\/www.laura-nallet.fr<\/p><p>https:\/\/www.facebook.com\/LauraNalletCoachEmotionnel<\/p><p>https:\/\/www.instagram.com\/laura.nallet.coaching\/<\/p><\/div>\n\t\t\t\t\t\t\t\t\t<div class=\"elementor-tab-title elementor-tab-mobile-title\" aria-selected=\"false\" data-tab=\"29\" role=\"tab\" tabindex=\"-1\" aria-controls=\"elementor-tab-content-21329\" aria-expanded=\"false\">PEYTOUR Isabelle<\/div>\n\t\t\t\t\t<div id=\"elementor-tab-content-21329\" class=\"elementor-tab-content elementor-clearfix\" data-tab=\"29\" role=\"tabpanel\" aria-labelledby=\"elementor-tab-title-21329\" tabindex=\"0\" hidden=\"hidden\"><p><img loading=\"lazy\" decoding=\"async\" class=\"size-medium wp-image-3384 alignleft\" src=\"http:\/\/www.samie38.fr\/wp-content\/uploads\/2024\/07\/PHOTO-1-300x300.jpg\" alt=\"\" width=\"300\" height=\"300\" \/> <img loading=\"lazy\" decoding=\"async\" class=\"alignnone size-medium wp-image-3385\" src=\"http:\/\/www.samie38.fr\/wp-content\/uploads\/2024\/07\/ISABELLE-PEYTOUR-1-300x200.jpg\" alt=\"\" width=\"300\" height=\"200\" \/><\/p><p>\u00a0<\/p><p>\u00a0<\/p><p>\u00a0<\/p><p>Pr\u00e9sentation du Yoga du Rire<\/p><p>Le Yoga du Rire est un concept unique dans lequel tout le monde peut rire sans raison, sans utiliser de blagues, mais aussi sans avoir le sens de l\u2019humour. C\u2019est donc une pratique ouverte \u00e0 toutes et \u00e0 tous sans pr\u00e9requis.<\/p><p>On appelle Yoga du Rire, car c\u2019est un m\u00e9lange de rire et de respiration de yoga (pranayama). Le rire est un tr\u00e8s bon exercice de respiration.<\/p><ul><li>Il a pour principe de faire le m\u00e9nage des r\u00e9sidus alimentaires et mentaux. En effet, le rire est un enchainement de petites expirations, ce qui signifie que le ventre se gonfle et se d\u00e9gonfle rapidement et en continu.<\/li><li>C\u2019est en fait une mani\u00e8re inconsciente de pratiquer la respiration du feu (pranayama). Vous embrasez alors le feu digestif qui se situe \u00e0 l\u2019int\u00e9rieur du nombril. Le ventre est reconnu pour \u00eatre le miroir du cerveau, vos pens\u00e9es et sentiments toxiques sont alors br\u00fbl\u00e9s par cette technique. De plus, vous massez et d\u00e9tendez vos organes en plus de renforcer vos abdominaux.<\/li><li>R\u00e9v\u00e9lation de votre enfant int\u00e9rieur. Gr\u00e2ce au rire, les r\u00e9sidus alimentaires et mentaux sont nettoy\u00e9s et l\u2019\u00e9go est \u00e9galement chass\u00e9. Donc chaque pratiquant peut d\u00e9couvrir son vrai soi qui est son enfant int\u00e9rieur et qui ne craint pas le regard et des critiques des autres mais aussi venant de l\u2019int\u00e9rieur.<\/li><\/ul><p>Les bienfaits du Yoga du Rire<\/p><p>Elle permet de se lib\u00e9rer du stress, de l\u2019anxi\u00e9t\u00e9, de la tristesse, des peurs conscientes et inconscientes, de la timidit\u00e9 mais aussi une meilleure concentration.<\/p><p><a href=\"http:\/\/yzavitalite.com\/\" target=\"_blank\" rel=\"noopener noreferrer\">yzavitalite.com<\/a><\/p><\/div>\n\t\t\t\t\t\t\t\t\t<div class=\"elementor-tab-title elementor-tab-mobile-title\" aria-selected=\"false\" data-tab=\"30\" role=\"tab\" tabindex=\"-1\" aria-controls=\"elementor-tab-content-21330\" aria-expanded=\"false\">PINARDON Perrine<\/div>\n\t\t\t\t\t<div id=\"elementor-tab-content-21330\" class=\"elementor-tab-content elementor-clearfix\" data-tab=\"30\" role=\"tabpanel\" aria-labelledby=\"elementor-tab-title-21330\" tabindex=\"0\" hidden=\"hidden\"><p><img loading=\"lazy\" decoding=\"async\" class=\"alignnone size-medium wp-image-3202\" src=\"http:\/\/www.samie38.fr\/wp-content\/uploads\/2024\/07\/Photo-PP-300x225.jpg\" alt=\"\" width=\"300\" height=\"225\" \/><\/p><p>En tant que sophrologue, je vous accompagne, ainsi que vos enfants, \u00e0 surmonter vos difficult\u00e9s et leurs r\u00e9percussions physiques, mentales et \u00e9motionnelles. Gr\u00e2ce \u00e0 des techniques reliant le corps et l&rsquo;esprit, utilisant des mouvements doux, la respiration et des visualisations, je vous aide \u00e0 retrouver un \u00e9quilibre int\u00e9rieur. Mes s\u00e9ances \u00e0 destinations de vos enfants sont bas\u00e9es sur les jeux et le conte.<br \/><br \/>J&rsquo;anime des s\u00e9ances individuelles et collectives. Chaque s\u00e9ance vous offre en premier lieu un espace \u00e0 l&rsquo;\u00e9coute de vous-m\u00eame, o\u00f9 vous pouvez tisser des liens entre votre corps et votre esprit pour am\u00e9liorer votre qualit\u00e9 de vie. Un espace au sein duquel vous vous sentirez \u00e9cout\u00e9\u00b7e\u00b7s et pourrez exprimer vos besoins, \u00e9motions et ressentis librement et sans jugement. Je vous offre \u00e9galement, \u00e0 travers la sophrologie, un moment de pause dans le quotidien effr\u00e9n\u00e9 de nos vies modernes.<br \/><br \/>Enfin, dans une soci\u00e9t\u00e9 souvent g\u00e9n\u00e9ratrice de mal-\u00eatre, la sophrologie est un outil pr\u00e9cieux pour se reconnecter \u00e0 soi-m\u00eame et aux autres, am\u00e9liorer sa qualit\u00e9 de vie et identifier les causes internes et externes de notre mal-\u00eatre.<\/p><p><blockquote class=\"wp-embedded-content\" data-secret=\"jFydRKad6E\"><a href=\"https:\/\/auxcheminsdesoi.fr\/\">Les chemins de la sophrologie<\/a><\/blockquote><iframe class=\"wp-embedded-content\" sandbox=\"allow-scripts\" security=\"restricted\" style=\"position: absolute; clip: rect(1px, 1px, 1px, 1px);\" title=\"\u00ab\u00a0Les chemins de la sophrologie\u00a0\u00bb &#8212; AuxCheminsDeSoi\" src=\"https:\/\/auxcheminsdesoi.fr\/embed\/#?secret=LHxnsD8GkY#?secret=jFydRKad6E\" data-secret=\"jFydRKad6E\" width=\"600\" height=\"338\" frameborder=\"0\" marginwidth=\"0\" marginheight=\"0\" scrolling=\"no\"><\/iframe><\/p><p>https:\/\/www.instagram.com\/aux.chemins.de.soi\/<\/p><\/div>\n\t\t\t\t\t\t\t\t\t<div class=\"elementor-tab-title elementor-tab-mobile-title\" aria-selected=\"false\" data-tab=\"31\" role=\"tab\" tabindex=\"-1\" aria-controls=\"elementor-tab-content-21331\" aria-expanded=\"false\">PLUMERIA Lucie<\/div>\n\t\t\t\t\t<div id=\"elementor-tab-content-21331\" class=\"elementor-tab-content elementor-clearfix\" data-tab=\"31\" role=\"tabpanel\" aria-labelledby=\"elementor-tab-title-21331\" tabindex=\"0\" hidden=\"hidden\"><div><img loading=\"lazy\" decoding=\"async\" class=\" wp-image-4087 alignleft\" src=\"http:\/\/www.samie38.fr\/wp-content\/uploads\/2024\/09\/Lucie-Plumeria-300x300.jpg\" alt=\"\" width=\"267\" height=\"267\" \/> <img loading=\"lazy\" decoding=\"async\" class=\"wp-image-4088 alignleft\" src=\"http:\/\/www.samie38.fr\/wp-content\/uploads\/2024\/09\/Lucie-Plumeria-Logo-300x300.png\" alt=\"\" width=\"271\" height=\"271\" \/><\/div><div><div>e m&rsquo;appelle Lucie, je suis sophrologue et suis ravie de vous proposer un accompagnement tr\u00e8s doux afin de vous aider au stress du quotidien. Avec la sophrologie on va mettre en lumi\u00e8re ce qui vous angoisse, ce qui vous perturbe quotidiennement, que ce soit des troubles du sommeil, des phobies, du stress, des \u00e9motions difficiles \u00e0 g\u00e9rer.. afin de les apprivoiser et de les \u00e9vacuer tranquillement.<\/div><div>Cela permet de faire une vraie liaison entre le corps et l&rsquo;esprit avec des exercices corporels et des visualisations, dans le but de retrouver pleinement un apaisement et votre lumi\u00e8re v\u00e9ritable.<\/div><\/div><\/div>\n\t\t\t\t\t\t\t\t\t<div class=\"elementor-tab-title elementor-tab-mobile-title\" aria-selected=\"false\" data-tab=\"32\" role=\"tab\" tabindex=\"-1\" aria-controls=\"elementor-tab-content-21332\" aria-expanded=\"false\">RENAUD Lucille<\/div>\n\t\t\t\t\t<div id=\"elementor-tab-content-21332\" class=\"elementor-tab-content elementor-clearfix\" data-tab=\"32\" role=\"tabpanel\" aria-labelledby=\"elementor-tab-title-21332\" tabindex=\"0\" hidden=\"hidden\"><p><img loading=\"lazy\" decoding=\"async\" class=\"alignnone size-medium wp-image-3206\" src=\"http:\/\/www.samie38.fr\/wp-content\/uploads\/2024\/07\/Photo-SAMIE-2-300x171.png\" alt=\"\" width=\"300\" height=\"171\" \/> <img loading=\"lazy\" decoding=\"async\" class=\"alignnone size-medium wp-image-3207\" src=\"http:\/\/www.samie38.fr\/wp-content\/uploads\/2024\/07\/Photo-SAMIE-1-300x171.png\" alt=\"\" width=\"300\" height=\"171\" \/><\/p><p>Bonjour,<br \/><br \/>Nous sommes ravies de vous retrouver pour cette nouvelle \u00e9dition du SAMIE!<br \/><br \/>Nous vous pr\u00e9senterons cet outil qui nous passionne: les constellations familiales syst\u00e9miques et chamaniques.<br \/><br \/>C&rsquo;est un outil th\u00e9rapeutique de groupe, o\u00f9 le constell\u00e9 expose sa probl\u00e9matique pour en extraire son intention. Les membres du groupe vont repr\u00e9senter des parts du syst\u00e8me du constell\u00e9 (des personnes de sa famille, des parts de soi, des arch\u00e9types, etc\u2026 tout est possible!) et tous ensemble ils vont \u0153uvrer pour que le constell\u00e9 puisse r\u00e9aliser son intention. Et toute la constellation se d\u00e9roule au fil des ressentis corporels de chacun (c&rsquo;est le plus important!), des liens qui se font et se transforment, des \u00e9motions qui se traversent et des rituels qui agissent.<br \/><br \/>Peu importe votre place dans une constellation, votre propre syst\u00e8me va se trouver lui aussi transform\u00e9 car les r\u00e9sonances existent dans toutes les histoires de vie!<br \/><br \/>Nous vous accueillons tel(le)s que vous \u00eates, dans la joie, l&rsquo;amour et la paix!<br \/><br \/>Au plaisir de vous rencontrer lors de ce salon,<br \/><br \/>Marilyne et Lucille<\/p><p>https:\/\/www.gemmesbienetre.com\/<\/p><p>https:\/\/www.facebook.com\/lucille.renaud.3\/<\/p><p>https:\/\/www.instagram.com\/lu_makes_the_light\/<\/p><\/div>\n\t\t\t\t\t\t\t\t\t<div class=\"elementor-tab-title elementor-tab-mobile-title\" aria-selected=\"false\" data-tab=\"33\" role=\"tab\" tabindex=\"-1\" aria-controls=\"elementor-tab-content-21333\" aria-expanded=\"false\">ROSSAT Christophe<\/div>\n\t\t\t\t\t<div id=\"elementor-tab-content-21333\" class=\"elementor-tab-content elementor-clearfix\" data-tab=\"33\" role=\"tabpanel\" aria-labelledby=\"elementor-tab-title-21333\" tabindex=\"0\" hidden=\"hidden\">Contenu de l\u2019onglet<\/div>\n\t\t\t\t\t\t\t\t\t<div class=\"elementor-tab-title elementor-tab-mobile-title\" aria-selected=\"false\" data-tab=\"34\" role=\"tab\" tabindex=\"-1\" aria-controls=\"elementor-tab-content-21334\" aria-expanded=\"false\">RUER Marie<\/div>\n\t\t\t\t\t<div id=\"elementor-tab-content-21334\" class=\"elementor-tab-content elementor-clearfix\" data-tab=\"34\" role=\"tabpanel\" aria-labelledby=\"elementor-tab-title-21334\" tabindex=\"0\" hidden=\"hidden\"><p><a href=\"http:\/\/www.samie38.fr\/wp-content\/uploads\/2024\/09\/RUER-Marie-3-scaled.jpg\"><img loading=\"lazy\" decoding=\"async\" class=\"alignnone size-medium wp-image-4099\" src=\"http:\/\/www.samie38.fr\/wp-content\/uploads\/2024\/09\/RUER-Marie-3-300x225.jpg\" alt=\"\" width=\"300\" height=\"225\" \/><\/a> <img loading=\"lazy\" decoding=\"async\" class=\"alignnone size-medium wp-image-4100\" src=\"http:\/\/www.samie38.fr\/wp-content\/uploads\/2024\/09\/RUER-Marie-1-225x300.jpg\" alt=\"\" width=\"225\" height=\"300\" \/><\/p><p>\u00a0<\/p><p>J&rsquo;accompagne petits et grands \u00ab\u00a0enfants\u00a0\u00bb vers un mieux-\u00eatre global, pour r\u00eaver grand et esp\u00e9rer plus !<br \/><br \/>Ma devise \u00ab\u00a0Accompagner la vie !\u00a0\u00bb des douleurs physiques aux douleurs \u00e9motionnelles en passant par la r\u00e9alisation de vos objectifs.<br \/><br \/>Pour cela j&rsquo;utilise la kin\u00e9siologie, qui est une technique psycho-corporelle de lib\u00e9ration de stress qui permet de r\u00e9\u00e9quilibrer le corps, le mental et l&rsquo;\u00e9motionnel.<br \/><br \/>Venez vous lib\u00e9rer des blocages qui limitent votre vie !<\/p><p><a href=\"https:\/\/sites.google.com\/view\/marie-ruer-kinesiologie\/accueil\" target=\"_blank\" rel=\"noopener noreferrer\">https:\/\/sites.google.com\/view\/marie-ruer-kinesiologie\/accueil<\/a><\/p><p><br \/><a href=\"https:\/\/www.facebook.com\/MarieRuerKinesiologie\" target=\"_blank\" rel=\"noopener noreferrer\">https:\/\/www.facebook.com\/MarieRuerKinesiologie<\/a><\/p><p><br \/><a href=\"https:\/\/www.instagram.com\/kinesiodanslestuyaux\/\" target=\"_blank\" rel=\"noopener noreferrer\">https:\/\/www.instagram.com\/kinesiodanslestuyaux\/<\/a><\/p><\/div>\n\t\t\t\t\t\t\t\t\t<div class=\"elementor-tab-title elementor-tab-mobile-title\" aria-selected=\"false\" data-tab=\"35\" role=\"tab\" tabindex=\"-1\" aria-controls=\"elementor-tab-content-21335\" aria-expanded=\"false\">SACHET Emilie<\/div>\n\t\t\t\t\t<div id=\"elementor-tab-content-21335\" class=\"elementor-tab-content elementor-clearfix\" data-tab=\"35\" role=\"tabpanel\" aria-labelledby=\"elementor-tab-title-21335\" tabindex=\"0\" hidden=\"hidden\"><p><img loading=\"lazy\" decoding=\"async\" class=\"alignnone size-medium wp-image-3749\" src=\"http:\/\/www.samie38.fr\/wp-content\/uploads\/2024\/07\/Photo-texte-2-300x300.png\" alt=\"\" width=\"300\" height=\"300\" \/><\/p><p>\u00c9m&rsquo;Organis\u00e9e<br \/><br \/>Je vous accompagne \u00e0 prendre soin de votre int\u00e9rieur pour votre bien \u00eatre.<br \/><br \/>Trier, D\u00e9sencombrer et R\u00e9organiser votre espace pour Respirer. Je propose :<br \/><br \/>\u2013 des accompagnements \u00e0 domicile o\u00f9 je travaille avec vous,<br \/><br \/>\u2013 des coaching en visio pour vous apporter des conseils et astuces et r\u00e9pondre \u00e0 vos probl\u00e9matiques.<\/p><p><br \/>https:\/\/www.facebook.com\/EmOrganisee<\/p><p>https:\/\/www.instagram.com\/em.organisee_home_organiser\/?hl=fr<\/p><\/div>\n\t\t\t\t\t\t\t\t\t<div class=\"elementor-tab-title elementor-tab-mobile-title\" aria-selected=\"false\" data-tab=\"36\" role=\"tab\" tabindex=\"-1\" aria-controls=\"elementor-tab-content-21336\" aria-expanded=\"false\">TERRIER V\u00e9ronique<\/div>\n\t\t\t\t\t<div id=\"elementor-tab-content-21336\" class=\"elementor-tab-content elementor-clearfix\" data-tab=\"36\" role=\"tabpanel\" aria-labelledby=\"elementor-tab-title-21336\" tabindex=\"0\" hidden=\"hidden\"><p><img loading=\"lazy\" decoding=\"async\" class=\"alignnone size-medium wp-image-3215\" src=\"http:\/\/www.samie38.fr\/wp-content\/uploads\/2024\/07\/1706523503497-300x226.png\" alt=\"\" width=\"300\" height=\"226\" \/> <img loading=\"lazy\" decoding=\"async\" class=\"alignnone size-medium wp-image-3216\" src=\"http:\/\/www.samie38.fr\/wp-content\/uploads\/2024\/07\/Crea-Biz-225x300.jpg\" alt=\"\" width=\"225\" height=\"300\" \/><\/p><p>ATELIER DE CREATION DE MANDALAS<\/p><p>Les mandalas ?<br \/><br \/>Expression symbolique de la structure de la vie ( (toute vie se manifeste \u00e0 partir d&rsquo;un point au centre d&rsquo;un rond ; cercle sacr\u00e9, symbole d&rsquo;unit\u00e9, de perfection),<br \/><br \/>ils ont \u00e9t\u00e9 utilis\u00e9s de tout temps dans toutes les traditions et civilisations, pour leurs effets b\u00e9n\u00e9fiques, confirm\u00e9s par la science contemporaine.<br \/><br \/>Cr\u00e9er et mettre en couleurs de tels dessins permet, en se recentrant, de retrouver calme, force et \u00e9nergie, de l\u00e2cher l&rsquo;intellect et de trouver aussi des r\u00e9ponses personnelles aux difficult\u00e9s de chacun, enfant ou adulte.<br \/><br \/>Avec des moyens simples et ludiques !<br \/><br \/>MON APPROCHE : sur papier, avec des compas, crayons, et des couleurs (crayons, peinture, collages) ; je mets l&rsquo;accent sur les couleurs et leurs langages, l&rsquo;\u00e9nergie qu&rsquo;elles d\u00e9gagent, leur lien avec les \u00e9motions et l&rsquo;\u00e9nerg\u00e9tique.<br \/><br \/>Venez faire un petit test des couleurs sur mon stand !<\/p><p>https:\/\/www.facebook.com\/mandalasetcouleurs\/<\/p><\/div>\n\t\t\t\t\t\t\t\t\t<div class=\"elementor-tab-title elementor-tab-mobile-title\" aria-selected=\"false\" data-tab=\"37\" role=\"tab\" tabindex=\"-1\" aria-controls=\"elementor-tab-content-21337\" aria-expanded=\"false\">WAUMANS V\u00e9ronique<\/div>\n\t\t\t\t\t<div id=\"elementor-tab-content-21337\" class=\"elementor-tab-content elementor-clearfix\" data-tab=\"37\" role=\"tabpanel\" aria-labelledby=\"elementor-tab-title-21337\" tabindex=\"0\" hidden=\"hidden\"><div><div><p><img loading=\"lazy\" decoding=\"async\" class=\"alignnone size-medium wp-image-1683\" src=\"http:\/\/www.samie38.fr\/wp-content\/uploads\/2024\/02\/WAUMANS-Veronique-292x300.jpg\" alt=\"\" width=\"292\" height=\"300\" \/><\/p><ul dir=\"ltr\"><li><span style=\"color: #000000;\"><span class=\"v1ydpa2826051OYPEnA v1ydpa2826051text-decoration-none v1ydpa2826051text-strikethrough-none\">Si vous stagnez dans votre vie personnelle ou professionnelle<\/span><\/span><\/li><li><span style=\"color: #000000;\"><span class=\"v1ydpa2826051OYPEnA v1ydpa2826051text-decoration-none v1ydpa2826051text-strikethrough-none\">Si vous \u00eates facilement submerg\u00e9 par vos \u00e9motions<\/span><\/span><\/li><li><span style=\"color: #000000;\"><span class=\"v1ydpa2826051OYPEnA v1ydpa2826051text-decoration-none v1ydpa2826051text-strikethrough-none\">Si vous d\u00e9sirez lib\u00e9rer votre enfant int\u00e9rieur<\/span><\/span><\/li><li><span style=\"color: #000000;\"><span class=\"v1ydpa2826051OYPEnA v1ydpa2826051text-decoration-none v1ydpa2826051text-strikethrough-none\">Si vous chercher la s\u00e9r\u00e9nit\u00e9 et la pl\u00e9nitude int\u00e9rieure<\/span><\/span><\/li><li><span style=\"color: #000000;\"><span class=\"v1ydpa2826051OYPEnA v1ydpa2826051text-decoration-none v1ydpa2826051text-strikethrough-none\">Si vous d\u00e9sirez faire votre prochain pas spirituel<\/span><\/span><\/li><li><span style=\"color: #000000;\"><span class=\"v1ydpa2826051OYPEnA v1ydpa2826051text-decoration-none v1ydpa2826051text-strikethrough-none\">Si votre lieu de r\u00e9sidence s&rsquo;encombre malgr\u00e9 vous<\/span><\/span><\/li><li><span style=\"color: #000000;\"><span class=\"v1ydpa2826051OYPEnA v1ydpa2826051text-decoration-none v1ydpa2826051text-strikethrough-none\">Si votre nuit n&rsquo;est pas r\u00e9paratrice<\/span><\/span><\/li><li><span style=\"color: #000000;\"><span class=\"v1ydpa2826051OYPEnA v1ydpa2826051text-decoration-none v1ydpa2826051text-strikethrough-none\">Si vous \u00eates confront\u00e9 \u00e0 une discordance dans votre lieu de r\u00e9sidence ou de travail\u00a0<\/span><\/span><\/li><li><span style=\"color: #000000;\"><span class=\"v1ydpa2826051OYPEnA v1ydpa2826051text-decoration-none v1ydpa2826051text-strikethrough-none\">Si vous \u00eates sensible aux ondes \u00e9lectromagn\u00e9tiques<\/span><\/span><\/li><li><span style=\"color: #000000;\"><span class=\"v1ydpa2826051OYPEnA v1ydpa2826051text-decoration-none v1ydpa2826051text-strikethrough-none\">Si vous d\u00e9sirez vous prot\u00e9ger contre les ondes \u00e9lectromagn\u00e9tiques de tout types<br \/><\/span><\/span><\/li><li><span style=\"color: #000000;\"><span class=\"v1ydpa2826051OYPEnA v1ydpa2826051text-decoration-none v1ydpa2826051text-strikethrough-none\">Si vous \u00eates confront\u00e9 \u00e0 des probl\u00e8mes de sant\u00e9<br \/><\/span><\/span><\/li><\/ul><\/div><\/div><p>La G\u00e9om\u00e9trie de Vie ou la Science de l&rsquo;Harmonie peut vous aider<\/p><div>\u00a0<\/div><div>La G\u00e9om\u00e9trie de Vie consiste \u00e0 \u00e9quilibrer l&rsquo;\u00e9nergie de notre corps et de notre espace. Elle emploie les principes de l&rsquo;\u00e9nergie des formes pour maintenir l&rsquo;\u00e9quilibre de nos syst\u00e8mes d&rsquo;\u00e9nergie biologiques et assurer l&rsquo;harmonisation de leurs interactions avec l&rsquo;environnement, en particulier avec les ondes \u00e9lectromagn\u00e9tiques. C&rsquo;est un outil puissant qui permet de convertir les \u00e9nergies nocives et n\u00e9gatives, o\u00f9 qu&rsquo;elles soient, en Source de Vie. Cette \u00e9nergie de Vie nous apporte vitalit\u00e9, bien-\u00eatre et s\u00e9r\u00e9nit\u00e9.<\/div><p>\u00a0<\/p><p>Applications :<\/p><ul><li>Optimiser l&rsquo;\u00e9quilibre \u00e9nerg\u00e9tique de nos corps<\/li><li>Dynamiser des aliments et des compl\u00e9ments nutritionnels<\/li><li>\u00c9tablir un environnement b\u00e9n\u00e9fique et protecteur<\/li><li>Neutraliser les ondes \u00e9lectromagn\u00e9tiques \u00e0 l&rsquo;int\u00e9rieur et \u00e0 l&rsquo;ext\u00e9rieur<\/li><li>Neutraliser les ondes \u00e9lectromagn\u00e9tiques des appareils m\u00e9nagers et \u00e9lectroniques<\/li><li>Promouvoir la coh\u00e9rence \u00e9nerg\u00e9tique dans l&rsquo;agriculture et les \u00e9levages<\/li><li>Promouvoir la sant\u00e9 et le bien-\u00eatre dans les habitations et les espaces de travail<\/li><\/ul><p dir=\"ltr\">Les avantages :<\/p><ul><li>Assurer le bien-\u00eatre et l&rsquo;\u00e9quilibre \u00e9nerg\u00e9tique du corps tout en optimisant le fonctionnement des organes<\/li><li>Identifier et dynamiser les aliments et les suppl\u00e9ments qui conviennent \u00e0 notre corps<\/li><li>Sensation de s\u00e9curit\u00e9 et de s\u00e9r\u00e9nit\u00e9 dans les espaces de vie et de travail<\/li><li>Garantir la neutralit\u00e9 des ondes \u00e9lectromagn\u00e9tiques \u00e0 l&rsquo;int\u00e9rieur et \u00e0 l&rsquo;ext\u00e9rieur<\/li><li>Garantir la neutralit\u00e9 des ondes \u00e9lectromagn\u00e9tiques dans les appareils m\u00e9nagers et \u00e9lectroniques<\/li><li>Optimiser les performances de l&rsquo;agriculture et de l&rsquo;\u00e9levage, ainsi que des cultures biologiques et de la permaculture<\/li><\/ul><p>https:\/\/www.lumiere-de-vie.org\/<\/p><p>https:\/\/www.facebook.com\/veronique.waumans\/<\/p><p>https:\/\/www.youtube.com\/channel\/UC6pBxrbqUw79ZWCViEVj5nQ<\/p><\/div>\n\t\t\t\t\t\t\t\t\t<div class=\"elementor-tab-title elementor-tab-mobile-title\" aria-selected=\"false\" data-tab=\"38\" role=\"tab\" tabindex=\"-1\" aria-controls=\"elementor-tab-content-21338\" aria-expanded=\"false\">WAVRANT Laur\u00e8ne<\/div>\n\t\t\t\t\t<div id=\"elementor-tab-content-21338\" class=\"elementor-tab-content elementor-clearfix\" data-tab=\"38\" role=\"tabpanel\" aria-labelledby=\"elementor-tab-title-21338\" tabindex=\"0\" hidden=\"hidden\"><p><img loading=\"lazy\" decoding=\"async\" class=\"alignnone size-medium wp-image-3225\" src=\"http:\/\/www.samie38.fr\/wp-content\/uploads\/2024\/07\/Retour_a_gaia1-225x300.jpg\" alt=\"\" width=\"225\" height=\"300\" \/><img loading=\"lazy\" decoding=\"async\" class=\"alignnone size-medium wp-image-3224\" src=\"http:\/\/www.samie38.fr\/wp-content\/uploads\/2024\/07\/Retour_a_gaia4-300x300.png\" alt=\"\" width=\"300\" height=\"300\" \/>\u00a0<\/p><p>Energ\u00e9ticienne, praticienne en soin LaHoChi, et conseill\u00e8re en phytoth\u00e9rapie.<\/p><p>Ma mission est de vous lib\u00e9rer des sch\u00e9mas r\u00e9p\u00e9titifs, blocages, douleurs physiques ou \u00e9motionnelles, des traumas ou des addictions qui vous emp\u00eachent de vivre pleinement votre vie et d&rsquo;atteindre votre plein potentiel.<\/p><p>Avec Retour \u00e0 Ga\u00efa je vous propose un retour aux sources<\/p><p>Je vous propose d\u2019aller r\u00e9v\u00e9ler l\u2019origine de vos sch\u00e9mas r\u00e9p\u00e9titifs, de vos blocages, de vos douleurs, de vos traumas ou de vos addictions. Afin de les r\u00e9guler, de les transformer et de les lib\u00e9rer.<\/p><p>Je vous propose \u00e9galement une m\u00e9thode de lib\u00e9ration des blocages par reconnexion au vivant associ\u00e9 \u00e0 la sylvoth\u00e9rapie.<\/p><p>Le valeurs de Retour \u00e0 Ga\u00efa sont l\u2019\u00e9coute, la bienveillance et ensemble nous irons vous lib\u00e9rer des blocages qui vous emp\u00eachent de vous reconnecter \u00e0 votre essence, c\u2019est \u00e0 dire \u00e0 votre vraie nature.<\/p><p>http:\/\/www.retouragaia.fr<\/p><p>https:\/\/www.facebook.com\/Retouragaia<\/p><\/div>\n\t\t\t\t\t\t\t\t\t<div class=\"elementor-tab-title elementor-tab-mobile-title\" aria-selected=\"false\" data-tab=\"39\" role=\"tab\" tabindex=\"-1\" aria-controls=\"elementor-tab-content-21339\" aria-expanded=\"false\">WURSTEN Karine<\/div>\n\t\t\t\t\t<div id=\"elementor-tab-content-21339\" class=\"elementor-tab-content elementor-clearfix\" data-tab=\"39\" role=\"tabpanel\" aria-labelledby=\"elementor-tab-title-21339\" tabindex=\"0\" hidden=\"hidden\"><p><img loading=\"lazy\" decoding=\"async\" class=\"alignnone size-medium wp-image-3736\" src=\"http:\/\/www.samie38.fr\/wp-content\/uploads\/2024\/07\/2024-06-05_035_DSC_5242-Copyright-Bruno-Lavit-200x300.jpg\" alt=\"\" width=\"200\" height=\"300\" \/> <img loading=\"lazy\" decoding=\"async\" class=\"alignnone size-medium wp-image-3737\" src=\"http:\/\/www.samie38.fr\/wp-content\/uploads\/2024\/07\/2024-06-05_181_DSC_5389-Copyright-Bruno-Lavit-300x200.jpg\" alt=\"\" width=\"300\" height=\"200\" \/><\/p><p>\u2013 Vous sentez-vous prisonnier de la d\u00e9pendance affective ?<br \/><br \/>\u2013 Souffrez-vous d&rsquo;un manque d&rsquo;estime de soi qui vous emp\u00eache de vous \u00e9panouir pleinement ?<br \/><br \/>\u2013 \u00cates-vous fatigu\u00e9 de vivre pour les autres, sous l&#8217;emprise de vos \u00e9motions ?<\/p><p>\u00a0<\/p><p>Bienvenue \u00e0 \u00ab\u00a0L&rsquo;Accueil du Pr\u00e9sent en Soi\u00a0\u00bb, votre espace d\u00e9di\u00e9 \u00e0 la gu\u00e9rison de la d\u00e9pendance affective et \u00e0 la reconqu\u00eate de l&rsquo;estime de soi.<br \/><br \/>Je suis Karine WURSTEN, passionn\u00e9e par le coaching et form\u00e9e \u00e0 l&rsquo;\u00e9cole du c\u0153ur et de l&rsquo;\u00e2me par Andr\u00e9 Roberti, avec une riche exp\u00e9rience en d\u00e9veloppement personnel.<br \/><br \/>Ayant surmont\u00e9 moi-m\u00eame des ann\u00e9es de d\u00e9pendance affective, je suis aujourd&rsquo;hui autonome et \u00e9panouie. Mon objectif est de vous accompagner sur ce m\u00eame chemin de lib\u00e9ration.<\/p><p>Ma m\u00e9thode unique : \u00ab\u00a0Rends-toi ton Amour\u00a0\u00bb , aide les hommes et les femmes \u00e0 retrouver leur ind\u00e9pendance \u00e9motionnelle en suivant un processus progressif et structur\u00e9. Ensemble, nous travaillerons \u00e0 :<\/p><p>\u2013 Reconstruire une base solide de confiance en soi<br \/><br \/>\u2013 Examiner et comprendre votre pass\u00e9<br \/><br \/>\u2013 Utiliser des outils efficaces pour mieux g\u00e9rer et ma\u00eetriser vos \u00e9motions<br \/><br \/>\u2013 Affirmer vos besoins et d\u00e9sirs v\u00e9ritables<br \/><br \/>\u2013 S&rsquo;accepter et se respecter pleinement, sans s&rsquo;annuler pour les autres<\/p><p>Ce que je propose : Des s\u00e9ances de coaching de 1h30, personnalis\u00e9es et adapt\u00e9es \u00e0 chacun. Mon approche bienveillante et authentique se base sur des techniques \u00e9prouv\u00e9es et une profonde compr\u00e9hension de vos d\u00e9fis. Je vous aiderai \u00e0 retrouver vos ressources int\u00e9rieures et \u00e0 vous r\u00e9v\u00e9ler dans votre pleine autonomie \u00e9motionnelle. Vous apprendrez \u00e0 vivre en harmonie avec vous-m\u00eame et les autres, en mettant l&rsquo;amour de soi et l&rsquo;estime personnelle au centre de votre vie.<\/p><p>Contactez-moi \u00e0 \u00ab\u00a0l&rsquo;Accueil du Pr\u00e9sent en Soi\u00a0\u00bb, d\u00e8s aujourd&rsquo;hui pour commencer votre voyage vers la libert\u00e9 \u00e9motionnelle et votre \u00e9panouissement personnel<\/p><p>https:\/\/accueildupresent.com<\/p><p>https:\/\/www.facebook.com\/karyn.wursten<\/p><\/div>\n\t\t\t\t\t\t\t<\/div>\n\t\t<\/div>\n\t\t\t\t\t\t<\/div>\n\t\t\t\t<\/div>\n\t\t\t\t\t<\/div>\n\t\t<\/div>\n\t\t\t\t\t<\/div>\n\t\t<\/section>\n\t\t\t\t<\/div>\n\t\t","protected":false},"excerpt":{"rendered":"<p>Les th\u00e9rapeutes Voir commer\u00e7ants et cr\u00e9ateurs Voir \u00e9nerg\u00e9ticiens et masseurs Voir l&rsquo;association Femmes d&rsquo;Himalaya ANTHEAUME Valentine BARON Aur\u00e9lie BLACHIER Amandine CANTELOUP Frederique CAYLA Marion CHARPON Sandra CIPPONE Caroline &#038; Anne Scholler COROMINAS Aurore DAVID Laurence DELANSSAY Julien DELICOURT Elodie DUGAST Katarina DURAND Doroth\u00e9e ESCALLE Virginie GERVASONI Val\u00e9rie GRAPPE L\u00e9a IMBERT Gilles KUNEJ S\u00e9bastien LABBAYE Serge [&hellip;]<\/p>\n","protected":false},"author":1,"featured_media":0,"parent":2234,"menu_order":1,"comment_status":"closed","ping_status":"closed","template":"elementor_header_footer","meta":{"footnotes":""},"class_list":["post-2928","page","type-page","status-publish","hentry"],"yoast_head":"<!-- This site is optimized with the Yoast SEO plugin v27.2 - https:\/\/yoast.com\/product\/yoast-seo-wordpress\/ -->\n<title>Th\u00e9rapeutes octobre 2024 - Samie - Le salon du mieux-\u00eatre<\/title>\n<meta name=\"robots\" content=\"index, follow, max-snippet:-1, max-image-preview:large, max-video-preview:-1\" \/>\n<link rel=\"canonical\" href=\"https:\/\/www.samie38.fr\/index.php\/octobre-2024\/therapeutes-octobre-2024\/\" \/>\n<meta property=\"og:locale\" content=\"fr_FR\" \/>\n<meta property=\"og:type\" content=\"article\" \/>\n<meta property=\"og:title\" content=\"Th\u00e9rapeutes octobre 2024 - Samie - Le salon du mieux-\u00eatre\" \/>\n<meta property=\"og:description\" content=\"Les th\u00e9rapeutes Voir commer\u00e7ants et cr\u00e9ateurs Voir \u00e9nerg\u00e9ticiens et masseurs Voir l&rsquo;association Femmes d&rsquo;Himalaya ANTHEAUME Valentine BARON Aur\u00e9lie BLACHIER Amandine CANTELOUP Frederique CAYLA Marion CHARPON Sandra CIPPONE Caroline &#038; Anne Scholler COROMINAS Aurore DAVID Laurence DELANSSAY Julien DELICOURT Elodie DUGAST Katarina DURAND Doroth\u00e9e ESCALLE Virginie GERVASONI Val\u00e9rie GRAPPE L\u00e9a IMBERT Gilles KUNEJ S\u00e9bastien LABBAYE Serge [&hellip;]\" \/>\n<meta property=\"og:url\" content=\"https:\/\/www.samie38.fr\/index.php\/octobre-2024\/therapeutes-octobre-2024\/\" \/>\n<meta property=\"og:site_name\" content=\"Samie - Le salon du mieux-\u00eatre\" \/>\n<meta property=\"article:publisher\" content=\"https:\/\/www.facebook.com\/samie38\/\" \/>\n<meta property=\"article:modified_time\" content=\"2025-02-19T02:06:17+00:00\" \/>\n<meta property=\"og:image\" content=\"http:\/\/www.samie38.fr\/wp-content\/uploads\/2024\/07\/DSC7742-199x300.jpeg\" \/>\n<meta name=\"twitter:card\" content=\"summary_large_image\" \/>\n<meta name=\"twitter:label1\" content=\"Dur\u00e9e de lecture estim\u00e9e\" \/>\n\t<meta name=\"twitter:data1\" content=\"41 minutes\" \/>\n<script type=\"application\/ld+json\" class=\"yoast-schema-graph\">{\"@context\":\"https:\/\/schema.org\",\"@graph\":[{\"@type\":\"WebPage\",\"@id\":\"https:\/\/www.samie38.fr\/index.php\/octobre-2024\/therapeutes-octobre-2024\/\",\"url\":\"https:\/\/www.samie38.fr\/index.php\/octobre-2024\/therapeutes-octobre-2024\/\",\"name\":\"Th\u00e9rapeutes octobre 2024 - Samie - Le salon du mieux-\u00eatre\",\"isPartOf\":{\"@id\":\"https:\/\/www.samie38.fr\/#website\"},\"primaryImageOfPage\":{\"@id\":\"https:\/\/www.samie38.fr\/index.php\/octobre-2024\/therapeutes-octobre-2024\/#primaryimage\"},\"image\":{\"@id\":\"https:\/\/www.samie38.fr\/index.php\/octobre-2024\/therapeutes-octobre-2024\/#primaryimage\"},\"thumbnailUrl\":\"http:\/\/www.samie38.fr\/wp-content\/uploads\/2024\/07\/DSC7742-199x300.jpeg\",\"datePublished\":\"2024-06-23T09:59:59+00:00\",\"dateModified\":\"2025-02-19T02:06:17+00:00\",\"breadcrumb\":{\"@id\":\"https:\/\/www.samie38.fr\/index.php\/octobre-2024\/therapeutes-octobre-2024\/#breadcrumb\"},\"inLanguage\":\"fr-FR\",\"potentialAction\":[{\"@type\":\"ReadAction\",\"target\":[\"https:\/\/www.samie38.fr\/index.php\/octobre-2024\/therapeutes-octobre-2024\/\"]}]},{\"@type\":\"ImageObject\",\"inLanguage\":\"fr-FR\",\"@id\":\"https:\/\/www.samie38.fr\/index.php\/octobre-2024\/therapeutes-octobre-2024\/#primaryimage\",\"url\":\"https:\/\/www.samie38.fr\/wp-content\/uploads\/2024\/07\/DSC7742.webp\",\"contentUrl\":\"https:\/\/www.samie38.fr\/wp-content\/uploads\/2024\/07\/DSC7742.webp\",\"width\":212,\"height\":320},{\"@type\":\"BreadcrumbList\",\"@id\":\"https:\/\/www.samie38.fr\/index.php\/octobre-2024\/therapeutes-octobre-2024\/#breadcrumb\",\"itemListElement\":[{\"@type\":\"ListItem\",\"position\":1,\"name\":\"Accueil\",\"item\":\"https:\/\/www.samie38.fr\/\"},{\"@type\":\"ListItem\",\"position\":2,\"name\":\"Octobre 2024\",\"item\":\"https:\/\/www.samie38.fr\/index.php\/octobre-2024\/\"},{\"@type\":\"ListItem\",\"position\":3,\"name\":\"Th\u00e9rapeutes octobre 2024\"}]},{\"@type\":\"WebSite\",\"@id\":\"https:\/\/www.samie38.fr\/#website\",\"url\":\"https:\/\/www.samie38.fr\/\",\"name\":\"Samie - Le salon du mieux-\u00eatre\",\"description\":\"\",\"publisher\":{\"@id\":\"https:\/\/www.samie38.fr\/#organization\"},\"potentialAction\":[{\"@type\":\"SearchAction\",\"target\":{\"@type\":\"EntryPoint\",\"urlTemplate\":\"https:\/\/www.samie38.fr\/?s={search_term_string}\"},\"query-input\":{\"@type\":\"PropertyValueSpecification\",\"valueRequired\":true,\"valueName\":\"search_term_string\"}}],\"inLanguage\":\"fr-FR\"},{\"@type\":\"Organization\",\"@id\":\"https:\/\/www.samie38.fr\/#organization\",\"name\":\"Samie - Le salon du mieux-\u00eatre\",\"url\":\"https:\/\/www.samie38.fr\/\",\"logo\":{\"@type\":\"ImageObject\",\"inLanguage\":\"fr-FR\",\"@id\":\"https:\/\/www.samie38.fr\/#\/schema\/logo\/image\/\",\"url\":\"https:\/\/www.samie38.fr\/wp-content\/uploads\/2023\/04\/Banniere-3-e1719984867829.gif\",\"contentUrl\":\"https:\/\/www.samie38.fr\/wp-content\/uploads\/2023\/04\/Banniere-3-e1719984867829.gif\",\"width\":900,\"height\":300,\"caption\":\"Samie - Le salon du mieux-\u00eatre\"},\"image\":{\"@id\":\"https:\/\/www.samie38.fr\/#\/schema\/logo\/image\/\"},\"sameAs\":[\"https:\/\/www.facebook.com\/samie38\/\"]}]}<\/script>\n<!-- \/ Yoast SEO plugin. -->","yoast_head_json":{"title":"Th\u00e9rapeutes octobre 2024 - Samie - Le salon du mieux-\u00eatre","robots":{"index":"index","follow":"follow","max-snippet":"max-snippet:-1","max-image-preview":"max-image-preview:large","max-video-preview":"max-video-preview:-1"},"canonical":"https:\/\/www.samie38.fr\/index.php\/octobre-2024\/therapeutes-octobre-2024\/","og_locale":"fr_FR","og_type":"article","og_title":"Th\u00e9rapeutes octobre 2024 - Samie - Le salon du mieux-\u00eatre","og_description":"Les th\u00e9rapeutes Voir commer\u00e7ants et cr\u00e9ateurs Voir \u00e9nerg\u00e9ticiens et masseurs Voir l&rsquo;association Femmes d&rsquo;Himalaya ANTHEAUME Valentine BARON Aur\u00e9lie BLACHIER Amandine CANTELOUP Frederique CAYLA Marion CHARPON Sandra CIPPONE Caroline &#038; Anne Scholler COROMINAS Aurore DAVID Laurence DELANSSAY Julien DELICOURT Elodie DUGAST Katarina DURAND Doroth\u00e9e ESCALLE Virginie GERVASONI Val\u00e9rie GRAPPE L\u00e9a IMBERT Gilles KUNEJ S\u00e9bastien LABBAYE Serge [&hellip;]","og_url":"https:\/\/www.samie38.fr\/index.php\/octobre-2024\/therapeutes-octobre-2024\/","og_site_name":"Samie - Le salon du mieux-\u00eatre","article_publisher":"https:\/\/www.facebook.com\/samie38\/","article_modified_time":"2025-02-19T02:06:17+00:00","og_image":[{"url":"http:\/\/www.samie38.fr\/wp-content\/uploads\/2024\/07\/DSC7742-199x300.jpeg","type":"","width":"","height":""}],"twitter_card":"summary_large_image","twitter_misc":{"Dur\u00e9e de lecture estim\u00e9e":"41 minutes"},"schema":{"@context":"https:\/\/schema.org","@graph":[{"@type":"WebPage","@id":"https:\/\/www.samie38.fr\/index.php\/octobre-2024\/therapeutes-octobre-2024\/","url":"https:\/\/www.samie38.fr\/index.php\/octobre-2024\/therapeutes-octobre-2024\/","name":"Th\u00e9rapeutes octobre 2024 - Samie - Le salon du mieux-\u00eatre","isPartOf":{"@id":"https:\/\/www.samie38.fr\/#website"},"primaryImageOfPage":{"@id":"https:\/\/www.samie38.fr\/index.php\/octobre-2024\/therapeutes-octobre-2024\/#primaryimage"},"image":{"@id":"https:\/\/www.samie38.fr\/index.php\/octobre-2024\/therapeutes-octobre-2024\/#primaryimage"},"thumbnailUrl":"http:\/\/www.samie38.fr\/wp-content\/uploads\/2024\/07\/DSC7742-199x300.jpeg","datePublished":"2024-06-23T09:59:59+00:00","dateModified":"2025-02-19T02:06:17+00:00","breadcrumb":{"@id":"https:\/\/www.samie38.fr\/index.php\/octobre-2024\/therapeutes-octobre-2024\/#breadcrumb"},"inLanguage":"fr-FR","potentialAction":[{"@type":"ReadAction","target":["https:\/\/www.samie38.fr\/index.php\/octobre-2024\/therapeutes-octobre-2024\/"]}]},{"@type":"ImageObject","inLanguage":"fr-FR","@id":"https:\/\/www.samie38.fr\/index.php\/octobre-2024\/therapeutes-octobre-2024\/#primaryimage","url":"https:\/\/www.samie38.fr\/wp-content\/uploads\/2024\/07\/DSC7742.webp","contentUrl":"https:\/\/www.samie38.fr\/wp-content\/uploads\/2024\/07\/DSC7742.webp","width":212,"height":320},{"@type":"BreadcrumbList","@id":"https:\/\/www.samie38.fr\/index.php\/octobre-2024\/therapeutes-octobre-2024\/#breadcrumb","itemListElement":[{"@type":"ListItem","position":1,"name":"Accueil","item":"https:\/\/www.samie38.fr\/"},{"@type":"ListItem","position":2,"name":"Octobre 2024","item":"https:\/\/www.samie38.fr\/index.php\/octobre-2024\/"},{"@type":"ListItem","position":3,"name":"Th\u00e9rapeutes octobre 2024"}]},{"@type":"WebSite","@id":"https:\/\/www.samie38.fr\/#website","url":"https:\/\/www.samie38.fr\/","name":"Samie - Le salon du mieux-\u00eatre","description":"","publisher":{"@id":"https:\/\/www.samie38.fr\/#organization"},"potentialAction":[{"@type":"SearchAction","target":{"@type":"EntryPoint","urlTemplate":"https:\/\/www.samie38.fr\/?s={search_term_string}"},"query-input":{"@type":"PropertyValueSpecification","valueRequired":true,"valueName":"search_term_string"}}],"inLanguage":"fr-FR"},{"@type":"Organization","@id":"https:\/\/www.samie38.fr\/#organization","name":"Samie - Le salon du mieux-\u00eatre","url":"https:\/\/www.samie38.fr\/","logo":{"@type":"ImageObject","inLanguage":"fr-FR","@id":"https:\/\/www.samie38.fr\/#\/schema\/logo\/image\/","url":"https:\/\/www.samie38.fr\/wp-content\/uploads\/2023\/04\/Banniere-3-e1719984867829.gif","contentUrl":"https:\/\/www.samie38.fr\/wp-content\/uploads\/2023\/04\/Banniere-3-e1719984867829.gif","width":900,"height":300,"caption":"Samie - Le salon du mieux-\u00eatre"},"image":{"@id":"https:\/\/www.samie38.fr\/#\/schema\/logo\/image\/"},"sameAs":["https:\/\/www.facebook.com\/samie38\/"]}]}},"jetpack_sharing_enabled":true,"_links":{"self":[{"href":"https:\/\/www.samie38.fr\/index.php\/wp-json\/wp\/v2\/pages\/2928","targetHints":{"allow":["GET"]}}],"collection":[{"href":"https:\/\/www.samie38.fr\/index.php\/wp-json\/wp\/v2\/pages"}],"about":[{"href":"https:\/\/www.samie38.fr\/index.php\/wp-json\/wp\/v2\/types\/page"}],"author":[{"embeddable":true,"href":"https:\/\/www.samie38.fr\/index.php\/wp-json\/wp\/v2\/users\/1"}],"replies":[{"embeddable":true,"href":"https:\/\/www.samie38.fr\/index.php\/wp-json\/wp\/v2\/comments?post=2928"}],"version-history":[{"count":392,"href":"https:\/\/www.samie38.fr\/index.php\/wp-json\/wp\/v2\/pages\/2928\/revisions"}],"predecessor-version":[{"id":6164,"href":"https:\/\/www.samie38.fr\/index.php\/wp-json\/wp\/v2\/pages\/2928\/revisions\/6164"}],"up":[{"embeddable":true,"href":"https:\/\/www.samie38.fr\/index.php\/wp-json\/wp\/v2\/pages\/2234"}],"wp:attachment":[{"href":"https:\/\/www.samie38.fr\/index.php\/wp-json\/wp\/v2\/media?parent=2928"}],"curies":[{"name":"wp","href":"https:\/\/api.w.org\/{rel}","templated":true}]}}