{"id":3459,"date":"2024-07-13T08:53:57","date_gmt":"2024-07-13T06:53:57","guid":{"rendered":"https:\/\/www.samie38.fr\/?page_id=3459"},"modified":"2025-02-23T17:25:40","modified_gmt":"2025-02-23T16:25:40","slug":"programme-samedi-12-octobre-2024","status":"publish","type":"page","link":"https:\/\/www.samie38.fr\/index.php\/programme-samedi-12-octobre-2024\/","title":{"rendered":"Programme samedi 12 octobre 2024"},"content":{"rendered":"\t\t<div data-elementor-type=\"wp-page\" data-elementor-id=\"3459\" class=\"elementor elementor-3459\" data-elementor-post-type=\"page\">\n\t\t\t\t\t\t<section class=\"elementor-section elementor-top-section elementor-element elementor-element-23bc2f5 elementor-section-boxed elementor-section-height-default elementor-section-height-default\" data-id=\"23bc2f5\" data-element_type=\"section\" data-e-type=\"section\">\n\t\t\t\t\t\t<div class=\"elementor-container elementor-column-gap-default\">\n\t\t\t\t\t<div class=\"elementor-column elementor-col-100 elementor-top-column elementor-element elementor-element-2a9ad18\" data-id=\"2a9ad18\" data-element_type=\"column\" data-e-type=\"column\">\n\t\t\t<div class=\"elementor-widget-wrap elementor-element-populated\">\n\t\t\t\t\t\t<div class=\"elementor-element elementor-element-99d36d9 elementor-widget elementor-widget-menu-anchor\" data-id=\"99d36d9\" data-element_type=\"widget\" data-e-type=\"widget\" data-widget_type=\"menu-anchor.default\">\n\t\t\t\t<div class=\"elementor-widget-container\">\n\t\t\t\t\t\t\t<div class=\"elementor-menu-anchor\" id=\"pgmSamedi12Avril2025\"><\/div>\n\t\t\t\t\t\t<\/div>\n\t\t\t\t<\/div>\n\t\t\t\t\t<\/div>\n\t\t<\/div>\n\t\t\t\t\t<\/div>\n\t\t<\/section>\n\t\t\t\t<section class=\"elementor-section elementor-top-section elementor-element elementor-element-4a2d45b elementor-section-boxed elementor-section-height-default elementor-section-height-default\" data-id=\"4a2d45b\" data-element_type=\"section\" data-e-type=\"section\">\n\t\t\t\t\t\t<div class=\"elementor-container elementor-column-gap-default\">\n\t\t\t\t\t<div class=\"elementor-column elementor-col-100 elementor-top-column elementor-element elementor-element-8bb60d1\" data-id=\"8bb60d1\" data-element_type=\"column\" data-e-type=\"column\">\n\t\t\t<div class=\"elementor-widget-wrap elementor-element-populated\">\n\t\t\t\t\t\t<div class=\"elementor-element elementor-element-bc88fbe elementor-widget elementor-widget-heading\" data-id=\"bc88fbe\" data-element_type=\"widget\" data-e-type=\"widget\" data-widget_type=\"heading.default\">\n\t\t\t\t<div class=\"elementor-widget-container\">\n\t\t\t\t\t<h2 class=\"elementor-heading-title elementor-size-default\">PROGRAMME DU SAMEDI <\/h2>\t\t\t\t<\/div>\n\t\t\t\t<\/div>\n\t\t\t\t\t<\/div>\n\t\t<\/div>\n\t\t\t\t\t<\/div>\n\t\t<\/section>\n\t\t\t\t<section class=\"elementor-section elementor-top-section elementor-element elementor-element-3412848 elementor-section-boxed elementor-section-height-default elementor-section-height-default\" data-id=\"3412848\" data-element_type=\"section\" data-e-type=\"section\">\n\t\t\t\t\t\t<div class=\"elementor-container elementor-column-gap-default\">\n\t\t\t\t\t<div class=\"elementor-column elementor-col-50 elementor-top-column elementor-element elementor-element-bdd78a3\" data-id=\"bdd78a3\" data-element_type=\"column\" data-e-type=\"column\">\n\t\t\t<div class=\"elementor-widget-wrap elementor-element-populated\">\n\t\t\t\t\t\t<div class=\"elementor-element elementor-element-c640b2f elementor-widget__width-initial elementor-widget elementor-widget-button\" data-id=\"c640b2f\" data-element_type=\"widget\" data-e-type=\"widget\" data-widget_type=\"button.default\">\n\t\t\t\t<div class=\"elementor-widget-container\">\n\t\t\t\t\t\t\t\t\t<div class=\"elementor-button-wrapper\">\n\t\t\t\t\t<a class=\"elementor-button elementor-button-link elementor-size-sm\" href=\"https:\/\/www.samie38.fr\/index.php\/programme-dimanche-13-octobre-2024\/\">\n\t\t\t\t\t\t<span class=\"elementor-button-content-wrapper\">\n\t\t\t\t\t\t\t\t\t<span class=\"elementor-button-text\">Voir le programme complet de DIMANCHE<\/span>\n\t\t\t\t\t<\/span>\n\t\t\t\t\t<\/a>\n\t\t\t\t<\/div>\n\t\t\t\t\t\t\t\t<\/div>\n\t\t\t\t<\/div>\n\t\t\t\t\t<\/div>\n\t\t<\/div>\n\t\t\t\t<div class=\"elementor-column elementor-col-50 elementor-top-column elementor-element elementor-element-6eb5aab\" data-id=\"6eb5aab\" data-element_type=\"column\" data-e-type=\"column\">\n\t\t\t<div class=\"elementor-widget-wrap elementor-element-populated\">\n\t\t\t\t\t\t<div class=\"elementor-element elementor-element-9359f42 elementor-align-center elementor-widget elementor-widget-button\" data-id=\"9359f42\" data-element_type=\"widget\" data-e-type=\"widget\" data-widget_type=\"button.default\">\n\t\t\t\t<div class=\"elementor-widget-container\">\n\t\t\t\t\t\t\t\t\t<div class=\"elementor-button-wrapper\">\n\t\t\t\t\t<a class=\"elementor-button elementor-button-link elementor-size-sm\" href=\"https:\/\/www.samie38.fr\/index.php\/conferences-avril-2025\/#pgmCompletAvril2025\">\n\t\t\t\t\t\t<span class=\"elementor-button-content-wrapper\">\n\t\t\t\t\t\t\t\t\t<span class=\"elementor-button-text\">Voir le programme du salon d'un seul coup d'oeil<\/span>\n\t\t\t\t\t<\/span>\n\t\t\t\t\t<\/a>\n\t\t\t\t<\/div>\n\t\t\t\t\t\t\t\t<\/div>\n\t\t\t\t<\/div>\n\t\t\t\t\t<\/div>\n\t\t<\/div>\n\t\t\t\t\t<\/div>\n\t\t<\/section>\n\t\t\t\t<section class=\"elementor-section elementor-top-section elementor-element elementor-element-a54ab4f elementor-section-boxed elementor-section-height-default elementor-section-height-default\" data-id=\"a54ab4f\" data-element_type=\"section\" data-e-type=\"section\">\n\t\t\t\t\t\t<div class=\"elementor-container elementor-column-gap-default\">\n\t\t\t\t\t<div class=\"elementor-column elementor-col-100 elementor-top-column elementor-element elementor-element-27262b4\" data-id=\"27262b4\" data-element_type=\"column\" data-e-type=\"column\">\n\t\t\t<div class=\"elementor-widget-wrap elementor-element-populated\">\n\t\t\t\t\t\t<section class=\"elementor-section elementor-inner-section elementor-element elementor-element-9725aaf elementor-section-boxed elementor-section-height-default elementor-section-height-default\" data-id=\"9725aaf\" data-element_type=\"section\" data-e-type=\"section\">\n\t\t\t\t\t\t<div class=\"elementor-container elementor-column-gap-default\">\n\t\t\t\t\t<div class=\"elementor-column elementor-col-50 elementor-inner-column elementor-element elementor-element-0cf2e04\" data-id=\"0cf2e04\" data-element_type=\"column\" data-e-type=\"column\">\n\t\t\t<div class=\"elementor-widget-wrap elementor-element-populated\">\n\t\t\t\t\t\t<div class=\"elementor-element elementor-element-7f2f4b0 elementor-widget elementor-widget-heading\" data-id=\"7f2f4b0\" data-element_type=\"widget\" data-e-type=\"widget\" data-widget_type=\"heading.default\">\n\t\t\t\t<div class=\"elementor-widget-container\">\n\t\t\t\t\t<h4 class=\"elementor-heading-title elementor-size-default\">Les conf\u00e9rences<\/h4>\t\t\t\t<\/div>\n\t\t\t\t<\/div>\n\t\t\t\t\t<\/div>\n\t\t<\/div>\n\t\t\t\t<div class=\"elementor-column elementor-col-50 elementor-inner-column elementor-element elementor-element-e4fb296\" data-id=\"e4fb296\" data-element_type=\"column\" data-e-type=\"column\">\n\t\t\t<div class=\"elementor-widget-wrap\">\n\t\t\t\t\t\t\t<\/div>\n\t\t<\/div>\n\t\t\t\t\t<\/div>\n\t\t<\/section>\n\t\t\t\t<div class=\"elementor-element elementor-element-bf9a44c elementor-widget elementor-widget-text-editor\" data-id=\"bf9a44c\" data-element_type=\"widget\" data-e-type=\"widget\" data-widget_type=\"text-editor.default\">\n\t\t\t\t<div class=\"elementor-widget-container\">\n\t\t\t\t\t\t\t\t\t<table width=\"1006\"><tbody><tr><td>Horaire<\/td><td>Intervenant<\/td><td width=\"243\">Titre<\/td><td width=\"523\">Description<\/td><\/tr><tr><td>10H -11H<\/td><td>S\u00e9bastien KUNEJ<\/td><td width=\"243\"><span data-sheets-root=\"1\">Delta Plan &#8211; Pourquoi et comment la diff\u00e9rence est n\u00e9cessaire \u00e0 l&rsquo;\u00e9volution de l&rsquo;\u00eatre humain ?<\/span><\/td><td width=\"523\">\u00ab\u00a0A partir de mon exp\u00e9rience personnelle et des prises de conscience que j&rsquo;ai pu avoir tout au long de ma vie (lectures, rencontres, exp\u00e9riences), je vous propose de faire le grand saut en deltaplane.<br \/>La lettre grec \u00ab\u00a0\u00a0\u00bbDelta\u00a0\u00bb\u00a0\u00bb est utilis\u00e9e en physique et math\u00e9matiques pour symboliser une diff\u00e9rence, un \u00e9cart.<br \/>Elle est aussi utilis\u00e9e en alchimie pour symboliser les quatre \u00e9l\u00e9ments.<br \/>Nous partirons donc sur le chemin de ce Delta\u00a0 qui a accompagn\u00e9 l&rsquo;\u00eatre humain dans son \u00e9volution pass\u00e9.<br \/>Voyons ensemble ce qu&rsquo;il en sera pour son \u00e9volution future !\u00a0\u00bb<\/td><\/tr><tr><td>11H-12H<\/td><td>Carine MAYOL<\/td><td width=\"243\">Feng Shui et Aroma pour un int\u00e9rieur joyeux et serein<\/td><td width=\"523\">Le Feng Shui est l&rsquo;art de l&rsquo;am\u00e9nagement des espaces priv\u00e9s et professionnels. Cette technique met en \u0153uvre dans les lieux l&rsquo;accord de diff\u00e9rents outils tels que les mati\u00e8res, couleurs, objets et visuels. Fran\u00e7oise Couic-Marinier, docteur en pharmacie et aromath\u00e9rapeute, autrice de nombreux ouvrages sur les huiles essentielles et moi-m\u00eame, Carine Mayol, experte Feng Shui, avons fusionn\u00e9 nos 2 sp\u00e9cialit\u00e9s \u00e0 travers notre livre \u00ab\u00a0Feng Shui et Aroma pour un int\u00e9rieur joyeux et serein\u00a0\u00bb. Les huiles essentielles deviennent ainsi un outil \u00e0 part enti\u00e8re structurant et valorisant les lieux et les occupants.<\/td><\/tr><tr><td>12H-13H<\/td><td>Florentine MASSON<\/td><td width=\"243\">Olfactoth\u00e9rapie<\/td><td width=\"523\">\u00a0<\/td><\/tr><tr><td>13H-14H<\/td><td>V\u00e9ronique WAUMANS<\/td><td width=\"243\">G\u00e9om\u00e9trie Sacr\u00e9e dans nos lieux de vie et de travail.<\/td><td width=\"523\"><p>\u00ab\u00a0Si vous ne parvenez pas \u00e0 concr\u00e9tiser vos projets personnels ou professionnels;<br \/>Si vous \u00eates sensible aux ondes \u00e9lectromagn\u00e9tiques ;<br \/>Si vous d\u00e9sirez vous prot\u00e9ger contre les ondes \u00e9lectromagn\u00e9tiques de tous types ;<br \/>Si votre lieu de r\u00e9sidence s&rsquo;encombre malgr\u00e9 vous ;<br \/>Si vous \u00eates confront\u00e9 \u00e0 une discordance dans votre lieu de r\u00e9sidence ou de travail;<br \/>Si vous \u00eates confront\u00e9 \u00e0 des probl\u00e8mes de sant\u00e9 ;<br \/>Si vous \u00eates apathique et \u00e9puis\u00e9;<br \/>Si votre nuit n&rsquo;est pas r\u00e9paratrice ;<\/p><p>La G\u00e9om\u00e9trie de Vie peut vous apporter des solutions !\u00a0\u00bb<\/p><\/td><\/tr><tr><td>14H-15H<\/td><td>Julien DELANSSAY<\/td><td width=\"243\"><span data-sheets-root=\"1\">Astrologie<\/span><\/td><td width=\"523\">\u00a0<\/td><\/tr><tr><td>15H-16H<\/td><td>Lucille RENAUD<\/td><td width=\"243\"><span data-sheets-root=\"1\">D\u00e9couverte des constellations familiales, syst\u00e9miques et chamaniques<\/span><\/td><td width=\"523\"><span data-sheets-root=\"1\">Dans cette conf\u00e9rence, nous vous proposons de vous expliquer comment fonctionnent les constellations, en quoi elles peuvent vous \u00eatre utiles, et de tester, au travers de petits exercices cet outil incroyable! Pour tous ceux qui ont envie d&rsquo;essayer mais n&rsquo;osent pas, c&rsquo;est l&rsquo;occasion de d\u00e9couvrir en douceur \u2026<\/span><\/td><\/tr><tr><td>16H-17H<\/td><td>SAVOIRS DU C\u0152UR<\/td><td width=\"243\">Apprendre des animaux, Source de gu\u00e9rison<\/td><td width=\"523\"><p>Leurs impacts th\u00e9rapeutiques dans notre existence<br \/>La communication animale et la dimension spirituelle<\/p><p>Intervenant : Abdel Anik<\/p><\/td><\/tr><tr><td>17H-18H<\/td><td>Femmes d&rsquo;Himalaya<\/td><td width=\"243\">Etre une femme au Zanskar<\/td><td width=\"523\">En 15 ans, avec l&rsquo;arriv\u00e9e de la route, la vie est train de profond\u00e9ment changer au Zanskar (Himalaya Indien). Quels sont les impacts sur les femmes que nous aidons, quelle avenir pour elles. Photos et vid\u00e9os \u00e0 l&rsquo;appui, vous d\u00e9couvrirez cette belle vall\u00e9e tr\u00e8s isol\u00e9e du Zanskar, Ladakh, Inde. Une entr\u00e9e en mati\u00e8re pour le concert de musique indienne qui suivra, au b\u00e9n\u00e9fice des actions de l&rsquo;association.<\/td><\/tr><\/tbody><\/table>\t\t\t\t\t\t\t\t<\/div>\n\t\t\t\t<\/div>\n\t\t\t\t\t<\/div>\n\t\t<\/div>\n\t\t\t\t\t<\/div>\n\t\t<\/section>\n\t\t\t\t<section class=\"elementor-section elementor-top-section elementor-element elementor-element-d386cc5 elementor-section-boxed elementor-section-height-default elementor-section-height-default\" data-id=\"d386cc5\" data-element_type=\"section\" data-e-type=\"section\">\n\t\t\t\t\t\t<div class=\"elementor-container elementor-column-gap-default\">\n\t\t\t\t\t<div class=\"elementor-column elementor-col-100 elementor-top-column elementor-element elementor-element-6e727b3\" data-id=\"6e727b3\" data-element_type=\"column\" data-e-type=\"column\">\n\t\t\t<div class=\"elementor-widget-wrap elementor-element-populated\">\n\t\t\t\t\t\t<div class=\"elementor-element elementor-element-d63e6e3 elementor-widget elementor-widget-heading\" data-id=\"d63e6e3\" data-element_type=\"widget\" data-e-type=\"widget\" data-widget_type=\"heading.default\">\n\t\t\t\t<div class=\"elementor-widget-container\">\n\t\t\t\t\t<h4 class=\"elementor-heading-title elementor-size-default\">salle 1<\/h4>\t\t\t\t<\/div>\n\t\t\t\t<\/div>\n\t\t\t\t<div class=\"elementor-element elementor-element-9499e29 elementor-widget elementor-widget-text-editor\" data-id=\"9499e29\" data-element_type=\"widget\" data-e-type=\"widget\" data-widget_type=\"text-editor.default\">\n\t\t\t\t<div class=\"elementor-widget-container\">\n\t\t\t\t\t\t\t\t\t<table dir=\"ltr\" border=\"1\" cellspacing=\"0\" cellpadding=\"0\" data-sheets-root=\"1\" data-sheets-baot=\"1\"><colgroup> <col width=\"97\" \/> <col width=\"205\" \/> <col width=\"325\" \/> <col width=\"597\" \/><\/colgroup><tbody><tr><td>Horaire<\/td><td>Intervenant<\/td><td>Titre<\/td><td>Description<\/td><\/tr><tr><td>10H -11H<\/td><td>Karine WURSTEN<\/td><td>Groupe de Paroles sur la D\u00e9pendance Affective et Confiance en Soi<\/td><td>&#8211; Vous trouvez souvent votre Valeur, votre Bonheur principalement \u00e0 travers le regard des Autres ? &#8211; Vous avez du mal \u00e0 vous sentir Satisfait et Bien dans votre Peau quand vous vous retrouvez Seul(e) face \u00e0 vos choix et prise de d\u00e9cisions et vous avez besoin fr\u00e9quemment de Validation ext\u00e9rieure et de Compagnie pour vous sentir Aim\u00e9 ? * D\u00e9couvrez comment reprendre la ma\u00eetrise de vos \u00c9motions et renforcer votre Estime de Soi * Rejoignez mon Atelier Int\u00e9ractif et Bienveillant lors du Salon du Mieux-\u00catre et explorez des Techniques essentielles pour vivre une existence plus Saine,\u00c9quilibr\u00e9e et \u00c9panouissante * R\u00e9servez ce temps de Partage d\u00e9di\u00e9 pour Vous, pour parvenir \u00e0 transformer votre Bien-\u00catre Affectif et retrouver votre Ind\u00e9pendance \u00c9motionnelle<\/td><\/tr><tr><td>11H-12H<\/td><td>Laetitia VIVOT DIET<\/td><td>\u00a0<\/td><td>\u00a0<\/td><\/tr><tr><td>12H-13H<\/td><td>Virginie ESCALLE<\/td><td>Comprendre et tester les \u00e9tats modifi\u00e9s de conscience !<\/td><td>Dans la journ\u00e9e la fr\u00e9quence des ondes c\u00e9r\u00e9brales varient naturellement plus ou moins vite. Apr\u00e8s une courte explication, vous testerez guid\u00e9 par ma voix : une m\u00e9ditation, une induction hypnotique et un r\u00eave \u00e9veill\u00e9 . Ces \u00e9tats de conscience modifi\u00e9e se traduisent physiologiquement, par un ralentissement des ondes c\u00e9r\u00e9brales.<\/td><\/tr><tr><td>13H-14H<\/td><td>Valentine ANTHEAUME<\/td><td>Voyage au Tambour chamanique<\/td><td>Je vous invite \u00e0 partager un moment de voyage int\u00e9rieur, et de partages autour du cercle. Venez vibrer au son du tambour chamanique pendant cet espace hors du temps, vous serez emmener \u00e0 vous reconnecter \u00e0 vos sensations, d\u00e9couvrir de nouvelles facettes de vous m\u00eame, vous ancrer \u00e0 la Terre M\u00e8re.<\/td><\/tr><tr><td>14H-15H<\/td><td>Val\u00e9rie GERVASONI<\/td><td>Communication Animale et V\u00e9g\u00e9tale<\/td><td>La communication intuitive permet de se connecter \u00e0 l\u2019animal et au\u00a0v\u00e9g\u00e9tale. La t\u00e9l\u00e9pathie nous ouvre \u00e0 un monde plus grand, dans\u00a0toute sa sensibilit\u00e9 et sa beaut\u00e9. Vous avez tous ce merveilleux\u00a0potentiel en vous que vous avez \u00e0 d\u00e9couvrir ou \u00e0 faire grandir.<\/td><\/tr><tr><td>15H-16H<\/td><td>Christophe ROSSAT<\/td><td>Devenez Th\u00e9rapeute Emotionnel Familial et Transg\u00e9n\u00e9rationnel TEFT<\/td><td>Oui : vous pourrez acqu\u00e9rir l&rsquo;exp\u00e9rience, la posture et la s\u00e9r\u00e9nit\u00e9 n\u00e9cessaire tout au long des modules autant th\u00e9oriques que pratiques d\u00e9di\u00e9s \u00e0 la ma\u00eetrise du D\u00e9codage Biologique, des outils th\u00e9rapeutiques de l&rsquo;inconscient et de la th\u00e9rapie Transg\u00e9n\u00e9rationnelle en vous formant \u00e0 la TEFT.<br \/>Que vous soyez d\u00e9j\u00e0 dans l&rsquo;accompagnement, int\u00e9resse(\u00e9) par cela ou juste tr\u00e8s ouvert(e) aux probl\u00e8mes des autres, vous pouvez rapidement devenir un(e) Th\u00e9rapeute TEFT comp\u00e9tent(e), capable de remonter aux sources des probl\u00e9matiques de vos consultants et de les r\u00e9gler d\u00e9finitivement et rapidement.<\/td><\/tr><tr><td>16H-17H<\/td><td><p>Christian CROSET<\/p><\/td><td><p><span data-sheets-root=\"1\">M\u00e9decine Traditionnelle Chinoise : une introduction<\/span><\/p><\/td><td><span data-sheets-root=\"1\">\u00c9l\u00e9ments d&rsquo;information et de r\u00e9flexion sur la question de la M\u00e9decine Traditionnelle Chinoise, et questions\/r\u00e9ponses aux personnes pr\u00e9sentes<\/span><\/td><\/tr><tr><td>17H-18H<\/td><td>Marie RUER<\/td><td>Comment se lib\u00e9rer du stress gr\u00e2ce \u00e0 son corps?<\/td><td>Le corps est une machine extraordinaire, il a cette capacit\u00e9 incroyable de vouloir notre bonheur et de se souvenir de tout ce qui lui a caus\u00e9 du tords !<br \/>Quand on ne l&rsquo;\u00e9coute plus, quand on le comprends pas, il perd son r\u00f4le de guide et il cherche \u00e0 se faire entendre par tous les moyens : douleurs, stress, tensions, fatigue, nervosit\u00e9 &#8230;<br \/>Comprendre ses m\u00e9canismes, son fonctionnement, et ses messages permet de se lib\u00e9rer des stress et tensions du quotidien. <br \/>Pour enfin \u00e9couter votre corps et qu&rsquo;il reprenne son r\u00f4le d&rsquo;alli\u00e9 de votre bien \u00eatre !<\/td><\/tr><\/tbody><\/table>\t\t\t\t\t\t\t\t<\/div>\n\t\t\t\t<\/div>\n\t\t\t\t\t<\/div>\n\t\t<\/div>\n\t\t\t\t\t<\/div>\n\t\t<\/section>\n\t\t\t\t<section class=\"elementor-section elementor-top-section elementor-element elementor-element-706f10d elementor-section-boxed elementor-section-height-default elementor-section-height-default\" data-id=\"706f10d\" data-element_type=\"section\" data-e-type=\"section\">\n\t\t\t\t\t\t<div class=\"elementor-container elementor-column-gap-default\">\n\t\t\t\t\t<div class=\"elementor-column elementor-col-100 elementor-top-column elementor-element elementor-element-f8fb30f\" data-id=\"f8fb30f\" data-element_type=\"column\" data-e-type=\"column\">\n\t\t\t<div class=\"elementor-widget-wrap elementor-element-populated\">\n\t\t\t\t\t\t<div class=\"elementor-element elementor-element-3a76b96 elementor-widget elementor-widget-heading\" data-id=\"3a76b96\" data-element_type=\"widget\" data-e-type=\"widget\" data-widget_type=\"heading.default\">\n\t\t\t\t<div class=\"elementor-widget-container\">\n\t\t\t\t\t<h4 class=\"elementor-heading-title elementor-size-default\">salle 2<\/h4>\t\t\t\t<\/div>\n\t\t\t\t<\/div>\n\t\t\t\t<div class=\"elementor-element elementor-element-3b37d3f elementor-widget elementor-widget-text-editor\" data-id=\"3b37d3f\" data-element_type=\"widget\" data-e-type=\"widget\" data-widget_type=\"text-editor.default\">\n\t\t\t\t<div class=\"elementor-widget-container\">\n\t\t\t\t\t\t\t\t\t<table dir=\"ltr\" border=\"1\" cellspacing=\"0\" cellpadding=\"0\" data-sheets-root=\"1\" data-sheets-baot=\"1\"><colgroup><col width=\"97\" \/><col width=\"205\" \/><col width=\"325\" \/><col width=\"597\" \/><\/colgroup><tbody><tr><td>Horaire<\/td><td>Intervenant<\/td><td>Titre<\/td><td>Description<\/td><\/tr><tr><td>10H -11H<\/td><td>Jeanne de PETIVILLE<\/td><td>\u00a0<\/td><td>\u00a0<\/td><\/tr><tr><td>11H-12H30<\/td><td>Terry PONCHON<\/td><td>Travailler avec les quatres \u00e9l\u00e9ments en chamanisme<\/td><td>\u00a0<\/td><\/tr><tr><td>12H30-14H<\/td><td>Christiane AZIDANE<\/td><td>Constellation familiale et symbolique<\/td><td>Nous \u00e9voluons constamment dans des \u00ab\u00a0sph\u00e8res familiales\u00a0\u00bb : au travail, dans nos activit\u00e9s sportives,culturelles et associatives.<br \/>La m\u00e9decine symbolique permet \u00e0 chacun de retrouver sa juste place et le balai des baguettes qui placent les personnes selon se qu&rsquo;il y a \u00e0 comprendre est une exp\u00e9rience in\u00e9dite.<\/td><\/tr><tr><td>14H-15H<\/td><td>Doroth\u00e9e DURAND<\/td><td>Ameliorez votre quotidien : revivez vos reflexes archa\u00efques<\/td><td>J&rsquo;ai du mal a faire des choix, \u00e0 aller au bout de mes projets<br \/>Je suis toujours fatigu\u00e9-e et je ne comprends pas pourquoi<br \/>Je d\u00e9teste qu\u2019on me touche, surtout dans le dos<br \/>Je n&rsquo;arrive pas \u00e0 rester assis-e, j&rsquo;ai toujours la bougeotte<br \/>Je m\u00e9lange syst\u00e9matiquement les b et les p&#8230;<br \/><br \/>Vous &#8211; votre enfant &#8211; rencontrez ce genre de difficult\u00e9s ? Elles peuvent \u00eatre li\u00e9es a des reflexes archa\u00efques non int\u00e9gr\u00e9s.<br \/>Lors de cet atelier, d\u00e9couvrez et pratiquez diff\u00e9rentes techniques d&rsquo;integration des reflexes dans les 3 sph\u00e8res : \u00e9motionnelle, cognitive et corporelle<\/td><\/tr><tr><td>15H-16H<\/td><td>Aur\u00e9lie ARNAUD<\/td><td>D\u00e9couverte de BIODANZA -Danse de la Vie-<\/td><td>Osez entrer dans la ronde, exprimez votre \u00eatre au monde avec tous vos potentiels ! Plongez dans cette fabuleuse pratique de remise en mouvements naturels de Vie, avec des danses, seul&rsquo;e, \u00e0 2, \u00e0 plusieurs, en ronde, en marche, &#8230; sur des musiques vari\u00e9es. Surfez sur cette vague revitalisante et unifiante, avec une phase dynamique, joyeuse, rythm\u00e9e, tonique, &#8230; et une ralentie, rel\u00e2chante, harmonisante, profonde&#8230; <br \/>= Offrez-vous ce partage chal&rsquo;Heureux, convivial, ludique, d\u00e9tendant, a&rsquo;grandissant, cr\u00e9atif &#8230; de quoi vous sentir vivant&rsquo;e, pr\u00e9sent&rsquo;e, r\u00e9\u00c9veill\u00e9&rsquo;e, ressourc\u00e9&rsquo;e ! <br \/>(pas de chor\u00e9graphie, juste l&rsquo;enVie de s&rsquo;amuser, bouger avec plaisir et rencontrer Soi, les Autres, l&rsquo;UniVers&#8230; \u00e0 vivre ! )<\/td><\/tr><tr><td>16H-17H<\/td><td>David MICHEL<\/td><td>Ressentir les \u00e9nergies qui nous entourent<\/td><td>Ressentir les \u00e9nergies qui nous entourent aussi bien cosmique que tellurique.<\/td><\/tr><tr><td>17H-18H<\/td><td>Florentine MASSON<\/td><td>Olfactoth\u00e9rapie<\/td><td>\u00a0<\/td><\/tr><\/tbody><\/table>\t\t\t\t\t\t\t\t<\/div>\n\t\t\t\t<\/div>\n\t\t\t\t\t<\/div>\n\t\t<\/div>\n\t\t\t\t\t<\/div>\n\t\t<\/section>\n\t\t\t\t<\/div>\n\t\t","protected":false},"excerpt":{"rendered":"<p>PROGRAMME DU SAMEDI Voir le programme complet de DIMANCHE Voir le programme du salon d&rsquo;un seul coup d&rsquo;oeil Les conf\u00e9rences Horaire Intervenant Titre Description 10H -11H S\u00e9bastien KUNEJ Delta Plan &#8211; Pourquoi et comment la diff\u00e9rence est n\u00e9cessaire \u00e0 l&rsquo;\u00e9volution de l&rsquo;\u00eatre humain ? \u00ab\u00a0A partir de mon exp\u00e9rience personnelle et des prises de conscience [&hellip;]<\/p>\n","protected":false},"author":1,"featured_media":0,"parent":0,"menu_order":0,"comment_status":"closed","ping_status":"closed","template":"","meta":{"footnotes":""},"class_list":["post-3459","page","type-page","status-publish","hentry"],"yoast_head":"<!-- This site is optimized with the Yoast SEO plugin v27.4 - https:\/\/yoast.com\/product\/yoast-seo-wordpress\/ -->\n<title>Programme samedi 12 octobre 2024 - Samie - Le salon du mieux-\u00eatre<\/title>\n<meta name=\"robots\" content=\"index, follow, max-snippet:-1, max-image-preview:large, max-video-preview:-1\" \/>\n<link rel=\"canonical\" href=\"https:\/\/www.samie38.fr\/index.php\/programme-samedi-12-octobre-2024\/\" \/>\n<meta property=\"og:locale\" content=\"fr_FR\" \/>\n<meta property=\"og:type\" content=\"article\" \/>\n<meta property=\"og:title\" content=\"Programme samedi 12 octobre 2024 - Samie - Le salon du mieux-\u00eatre\" \/>\n<meta property=\"og:description\" content=\"PROGRAMME DU SAMEDI Voir le programme complet de DIMANCHE Voir le programme du salon d&rsquo;un seul coup d&rsquo;oeil Les conf\u00e9rences Horaire Intervenant Titre Description 10H -11H S\u00e9bastien KUNEJ Delta Plan &#8211; Pourquoi et comment la diff\u00e9rence est n\u00e9cessaire \u00e0 l&rsquo;\u00e9volution de l&rsquo;\u00eatre humain ? \u00ab\u00a0A partir de mon exp\u00e9rience personnelle et des prises de conscience [&hellip;]\" \/>\n<meta property=\"og:url\" content=\"https:\/\/www.samie38.fr\/index.php\/programme-samedi-12-octobre-2024\/\" \/>\n<meta property=\"og:site_name\" content=\"Samie - Le salon du mieux-\u00eatre\" \/>\n<meta property=\"article:publisher\" content=\"https:\/\/www.facebook.com\/samie38\/\" \/>\n<meta property=\"article:modified_time\" content=\"2025-02-23T16:25:40+00:00\" \/>\n<meta name=\"twitter:card\" content=\"summary_large_image\" \/>\n<meta name=\"twitter:label1\" content=\"Dur\u00e9e de lecture estim\u00e9e\" \/>\n\t<meta name=\"twitter:data1\" content=\"7 minutes\" \/>\n<script type=\"application\/ld+json\" class=\"yoast-schema-graph\">{\"@context\":\"https:\\\/\\\/schema.org\",\"@graph\":[{\"@type\":\"WebPage\",\"@id\":\"https:\\\/\\\/www.samie38.fr\\\/index.php\\\/programme-samedi-12-octobre-2024\\\/\",\"url\":\"https:\\\/\\\/www.samie38.fr\\\/index.php\\\/programme-samedi-12-octobre-2024\\\/\",\"name\":\"Programme samedi 12 octobre 2024 - Samie - Le salon du mieux-\u00eatre\",\"isPartOf\":{\"@id\":\"https:\\\/\\\/www.samie38.fr\\\/#website\"},\"datePublished\":\"2024-07-13T06:53:57+00:00\",\"dateModified\":\"2025-02-23T16:25:40+00:00\",\"breadcrumb\":{\"@id\":\"https:\\\/\\\/www.samie38.fr\\\/index.php\\\/programme-samedi-12-octobre-2024\\\/#breadcrumb\"},\"inLanguage\":\"fr-FR\",\"potentialAction\":[{\"@type\":\"ReadAction\",\"target\":[\"https:\\\/\\\/www.samie38.fr\\\/index.php\\\/programme-samedi-12-octobre-2024\\\/\"]}]},{\"@type\":\"BreadcrumbList\",\"@id\":\"https:\\\/\\\/www.samie38.fr\\\/index.php\\\/programme-samedi-12-octobre-2024\\\/#breadcrumb\",\"itemListElement\":[{\"@type\":\"ListItem\",\"position\":1,\"name\":\"Accueil\",\"item\":\"https:\\\/\\\/www.samie38.fr\\\/\"},{\"@type\":\"ListItem\",\"position\":2,\"name\":\"Programme samedi 12 octobre 2024\"}]},{\"@type\":\"WebSite\",\"@id\":\"https:\\\/\\\/www.samie38.fr\\\/#website\",\"url\":\"https:\\\/\\\/www.samie38.fr\\\/\",\"name\":\"Samie - Le salon du mieux-\u00eatre\",\"description\":\"\",\"publisher\":{\"@id\":\"https:\\\/\\\/www.samie38.fr\\\/#organization\"},\"potentialAction\":[{\"@type\":\"SearchAction\",\"target\":{\"@type\":\"EntryPoint\",\"urlTemplate\":\"https:\\\/\\\/www.samie38.fr\\\/?s={search_term_string}\"},\"query-input\":{\"@type\":\"PropertyValueSpecification\",\"valueRequired\":true,\"valueName\":\"search_term_string\"}}],\"inLanguage\":\"fr-FR\"},{\"@type\":\"Organization\",\"@id\":\"https:\\\/\\\/www.samie38.fr\\\/#organization\",\"name\":\"Samie - Le salon du mieux-\u00eatre\",\"url\":\"https:\\\/\\\/www.samie38.fr\\\/\",\"logo\":{\"@type\":\"ImageObject\",\"inLanguage\":\"fr-FR\",\"@id\":\"https:\\\/\\\/www.samie38.fr\\\/#\\\/schema\\\/logo\\\/image\\\/\",\"url\":\"https:\\\/\\\/www.samie38.fr\\\/wp-content\\\/uploads\\\/2023\\\/04\\\/Banniere-3-e1719984867829.gif\",\"contentUrl\":\"https:\\\/\\\/www.samie38.fr\\\/wp-content\\\/uploads\\\/2023\\\/04\\\/Banniere-3-e1719984867829.gif\",\"width\":900,\"height\":300,\"caption\":\"Samie - Le salon du mieux-\u00eatre\"},\"image\":{\"@id\":\"https:\\\/\\\/www.samie38.fr\\\/#\\\/schema\\\/logo\\\/image\\\/\"},\"sameAs\":[\"https:\\\/\\\/www.facebook.com\\\/samie38\\\/\"]}]}<\/script>\n<!-- \/ Yoast SEO plugin. -->","yoast_head_json":{"title":"Programme samedi 12 octobre 2024 - Samie - Le salon du mieux-\u00eatre","robots":{"index":"index","follow":"follow","max-snippet":"max-snippet:-1","max-image-preview":"max-image-preview:large","max-video-preview":"max-video-preview:-1"},"canonical":"https:\/\/www.samie38.fr\/index.php\/programme-samedi-12-octobre-2024\/","og_locale":"fr_FR","og_type":"article","og_title":"Programme samedi 12 octobre 2024 - Samie - Le salon du mieux-\u00eatre","og_description":"PROGRAMME DU SAMEDI Voir le programme complet de DIMANCHE Voir le programme du salon d&rsquo;un seul coup d&rsquo;oeil Les conf\u00e9rences Horaire Intervenant Titre Description 10H -11H S\u00e9bastien KUNEJ Delta Plan &#8211; Pourquoi et comment la diff\u00e9rence est n\u00e9cessaire \u00e0 l&rsquo;\u00e9volution de l&rsquo;\u00eatre humain ? \u00ab\u00a0A partir de mon exp\u00e9rience personnelle et des prises de conscience [&hellip;]","og_url":"https:\/\/www.samie38.fr\/index.php\/programme-samedi-12-octobre-2024\/","og_site_name":"Samie - Le salon du mieux-\u00eatre","article_publisher":"https:\/\/www.facebook.com\/samie38\/","article_modified_time":"2025-02-23T16:25:40+00:00","twitter_card":"summary_large_image","twitter_misc":{"Dur\u00e9e de lecture estim\u00e9e":"7 minutes"},"schema":{"@context":"https:\/\/schema.org","@graph":[{"@type":"WebPage","@id":"https:\/\/www.samie38.fr\/index.php\/programme-samedi-12-octobre-2024\/","url":"https:\/\/www.samie38.fr\/index.php\/programme-samedi-12-octobre-2024\/","name":"Programme samedi 12 octobre 2024 - Samie - Le salon du mieux-\u00eatre","isPartOf":{"@id":"https:\/\/www.samie38.fr\/#website"},"datePublished":"2024-07-13T06:53:57+00:00","dateModified":"2025-02-23T16:25:40+00:00","breadcrumb":{"@id":"https:\/\/www.samie38.fr\/index.php\/programme-samedi-12-octobre-2024\/#breadcrumb"},"inLanguage":"fr-FR","potentialAction":[{"@type":"ReadAction","target":["https:\/\/www.samie38.fr\/index.php\/programme-samedi-12-octobre-2024\/"]}]},{"@type":"BreadcrumbList","@id":"https:\/\/www.samie38.fr\/index.php\/programme-samedi-12-octobre-2024\/#breadcrumb","itemListElement":[{"@type":"ListItem","position":1,"name":"Accueil","item":"https:\/\/www.samie38.fr\/"},{"@type":"ListItem","position":2,"name":"Programme samedi 12 octobre 2024"}]},{"@type":"WebSite","@id":"https:\/\/www.samie38.fr\/#website","url":"https:\/\/www.samie38.fr\/","name":"Samie - Le salon du mieux-\u00eatre","description":"","publisher":{"@id":"https:\/\/www.samie38.fr\/#organization"},"potentialAction":[{"@type":"SearchAction","target":{"@type":"EntryPoint","urlTemplate":"https:\/\/www.samie38.fr\/?s={search_term_string}"},"query-input":{"@type":"PropertyValueSpecification","valueRequired":true,"valueName":"search_term_string"}}],"inLanguage":"fr-FR"},{"@type":"Organization","@id":"https:\/\/www.samie38.fr\/#organization","name":"Samie - Le salon du mieux-\u00eatre","url":"https:\/\/www.samie38.fr\/","logo":{"@type":"ImageObject","inLanguage":"fr-FR","@id":"https:\/\/www.samie38.fr\/#\/schema\/logo\/image\/","url":"https:\/\/www.samie38.fr\/wp-content\/uploads\/2023\/04\/Banniere-3-e1719984867829.gif","contentUrl":"https:\/\/www.samie38.fr\/wp-content\/uploads\/2023\/04\/Banniere-3-e1719984867829.gif","width":900,"height":300,"caption":"Samie - Le salon du mieux-\u00eatre"},"image":{"@id":"https:\/\/www.samie38.fr\/#\/schema\/logo\/image\/"},"sameAs":["https:\/\/www.facebook.com\/samie38\/"]}]}},"jetpack_sharing_enabled":true,"_links":{"self":[{"href":"https:\/\/www.samie38.fr\/index.php\/wp-json\/wp\/v2\/pages\/3459","targetHints":{"allow":["GET"]}}],"collection":[{"href":"https:\/\/www.samie38.fr\/index.php\/wp-json\/wp\/v2\/pages"}],"about":[{"href":"https:\/\/www.samie38.fr\/index.php\/wp-json\/wp\/v2\/types\/page"}],"author":[{"embeddable":true,"href":"https:\/\/www.samie38.fr\/index.php\/wp-json\/wp\/v2\/users\/1"}],"replies":[{"embeddable":true,"href":"https:\/\/www.samie38.fr\/index.php\/wp-json\/wp\/v2\/comments?post=3459"}],"version-history":[{"count":67,"href":"https:\/\/www.samie38.fr\/index.php\/wp-json\/wp\/v2\/pages\/3459\/revisions"}],"predecessor-version":[{"id":6381,"href":"https:\/\/www.samie38.fr\/index.php\/wp-json\/wp\/v2\/pages\/3459\/revisions\/6381"}],"wp:attachment":[{"href":"https:\/\/www.samie38.fr\/index.php\/wp-json\/wp\/v2\/media?parent=3459"}],"curies":[{"name":"wp","href":"https:\/\/api.w.org\/{rel}","templated":true}]}}