{"id":3474,"date":"2024-07-13T09:13:16","date_gmt":"2024-07-13T07:13:16","guid":{"rendered":"https:\/\/www.samie38.fr\/?page_id=3474"},"modified":"2024-10-06T11:16:35","modified_gmt":"2024-10-06T09:16:35","slug":"programme-dimanche-13-octobre-2024","status":"publish","type":"page","link":"https:\/\/www.samie38.fr\/index.php\/programme-dimanche-13-octobre-2024\/","title":{"rendered":"Programme dimanche 13 octobre 2024"},"content":{"rendered":"\t\t<div data-elementor-type=\"wp-page\" data-elementor-id=\"3474\" class=\"elementor elementor-3474\" data-elementor-post-type=\"page\">\n\t\t\t\t\t\t<section class=\"elementor-section elementor-top-section elementor-element elementor-element-aa5000b elementor-section-boxed elementor-section-height-default elementor-section-height-default\" data-id=\"aa5000b\" data-element_type=\"section\" data-e-type=\"section\">\n\t\t\t\t\t\t<div class=\"elementor-container elementor-column-gap-default\">\n\t\t\t\t\t<div class=\"elementor-column elementor-col-100 elementor-top-column elementor-element elementor-element-1c3b91a\" data-id=\"1c3b91a\" data-element_type=\"column\" data-e-type=\"column\">\n\t\t\t<div class=\"elementor-widget-wrap elementor-element-populated\">\n\t\t\t\t\t\t<div class=\"elementor-element elementor-element-4837a9a elementor-widget elementor-widget-heading\" data-id=\"4837a9a\" data-element_type=\"widget\" data-e-type=\"widget\" data-widget_type=\"heading.default\">\n\t\t\t\t<div class=\"elementor-widget-container\">\n\t\t\t\t\t<h2 class=\"elementor-heading-title elementor-size-default\">programme du dimanche<\/h2>\t\t\t\t<\/div>\n\t\t\t\t<\/div>\n\t\t\t\t\t<\/div>\n\t\t<\/div>\n\t\t\t\t\t<\/div>\n\t\t<\/section>\n\t\t\t\t<section class=\"elementor-section elementor-top-section elementor-element elementor-element-4b3bdda elementor-section-boxed elementor-section-height-default elementor-section-height-default\" data-id=\"4b3bdda\" data-element_type=\"section\" data-e-type=\"section\">\n\t\t\t\t\t\t<div class=\"elementor-container elementor-column-gap-default\">\n\t\t\t\t\t<div class=\"elementor-column elementor-col-50 elementor-top-column elementor-element elementor-element-7dcf816\" data-id=\"7dcf816\" data-element_type=\"column\" data-e-type=\"column\">\n\t\t\t<div class=\"elementor-widget-wrap elementor-element-populated\">\n\t\t\t\t\t\t<div class=\"elementor-element elementor-element-919f953 elementor-align-center elementor-widget elementor-widget-button\" data-id=\"919f953\" data-element_type=\"widget\" data-e-type=\"widget\" data-widget_type=\"button.default\">\n\t\t\t\t<div class=\"elementor-widget-container\">\n\t\t\t\t\t\t\t\t\t<div class=\"elementor-button-wrapper\">\n\t\t\t\t\t<a class=\"elementor-button elementor-button-link elementor-size-sm\" href=\"https:\/\/www.samie38.fr\/index.php\/programme-samedi-12-octobre-2024\/\">\n\t\t\t\t\t\t<span class=\"elementor-button-content-wrapper\">\n\t\t\t\t\t\t\t\t\t<span class=\"elementor-button-text\">Voir le programme complet de SAMEDI<\/span>\n\t\t\t\t\t<\/span>\n\t\t\t\t\t<\/a>\n\t\t\t\t<\/div>\n\t\t\t\t\t\t\t\t<\/div>\n\t\t\t\t<\/div>\n\t\t\t\t\t<\/div>\n\t\t<\/div>\n\t\t\t\t<div class=\"elementor-column elementor-col-50 elementor-top-column elementor-element elementor-element-6ad632f\" data-id=\"6ad632f\" data-element_type=\"column\" data-e-type=\"column\">\n\t\t\t<div class=\"elementor-widget-wrap elementor-element-populated\">\n\t\t\t\t\t\t<div class=\"elementor-element elementor-element-6f807fa elementor-align-center elementor-widget elementor-widget-button\" data-id=\"6f807fa\" data-element_type=\"widget\" data-e-type=\"widget\" data-widget_type=\"button.default\">\n\t\t\t\t<div class=\"elementor-widget-container\">\n\t\t\t\t\t\t\t\t\t<div class=\"elementor-button-wrapper\">\n\t\t\t\t\t<a class=\"elementor-button elementor-button-link elementor-size-sm\" href=\"https:\/\/www.samie38.fr\/index.php\/conferences-octobre-2024\/#ProgrammeCoupOeil\">\n\t\t\t\t\t\t<span class=\"elementor-button-content-wrapper\">\n\t\t\t\t\t\t\t\t\t<span class=\"elementor-button-text\">Voir le programme du salon d'un seul coup d'oeil<\/span>\n\t\t\t\t\t<\/span>\n\t\t\t\t\t<\/a>\n\t\t\t\t<\/div>\n\t\t\t\t\t\t\t\t<\/div>\n\t\t\t\t<\/div>\n\t\t\t\t\t<\/div>\n\t\t<\/div>\n\t\t\t\t\t<\/div>\n\t\t<\/section>\n\t\t\t\t<section class=\"elementor-section elementor-top-section elementor-element elementor-element-654050f elementor-section-boxed elementor-section-height-default elementor-section-height-default\" data-id=\"654050f\" data-element_type=\"section\" data-e-type=\"section\">\n\t\t\t\t\t\t<div class=\"elementor-container elementor-column-gap-default\">\n\t\t\t\t\t<div class=\"elementor-column elementor-col-100 elementor-top-column elementor-element elementor-element-5f84a79\" data-id=\"5f84a79\" data-element_type=\"column\" data-e-type=\"column\">\n\t\t\t<div class=\"elementor-widget-wrap elementor-element-populated\">\n\t\t\t\t\t\t<div class=\"elementor-element elementor-element-a7d935d elementor-widget elementor-widget-heading\" data-id=\"a7d935d\" data-element_type=\"widget\" data-e-type=\"widget\" data-widget_type=\"heading.default\">\n\t\t\t\t<div class=\"elementor-widget-container\">\n\t\t\t\t\t<h4 class=\"elementor-heading-title elementor-size-default\">Les conf\u00e9rences<\/h4>\t\t\t\t<\/div>\n\t\t\t\t<\/div>\n\t\t\t\t<div class=\"elementor-element elementor-element-92ce43b elementor-widget elementor-widget-text-editor\" data-id=\"92ce43b\" data-element_type=\"widget\" data-e-type=\"widget\" data-widget_type=\"text-editor.default\">\n\t\t\t\t<div class=\"elementor-widget-container\">\n\t\t\t\t\t\t\t\t\t<table width=\"975\"><tbody><tr><td width=\"86\">Horaire<\/td><td width=\"123\">Intervenant<\/td><td width=\"243\">Sp\u00e9cialit\u00e9<\/td><td width=\"523\">Description<\/td><\/tr><tr><td>10H-11H \u00a0\u00a0<\/td><td>Aur\u00e9lie HAMEL<\/td><td width=\"243\"><span data-sheets-root=\"1\">Venez d\u00e9couvrir le magn\u00e9tisme et l&rsquo;hypnose r\u00e9gressive et spirituelle\u00a0<\/span><\/td><td width=\"523\"><span data-sheets-root=\"1\">\u00ab\u00a0Je pr\u00e9sente et explique mon approche en donnant des exemples sur quoi on peut travailler en hypnose et magn\u00e9tisme. <br \/>Et donc des \u00e9changes avec les visiteurs.\u00a0\u00bb<\/span><\/td><\/tr><tr><td>11H-12H<\/td><td>Serge LABBAYE<\/td><td width=\"243\"><span data-sheets-root=\"1\">La g\u00e9obiologie pour l&rsquo;harmonie des lieux de vie\u00a0<\/span><\/td><td width=\"523\">Du v\u00e9g\u00e9tal au min\u00e9rale, de l&rsquo;animal \u00e0 l&rsquo;humain les lieux influencent le vivant. Venez d\u00e9couvrir pourquoi et comment.\u00a0<\/td><\/tr><tr><td>12H-13H<\/td><td>Elise SOUGEY<\/td><td width=\"243\"><span data-sheets-root=\"1\">Comment soulager vos douleurs corporelles et retrouver votre vitalit\u00e9 naturellement et avec bienveillance<\/span><\/td><td width=\"523\"><p>\u00ab\u00a0Fibromyalgie ? Douleurs \/ maladies \u00ab\u00a0invisibles\u00a0\u00bb\u00a0 ou sans solutions pour vous soulager ?? <br \/>Vous en avez assez d&rsquo;entendre ces phrases clich\u00e9es qui minimisent vos ressentis :<br \/>\u201cC\u2019est psychologique, vous devez vous d\u00e9tendre.\u201d<br \/>\u201cC&rsquo;est dans votre t\u00eate, vous devriez voir un psy.\u201d<\/p><p>Il est temps de mettre fin \u00e0 ces jugements et de reconna\u00eetre que la douleur, le stress et la fatigue ne sont pas toujours \u00e9vidents \u00e0 comprendre.<\/p><p>Non, vous ne divaguez pas Mesdames. <br \/>Je sais que votre douleur est bien r\u00e9elle.<br \/>Je peux vous aider \u00e0 la comprendre et la soulager.<\/p><p>Il est temps d&rsquo;explorer de nouvelles perspectives pour vous r\u00e9concilier et vous reconnecter \u00e0 votre corps. Pour retrouver votre vitalit\u00e9 !\u00a0\u00bb<\/p><\/td><\/tr><tr><td>13H-14H<\/td><td>M\u00e9lissa LIRET<\/td><td width=\"243\"><span data-sheets-root=\"1\">Ma maison au c\u0153ur de mon bien-\u00eatre : les cl\u00e9s du home organising.<\/span><\/td><td width=\"523\"><p>On n&rsquo;a jamais eu autant besoin de se sentir bien chez soi. D\u00e9couvrez les \u00e9l\u00e9ments cl\u00e9s du home organising pour faire de votre lieu de vie un cocon et vivre plus sereinement votre quotidien. Repartez avec une m\u00e9thode pas \u00e0 pas : Je me pr\u00e9pare physiquement et mentalement \u23ae Je d\u00e9sencombre en conscience \u23ae Je range pratique \u23ae Je mets en place de nouvelles habitudes. Avec tous mes conseils pratiques, mes retours d&rsquo;exp\u00e9rience et mes r\u00e9ponses \u00e0 vos questions.\u00a0<\/p><\/td><\/tr><tr><td>14H-15H<\/td><td>Terry PONCHON<\/td><td width=\"243\">Le chamanisme aujourd&rsquo;hui\u00a0<\/td><td width=\"523\">\u00a0<\/td><\/tr><tr><td>15H-16H<\/td><td><p>Fr\u00e9derique CANTELOUP<\/p><\/td><td width=\"243\"><p><span data-sheets-root=\"1\">Techniques de bien-\u00eatre du b\u00e9b\u00e9 et de l&rsquo;enfant de la naissance \u00e0 12 ans<\/span><\/p><\/td><td width=\"523\"><p><span data-sheets-root=\"1\">\u00ab\u00a0Parents, enfants, \u00e9ducateurs, enseignants, professionnels de la sant\u00e9, th\u00e9rapeutes&#8230;Venez d\u00e9couvrir les bienfaits du bain envelopp\u00e9, de l&rsquo;hydroth\u00e9rapie, du massage b\u00e9b\u00e9, du massage habill\u00e9 enfant, de la relaxation ludique et de la sophrologie.<br \/>Toutes les activit\u00e9s que je pratique au cabinet de Jarrie sont d\u00e9velopp\u00e9es lors de cette conf\u00e9rence.<br \/>Votre b\u00e9b\u00e9 a des RGO (Reflux Gastro-Oesophagien), des coliques, des troubles du sommeil, douleurs de pouss\u00e9es dentaires, pleure beaucoup ou vous souhaitez simplement que votre b\u00e9b\u00e9 \u00e9volue dans un milieu aquatique en toute autonomie pour d\u00e9velopper sa motricit\u00e9 et sa confiance en lui, je vous d\u00e9cris les atouts de l&rsquo;hydroth\u00e9rapie.<br \/>Vous souhaitez donner un bain enveloppant et rassurant \u00e0 votre b\u00e9b\u00e9, apprendre \u00e0 le masser, je vous explique l&rsquo;accompagnement d&rsquo;une s\u00e9ance de deux heures avec vous et votre b\u00e9b\u00e9.<br \/>Votre enfant est TDAH, DYS, parent-enfant vous d\u00e9sirez resserrer le lien d&rsquo;attachement, la confiance et la complicit\u00e9 l&rsquo;un vers l&rsquo;autre, d\u00e9couvrez les pouvoirs de la relaxation ludique et de la sophrologie.\u00a0\u00bb<\/span><\/p><\/td><\/tr><tr><td>16H-17H<\/td><td>Gilles IMBERT<\/td><td width=\"243\"><span data-sheets-root=\"1\">A quoi sert l&rsquo;enn\u00e9agramme ?<\/span><\/td><td width=\"523\"><span data-sheets-root=\"1\">D\u00e9veloppement personnel, croissance spirituelle, \u00e9panouissement, \u00e9mancipation de l&rsquo;ego, connaissance de soi et des autres ou outil de performance ?<\/span><\/td><\/tr><tr><td>17H-18H<\/td><td>David MICHEL<\/td><td width=\"243\">G\u00e9obiologie et protection\u00a0<\/td><td width=\"523\">Comprendre les effets tellurique et cosmique, aussi bien s\u00fbr le lieu que la personne.<\/td><\/tr><\/tbody><\/table>\t\t\t\t\t\t\t\t<\/div>\n\t\t\t\t<\/div>\n\t\t\t\t\t<\/div>\n\t\t<\/div>\n\t\t\t\t\t<\/div>\n\t\t<\/section>\n\t\t\t\t<section class=\"elementor-section elementor-top-section elementor-element elementor-element-f69f32b elementor-section-boxed elementor-section-height-default elementor-section-height-default\" data-id=\"f69f32b\" data-element_type=\"section\" data-e-type=\"section\">\n\t\t\t\t\t\t<div class=\"elementor-container elementor-column-gap-default\">\n\t\t\t\t\t<div class=\"elementor-column elementor-col-100 elementor-top-column elementor-element elementor-element-f6ecc6c\" data-id=\"f6ecc6c\" data-element_type=\"column\" data-e-type=\"column\">\n\t\t\t<div class=\"elementor-widget-wrap elementor-element-populated\">\n\t\t\t\t\t\t<div class=\"elementor-element elementor-element-5eeb925 elementor-widget elementor-widget-heading\" data-id=\"5eeb925\" data-element_type=\"widget\" data-e-type=\"widget\" data-widget_type=\"heading.default\">\n\t\t\t\t<div class=\"elementor-widget-container\">\n\t\t\t\t\t<h4 class=\"elementor-heading-title elementor-size-default\">salle 1<\/h4>\t\t\t\t<\/div>\n\t\t\t\t<\/div>\n\t\t\t\t<div class=\"elementor-element elementor-element-e33b5a9 elementor-widget elementor-widget-text-editor\" data-id=\"e33b5a9\" data-element_type=\"widget\" data-e-type=\"widget\" data-widget_type=\"text-editor.default\">\n\t\t\t\t<div class=\"elementor-widget-container\">\n\t\t\t\t\t\t\t\t\t<table dir=\"ltr\" border=\"1\" cellspacing=\"0\" cellpadding=\"0\" data-sheets-root=\"1\" data-sheets-baot=\"1\"><colgroup> <col width=\"97\" \/> <col width=\"205\" \/> <col width=\"277\" \/> <col width=\"597\" \/><\/colgroup><tbody><tr><td>Horaire<\/td><td>Intervenant<\/td><td>Sp\u00e9cialit\u00e9<\/td><td>Description<\/td><\/tr><tr><td>10H -11H<\/td><td>Aur\u00e9lie ARNAUD<\/td><td>EXP\u00c9RIMENTEZ LA CIRCULATION DE L&rsquo;\u00c9NERGIE<\/td><td>Pratiquez et ressentez simplement la transMission de l&rsquo;\u00c9nergie Universelle de Vie, pour Soi, \u00e0 travers Nous et sur l&rsquo;Autre. <br \/>Venez d\u00e9couvrir la posture de canal, en vous posant dans votre corps, reli\u00e9 \u00e0 la Terre et au Ciel, dans votre coeur, en pr\u00e9sence au pr\u00e9sent. Laissez s&rsquo;\u00e9couler la Source Divine UNcarn\u00e9e \u00e0 travers vous. Go\u00fbtez l&rsquo;exp\u00e9rience, avec sensations, perceptions, \u00e9coute sensible, r\u00e9ceptivit\u00e9, l\u00e2cher prise, accueil, . . .<br \/>= PRENONS SOIN -Soi&rsquo;Un-, avec \u00e9cologie de Soi, des Autres et de la Plan\u00e8te, pour co&rsquo;cr\u00e9er le monde dans lequel nous choisissons de vivre, avec \u00c2Mour ! Alors vibrons la Joie, la Paix, l&rsquo;Amour, l&rsquo;Equilibre, l&rsquo;Unit\u00e9, la Vie et + !<\/td><\/tr><tr><td>11H-12H<\/td><td>Christian CROSET<\/td><td>Qi Gong, une initiation<\/td><td>Initiation\/pratique du Qi Gong, ax\u00e9e sur quelques mouvements simples issus de diff\u00e9rentes formes de Qi Gong, et si les participants s&rsquo;av\u00e8rent tous pratiquants, peut-\u00eatre une forme de Zhi Neng Qi Gong pour renforcer le Qi du Poumon, puisque ce sera l&rsquo;automne<\/td><\/tr><tr><td>12H-13H<\/td><td><p>Isabelle LE MAITRE<\/p><\/td><td>La th\u00e9rapie transg\u00e9n\u00e9rationnelle TEFT\u00a0<\/td><td>D\u00e9couvrez cette th\u00e9rapie transg\u00e9n\u00e9rationnelle bas\u00e9e sur un arbre g\u00e9n\u00e9alogique pour all\u00e9ger votre famille des messages cach\u00e9s, des secrets et des non dits de vos anc\u00eatres<\/td><\/tr><tr><td>13H-14H<\/td><td>Katarina DUGAST<\/td><td>Hauts lieux d\u2019\u00e9nergie autour de Grenoble\u00a0: lieux de gu\u00e9rison et d\u2019initiation<\/td><td><p>Vous vous \u00eates surement pos\u00e9 une question pourquoi vous vous sentez attir\u00e9 vers un lieu et r\u00e9pugn\u00e9 par un autre. Des lieux de gu\u00e9rison, de contemplation ou d\u2019initiation se trouvent un peu partout, mais ils peuvent avoir une forme l\u00e9g\u00e8rement diff\u00e9rente d\u2019une r\u00e9gion \u00e0 l\u2019autre.<\/p><p>On parlera de lieux particuliers dans notre r\u00e9gion, de leurs fonctions, de leurs effets sur nous et sur notre sant\u00e9, sur la d\u00e9marche pr\u00e9cise pour entrer en corr\u00e9lation vibratoire avec eux, du langage symbolique des l\u00e9gendes\u2026 Je vous propose une visite virtuelle autour des pierres aux cupules, des pierres dites des sacrifices et autres pierres bizarres&#8230; mais pas que.<\/p><p>La conf\u00e9rence est interactive et presque ludique et vise, en m\u00eame temps, de tester vos connaissances de la r\u00e9gion.<\/p><\/td><\/tr><tr><td>14H-15H<\/td><td>Doroth\u00e9e DURAND<\/td><td>Les r\u00e9flexes archa\u00efques &#8211; A l&rsquo;origine de nos comp\u00e9tences<\/td><td>Col\u00e8re excessive, coordination motrice al\u00e9atoire, difficult\u00e9s \u00e0 se concentrer&#8230; Et si c&rsquo;\u00e9tait les r\u00e9flexes archa\u00efques ?<br \/>Notre d\u00e9veloppement moteur, cognitif, affectif et social d\u00e9bute d\u00e8s notre vie intra-ut\u00e9rine gr\u00e2ce \u00e0 l\u2019aide de nos r\u00e9flexes archa\u00efques. Les r\u00e9flexes archa\u00efques jouent un r\u00f4le fondamental dans les nombreuses comp\u00e9tences dont allons avoir besoin dans le cadre scolaire puis professionnel mais \u00e9galement dans notre vie quotidienne, familiale, sociale. Ils peuvent aussi \u00eatre la source de certaines de nos difficult\u00e9s. <br \/>Vous \u00eates parents, enseignants ou simplement curieux de conna\u00eetre cette approche, venez d\u00e9couvrir lors de cette conf\u00e9rence les r\u00e9flexes archa\u00efques, leur impact dans le d\u00e9veloppement de l\u2019enfant, en quoi certaines difficult\u00e9s rencontr\u00e9es sur le plan cognitif, \u00e9motionnel et corporel peuvent \u00eatre li\u00e9s \u00e0 des r\u00e9flexes archa\u00efques non int\u00e9gr\u00e9s et bien sur entrevoir des pistes pr\u00e9ventives et r\u00e9adaptatives.<\/td><\/tr><tr><td>15H-16H<\/td><td><p>\u00a0Isabelle PEYTOUR<\/p><\/td><td><p>Initiation au yoga du rire<\/p><\/td><td>\u00ab\u00a0Le rire sans raison, un l\u00e2cher prise<br \/>Une m\u00e9thode simple et efficace existe avec le yoga du rire. Le yoga du rire est une suite originale d&rsquo;exercices aux effets imm\u00e9diats. Il combine le rire avec la respiration de yoga qui apporte plus d&rsquo;oxyg\u00e8ne au corps et au cerveau entra\u00eenant ainsi plus d&rsquo;\u00e9nergie.\u00a0\u00bb<\/td><\/tr><tr><td>16H-17H<\/td><td>Perrine PINARDON<\/td><td>D\u00e9couverte de la sophrologie<\/td><td>Venez d\u00e9couvrir la sophrologie et ses bienfaits lors d&rsquo;un atelier con\u00e7u sp\u00e9cialement pour vous d\u00e9tendre! La s\u00e9ance d\u00e9butera par un temps d&rsquo;\u00e9changes pour faire connaissance et partager vos attentes. Ensuite, nous pratiquerons des exercices combinant mouvements doux et respiration, suivis d&rsquo;une relaxation profonde accompagn\u00e9e d&rsquo;une visualisation. Nous terminerons par un nouvel \u00e9change lors duquel vous pourrez exprimer vos ressentis, favorisant ainsi leur int\u00e9gration et leur ancrage.<br \/>Je m&rsquo;adapterai \u00e0 vos attentes, envies et contraintes pour que vous puissiez pleinement profiter de ce moment. Lors des moments d&rsquo;\u00e9change, je vous \u00e9couterai avec bienveillance et sans jugement, afin que vous vous sentiez libres d&rsquo;exprimer tout ce dont vous avez besoin.<\/td><\/tr><tr><td>17H-18H<\/td><td>Aur\u00e9lie BARON<\/td><td>\u00a0Transe chamanique et \u00e9tats modifi\u00e9s de conscience<\/td><td>\u00a0<\/td><\/tr><\/tbody><\/table>\t\t\t\t\t\t\t\t<\/div>\n\t\t\t\t<\/div>\n\t\t\t\t\t<\/div>\n\t\t<\/div>\n\t\t\t\t\t<\/div>\n\t\t<\/section>\n\t\t\t\t<section class=\"elementor-section elementor-top-section elementor-element elementor-element-921157b elementor-section-boxed elementor-section-height-default elementor-section-height-default\" data-id=\"921157b\" data-element_type=\"section\" data-e-type=\"section\">\n\t\t\t\t\t\t<div class=\"elementor-container elementor-column-gap-default\">\n\t\t\t\t\t<div class=\"elementor-column elementor-col-100 elementor-top-column elementor-element elementor-element-4054c0e\" data-id=\"4054c0e\" data-element_type=\"column\" data-e-type=\"column\">\n\t\t\t<div class=\"elementor-widget-wrap elementor-element-populated\">\n\t\t\t\t\t\t<div class=\"elementor-element elementor-element-9ed1116 elementor-widget elementor-widget-heading\" data-id=\"9ed1116\" data-element_type=\"widget\" data-e-type=\"widget\" data-widget_type=\"heading.default\">\n\t\t\t\t<div class=\"elementor-widget-container\">\n\t\t\t\t\t<h4 class=\"elementor-heading-title elementor-size-default\">salle 2<\/h4>\t\t\t\t<\/div>\n\t\t\t\t<\/div>\n\t\t\t\t<div class=\"elementor-element elementor-element-1b154b8 elementor-widget elementor-widget-text-editor\" data-id=\"1b154b8\" data-element_type=\"widget\" data-e-type=\"widget\" data-widget_type=\"text-editor.default\">\n\t\t\t\t<div class=\"elementor-widget-container\">\n\t\t\t\t\t\t\t\t\t<table dir=\"ltr\" border=\"1\" cellspacing=\"0\" cellpadding=\"0\" data-sheets-root=\"1\" data-sheets-baot=\"1\"><colgroup> <col width=\"97\" \/> <col width=\"205\" \/> <col width=\"277\" \/> <col width=\"597\" \/><\/colgroup>\n<tbody>\n<tr>\n<td>Horaire<\/td>\n<td>Intervenant<\/td>\n<td>Sp\u00e9cialit\u00e9<\/td>\n<td>Description<\/td>\n<\/tr>\n<tr>\n<td>10H-11H<\/td>\n<td>Marie RUER<\/td>\n<td>Booster corps et cerveau : en route vers le bien-\u00eatre !<\/td>\n<td>Gr\u00e2ce \u00e0 des mouvements sp\u00e9cifiques venez dynamiser votre corps et d\u00e9tendre votre cerveau ! Un vrai moment de bien-\u00eatre pour TOUS : Petits et Grands ! ( \u00e0 partir de 6 ans)\n<\/td>\n<tr>\n<td>11H-12H30<\/td>\n<td>Lucille RENAUD<\/td>\n<td>D\u00e9couverte des constellations familiales, syst\u00e9miques et chamaniques<\/td>\n<td>Venez d\u00e9couvrir et exp\u00e9rimenter les constellations. Dans cet atelier, nous vous proposerons uniquement les explications n\u00e9cessaires \u00e0 connaitre et nous vous inviterons tout de suite \u00e0 venir essayer cet outil. A votre rythme, que vous souhaitiez partager votre histoire, participer en tant que repr\u00e9sentant \u00e0 la constellation d&rsquo;une personne, ou simplement observer et peut-\u00eatre devenir ressource, tout est possible. Dans un cadre ou la s\u00e9curit\u00e9 et la bienveillance priment, vous pourrez ressentir comment votre corps est un alli\u00e9 pr\u00e9cieux. Bienvenu \u00e0 vous!<\/td>\n<\/tr>\n<tr>\n<td>12H30-14H<\/td>\n<td>SAVOIRS DU C\u0152UR<\/td>\n<td>Connexion et r\u00e9\u00e9quilibrage du corps<\/td>\n<td>Utilisation des pierres, des couleurs et plantes sacr\u00e9es, connaissances ancestrales<\/td>\n<\/tr>\n<tr>\n<td>14H-15H30<\/td>\n<td>Christophe ROSSAT<\/td>\n<td>Constellation ancestro-familiale TEFT<\/td>\n<td>Atelier Constellation ancestro-familiales TEFT : Venez revivre, ressentir et r\u00e9gler les histoires dramatiques que vous portez de vos anc\u00eatres dans cette constellation o\u00f9, quelle que soit la place que vous tiendrez, vous serez plong\u00e9s dans votre propre inconscient familial&#8230;\n\u00ab\u00a0Une exp\u00e9rience th\u00e9rapeutique extraordinaire et lib\u00e9ratrice, en toute s\u00e9curit\u00e9\u00a0\u00bb<\/td>\n<\/tr>\n<tr>\n<td>15H30-16H30<\/td>\n<td>Emilie SACHET<\/td>\n<td>Astuces d&rsquo;organisation pour un int\u00e9rieur simplifi\u00e9 et serein<\/td>\n<td>Venez d\u00e9couvrir des solutions d&rsquo;organisation simples pour optimiser votre espace et gagner du temps. Des bo\u00eetes, des astuces par pi\u00e8ce et du pliage \u00e0 la verticale&#8230;vous repartirez avec des astuces pratiques et faciles \u00e0 mettre en oeuvre.<\/td>\n<\/tr>\n<tr>\n<td>16H30-18H<\/td>\n<td>Fr\u00e9d\u00e9rique CANTELOUP<\/td>\n<td>Relaxation ludique parent &#8211; enfant<\/td>\n<td>Cet atelier ludique est destin\u00e9 aux parents et aux enfants (\u00e0 partir de 4 ans) pour renforcer le lien d&rsquo;attachement, la confiance et la complicit\u00e9 l&rsquo;un envers l&rsquo;autre par le jeu et la relaxation.<\/td>\n<\/tr>\n<\/tbody>\n<\/table>\t\t\t\t\t\t\t\t<\/div>\n\t\t\t\t<\/div>\n\t\t\t\t\t<\/div>\n\t\t<\/div>\n\t\t\t\t\t<\/div>\n\t\t<\/section>\n\t\t\t\t<\/div>\n\t\t","protected":false},"excerpt":{"rendered":"<p>programme du dimanche Voir le programme complet de SAMEDI Voir le programme du salon d&rsquo;un seul coup d&rsquo;oeil Les conf\u00e9rences Horaire Intervenant Sp\u00e9cialit\u00e9 Description 10H-11H \u00a0\u00a0 Aur\u00e9lie HAMEL Venez d\u00e9couvrir le magn\u00e9tisme et l&rsquo;hypnose r\u00e9gressive et spirituelle\u00a0 \u00ab\u00a0Je pr\u00e9sente et explique mon approche en donnant des exemples sur quoi on peut travailler en hypnose et [&hellip;]<\/p>\n","protected":false},"author":1,"featured_media":0,"parent":0,"menu_order":0,"comment_status":"closed","ping_status":"closed","template":"","meta":{"footnotes":""},"class_list":["post-3474","page","type-page","status-publish","hentry"],"yoast_head":"<!-- This site is optimized with the Yoast SEO plugin v27.2 - https:\/\/yoast.com\/product\/yoast-seo-wordpress\/ -->\n<title>Programme dimanche 13 octobre 2024 - Samie - Le salon du mieux-\u00eatre<\/title>\n<meta name=\"robots\" content=\"index, follow, max-snippet:-1, max-image-preview:large, max-video-preview:-1\" \/>\n<link rel=\"canonical\" href=\"https:\/\/www.samie38.fr\/index.php\/programme-dimanche-13-octobre-2024\/\" \/>\n<meta property=\"og:locale\" content=\"fr_FR\" \/>\n<meta property=\"og:type\" content=\"article\" \/>\n<meta property=\"og:title\" content=\"Programme dimanche 13 octobre 2024 - Samie - Le salon du mieux-\u00eatre\" \/>\n<meta property=\"og:description\" content=\"programme du dimanche Voir le programme complet de SAMEDI Voir le programme du salon d&rsquo;un seul coup d&rsquo;oeil Les conf\u00e9rences Horaire Intervenant Sp\u00e9cialit\u00e9 Description 10H-11H \u00a0\u00a0 Aur\u00e9lie HAMEL Venez d\u00e9couvrir le magn\u00e9tisme et l&rsquo;hypnose r\u00e9gressive et spirituelle\u00a0 \u00ab\u00a0Je pr\u00e9sente et explique mon approche en donnant des exemples sur quoi on peut travailler en hypnose et [&hellip;]\" \/>\n<meta property=\"og:url\" content=\"https:\/\/www.samie38.fr\/index.php\/programme-dimanche-13-octobre-2024\/\" \/>\n<meta property=\"og:site_name\" content=\"Samie - Le salon du mieux-\u00eatre\" \/>\n<meta property=\"article:publisher\" content=\"https:\/\/www.facebook.com\/samie38\/\" \/>\n<meta property=\"article:modified_time\" content=\"2024-10-06T09:16:35+00:00\" \/>\n<meta name=\"twitter:card\" content=\"summary_large_image\" \/>\n<meta name=\"twitter:label1\" content=\"Dur\u00e9e de lecture estim\u00e9e\" \/>\n\t<meta name=\"twitter:data1\" content=\"8 minutes\" \/>\n<script type=\"application\/ld+json\" class=\"yoast-schema-graph\">{\"@context\":\"https:\/\/schema.org\",\"@graph\":[{\"@type\":\"WebPage\",\"@id\":\"https:\/\/www.samie38.fr\/index.php\/programme-dimanche-13-octobre-2024\/\",\"url\":\"https:\/\/www.samie38.fr\/index.php\/programme-dimanche-13-octobre-2024\/\",\"name\":\"Programme dimanche 13 octobre 2024 - Samie - Le salon du mieux-\u00eatre\",\"isPartOf\":{\"@id\":\"https:\/\/www.samie38.fr\/#website\"},\"datePublished\":\"2024-07-13T07:13:16+00:00\",\"dateModified\":\"2024-10-06T09:16:35+00:00\",\"breadcrumb\":{\"@id\":\"https:\/\/www.samie38.fr\/index.php\/programme-dimanche-13-octobre-2024\/#breadcrumb\"},\"inLanguage\":\"fr-FR\",\"potentialAction\":[{\"@type\":\"ReadAction\",\"target\":[\"https:\/\/www.samie38.fr\/index.php\/programme-dimanche-13-octobre-2024\/\"]}]},{\"@type\":\"BreadcrumbList\",\"@id\":\"https:\/\/www.samie38.fr\/index.php\/programme-dimanche-13-octobre-2024\/#breadcrumb\",\"itemListElement\":[{\"@type\":\"ListItem\",\"position\":1,\"name\":\"Accueil\",\"item\":\"https:\/\/www.samie38.fr\/\"},{\"@type\":\"ListItem\",\"position\":2,\"name\":\"Programme dimanche 13 octobre 2024\"}]},{\"@type\":\"WebSite\",\"@id\":\"https:\/\/www.samie38.fr\/#website\",\"url\":\"https:\/\/www.samie38.fr\/\",\"name\":\"Samie - Le salon du mieux-\u00eatre\",\"description\":\"\",\"publisher\":{\"@id\":\"https:\/\/www.samie38.fr\/#organization\"},\"potentialAction\":[{\"@type\":\"SearchAction\",\"target\":{\"@type\":\"EntryPoint\",\"urlTemplate\":\"https:\/\/www.samie38.fr\/?s={search_term_string}\"},\"query-input\":{\"@type\":\"PropertyValueSpecification\",\"valueRequired\":true,\"valueName\":\"search_term_string\"}}],\"inLanguage\":\"fr-FR\"},{\"@type\":\"Organization\",\"@id\":\"https:\/\/www.samie38.fr\/#organization\",\"name\":\"Samie - Le salon du mieux-\u00eatre\",\"url\":\"https:\/\/www.samie38.fr\/\",\"logo\":{\"@type\":\"ImageObject\",\"inLanguage\":\"fr-FR\",\"@id\":\"https:\/\/www.samie38.fr\/#\/schema\/logo\/image\/\",\"url\":\"https:\/\/www.samie38.fr\/wp-content\/uploads\/2023\/04\/Banniere-3-e1719984867829.gif\",\"contentUrl\":\"https:\/\/www.samie38.fr\/wp-content\/uploads\/2023\/04\/Banniere-3-e1719984867829.gif\",\"width\":900,\"height\":300,\"caption\":\"Samie - Le salon du mieux-\u00eatre\"},\"image\":{\"@id\":\"https:\/\/www.samie38.fr\/#\/schema\/logo\/image\/\"},\"sameAs\":[\"https:\/\/www.facebook.com\/samie38\/\"]}]}<\/script>\n<!-- \/ Yoast SEO plugin. -->","yoast_head_json":{"title":"Programme dimanche 13 octobre 2024 - Samie - Le salon du mieux-\u00eatre","robots":{"index":"index","follow":"follow","max-snippet":"max-snippet:-1","max-image-preview":"max-image-preview:large","max-video-preview":"max-video-preview:-1"},"canonical":"https:\/\/www.samie38.fr\/index.php\/programme-dimanche-13-octobre-2024\/","og_locale":"fr_FR","og_type":"article","og_title":"Programme dimanche 13 octobre 2024 - Samie - Le salon du mieux-\u00eatre","og_description":"programme du dimanche Voir le programme complet de SAMEDI Voir le programme du salon d&rsquo;un seul coup d&rsquo;oeil Les conf\u00e9rences Horaire Intervenant Sp\u00e9cialit\u00e9 Description 10H-11H \u00a0\u00a0 Aur\u00e9lie HAMEL Venez d\u00e9couvrir le magn\u00e9tisme et l&rsquo;hypnose r\u00e9gressive et spirituelle\u00a0 \u00ab\u00a0Je pr\u00e9sente et explique mon approche en donnant des exemples sur quoi on peut travailler en hypnose et [&hellip;]","og_url":"https:\/\/www.samie38.fr\/index.php\/programme-dimanche-13-octobre-2024\/","og_site_name":"Samie - Le salon du mieux-\u00eatre","article_publisher":"https:\/\/www.facebook.com\/samie38\/","article_modified_time":"2024-10-06T09:16:35+00:00","twitter_card":"summary_large_image","twitter_misc":{"Dur\u00e9e de lecture estim\u00e9e":"8 minutes"},"schema":{"@context":"https:\/\/schema.org","@graph":[{"@type":"WebPage","@id":"https:\/\/www.samie38.fr\/index.php\/programme-dimanche-13-octobre-2024\/","url":"https:\/\/www.samie38.fr\/index.php\/programme-dimanche-13-octobre-2024\/","name":"Programme dimanche 13 octobre 2024 - Samie - Le salon du mieux-\u00eatre","isPartOf":{"@id":"https:\/\/www.samie38.fr\/#website"},"datePublished":"2024-07-13T07:13:16+00:00","dateModified":"2024-10-06T09:16:35+00:00","breadcrumb":{"@id":"https:\/\/www.samie38.fr\/index.php\/programme-dimanche-13-octobre-2024\/#breadcrumb"},"inLanguage":"fr-FR","potentialAction":[{"@type":"ReadAction","target":["https:\/\/www.samie38.fr\/index.php\/programme-dimanche-13-octobre-2024\/"]}]},{"@type":"BreadcrumbList","@id":"https:\/\/www.samie38.fr\/index.php\/programme-dimanche-13-octobre-2024\/#breadcrumb","itemListElement":[{"@type":"ListItem","position":1,"name":"Accueil","item":"https:\/\/www.samie38.fr\/"},{"@type":"ListItem","position":2,"name":"Programme dimanche 13 octobre 2024"}]},{"@type":"WebSite","@id":"https:\/\/www.samie38.fr\/#website","url":"https:\/\/www.samie38.fr\/","name":"Samie - Le salon du mieux-\u00eatre","description":"","publisher":{"@id":"https:\/\/www.samie38.fr\/#organization"},"potentialAction":[{"@type":"SearchAction","target":{"@type":"EntryPoint","urlTemplate":"https:\/\/www.samie38.fr\/?s={search_term_string}"},"query-input":{"@type":"PropertyValueSpecification","valueRequired":true,"valueName":"search_term_string"}}],"inLanguage":"fr-FR"},{"@type":"Organization","@id":"https:\/\/www.samie38.fr\/#organization","name":"Samie - Le salon du mieux-\u00eatre","url":"https:\/\/www.samie38.fr\/","logo":{"@type":"ImageObject","inLanguage":"fr-FR","@id":"https:\/\/www.samie38.fr\/#\/schema\/logo\/image\/","url":"https:\/\/www.samie38.fr\/wp-content\/uploads\/2023\/04\/Banniere-3-e1719984867829.gif","contentUrl":"https:\/\/www.samie38.fr\/wp-content\/uploads\/2023\/04\/Banniere-3-e1719984867829.gif","width":900,"height":300,"caption":"Samie - Le salon du mieux-\u00eatre"},"image":{"@id":"https:\/\/www.samie38.fr\/#\/schema\/logo\/image\/"},"sameAs":["https:\/\/www.facebook.com\/samie38\/"]}]}},"jetpack_sharing_enabled":true,"_links":{"self":[{"href":"https:\/\/www.samie38.fr\/index.php\/wp-json\/wp\/v2\/pages\/3474","targetHints":{"allow":["GET"]}}],"collection":[{"href":"https:\/\/www.samie38.fr\/index.php\/wp-json\/wp\/v2\/pages"}],"about":[{"href":"https:\/\/www.samie38.fr\/index.php\/wp-json\/wp\/v2\/types\/page"}],"author":[{"embeddable":true,"href":"https:\/\/www.samie38.fr\/index.php\/wp-json\/wp\/v2\/users\/1"}],"replies":[{"embeddable":true,"href":"https:\/\/www.samie38.fr\/index.php\/wp-json\/wp\/v2\/comments?post=3474"}],"version-history":[{"count":94,"href":"https:\/\/www.samie38.fr\/index.php\/wp-json\/wp\/v2\/pages\/3474\/revisions"}],"predecessor-version":[{"id":4278,"href":"https:\/\/www.samie38.fr\/index.php\/wp-json\/wp\/v2\/pages\/3474\/revisions\/4278"}],"wp:attachment":[{"href":"https:\/\/www.samie38.fr\/index.php\/wp-json\/wp\/v2\/media?parent=3474"}],"curies":[{"name":"wp","href":"https:\/\/api.w.org\/{rel}","templated":true}]}}