{"id":6419,"date":"2025-02-23T17:50:34","date_gmt":"2025-02-23T16:50:34","guid":{"rendered":"https:\/\/www.samie38.fr\/?page_id=6419"},"modified":"2026-03-13T10:12:08","modified_gmt":"2026-03-13T09:12:08","slug":"programme-dimanche-13-avril-2025","status":"publish","type":"page","link":"https:\/\/www.samie38.fr\/index.php\/programme-dimanche-13-avril-2025\/","title":{"rendered":"programme dimanche 13 avril 2025"},"content":{"rendered":"\t\t<div data-elementor-type=\"wp-page\" data-elementor-id=\"6419\" class=\"elementor elementor-6419\" data-elementor-post-type=\"page\">\n\t\t\t\t\t\t<section class=\"elementor-section elementor-top-section elementor-element elementor-element-8c0153a elementor-section-boxed elementor-section-height-default elementor-section-height-default\" data-id=\"8c0153a\" data-element_type=\"section\" data-e-type=\"section\">\n\t\t\t\t\t\t<div class=\"elementor-container elementor-column-gap-default\">\n\t\t\t\t\t<div class=\"elementor-column elementor-col-100 elementor-top-column elementor-element elementor-element-2374346\" data-id=\"2374346\" data-element_type=\"column\" data-e-type=\"column\">\n\t\t\t<div class=\"elementor-widget-wrap elementor-element-populated\">\n\t\t\t\t\t\t<div class=\"elementor-element elementor-element-4c501dc elementor-widget elementor-widget-heading\" data-id=\"4c501dc\" data-element_type=\"widget\" data-e-type=\"widget\" data-widget_type=\"heading.default\">\n\t\t\t\t<div class=\"elementor-widget-container\">\n\t\t\t\t\t<h2 class=\"elementor-heading-title elementor-size-default\">PROGRAMME DIMANCHE 13 AVRIL 2025<\/h2>\t\t\t\t<\/div>\n\t\t\t\t<\/div>\n\t\t\t\t\t<\/div>\n\t\t<\/div>\n\t\t\t\t\t<\/div>\n\t\t<\/section>\n\t\t\t\t<section class=\"elementor-section elementor-top-section elementor-element elementor-element-3dec454 elementor-section-boxed elementor-section-height-default elementor-section-height-default\" data-id=\"3dec454\" data-element_type=\"section\" data-e-type=\"section\">\n\t\t\t\t\t\t<div class=\"elementor-container elementor-column-gap-default\">\n\t\t\t\t\t<div class=\"elementor-column elementor-col-100 elementor-top-column elementor-element elementor-element-ebf8fc0\" data-id=\"ebf8fc0\" data-element_type=\"column\" data-e-type=\"column\">\n\t\t\t<div class=\"elementor-widget-wrap elementor-element-populated\">\n\t\t\t\t\t\t<section class=\"elementor-section elementor-inner-section elementor-element elementor-element-40694b2 elementor-section-boxed elementor-section-height-default elementor-section-height-default\" data-id=\"40694b2\" data-element_type=\"section\" data-e-type=\"section\">\n\t\t\t\t\t\t<div class=\"elementor-container elementor-column-gap-default\">\n\t\t\t\t\t<div class=\"elementor-column elementor-col-33 elementor-inner-column elementor-element elementor-element-afd15e0\" data-id=\"afd15e0\" data-element_type=\"column\" data-e-type=\"column\">\n\t\t\t<div class=\"elementor-widget-wrap elementor-element-populated\">\n\t\t\t\t\t\t<div class=\"elementor-element elementor-element-c6dd985 elementor-align-center elementor-widget elementor-widget-button\" data-id=\"c6dd985\" data-element_type=\"widget\" data-e-type=\"widget\" data-widget_type=\"button.default\">\n\t\t\t\t<div class=\"elementor-widget-container\">\n\t\t\t\t\t\t\t\t\t<div class=\"elementor-button-wrapper\">\n\t\t\t\t\t<a class=\"elementor-button elementor-button-link elementor-size-sm\" href=\"https:\/\/www.samie38.fr\/index.php\/programme-samedi-12-avril-2025\/\">\n\t\t\t\t\t\t<span class=\"elementor-button-content-wrapper\">\n\t\t\t\t\t\t\t\t\t<span class=\"elementor-button-text\">Voir le programme complet de SAMEDI<\/span>\n\t\t\t\t\t<\/span>\n\t\t\t\t\t<\/a>\n\t\t\t\t<\/div>\n\t\t\t\t\t\t\t\t<\/div>\n\t\t\t\t<\/div>\n\t\t\t\t\t<\/div>\n\t\t<\/div>\n\t\t\t\t<div class=\"elementor-column elementor-col-33 elementor-inner-column elementor-element elementor-element-1489fcf\" data-id=\"1489fcf\" data-element_type=\"column\" data-e-type=\"column\">\n\t\t\t<div class=\"elementor-widget-wrap elementor-element-populated\">\n\t\t\t\t\t\t<div class=\"elementor-element elementor-element-49c1a73 elementor-align-center elementor-widget elementor-widget-button\" data-id=\"49c1a73\" data-element_type=\"widget\" data-e-type=\"widget\" data-widget_type=\"button.default\">\n\t\t\t\t<div class=\"elementor-widget-container\">\n\t\t\t\t\t\t\t\t\t<div class=\"elementor-button-wrapper\">\n\t\t\t\t\t<a class=\"elementor-button elementor-button-link elementor-size-sm\" href=\"https:\/\/www.samie38.fr\/index.php\/conferences-avril-2025\/#ProgrammeCoupOeil_avr_2025\">\n\t\t\t\t\t\t<span class=\"elementor-button-content-wrapper\">\n\t\t\t\t\t\t\t\t\t<span class=\"elementor-button-text\">Voir le programme du salon d'un seul coup d'oeil<\/span>\n\t\t\t\t\t<\/span>\n\t\t\t\t\t<\/a>\n\t\t\t\t<\/div>\n\t\t\t\t\t\t\t\t<\/div>\n\t\t\t\t<\/div>\n\t\t\t\t\t<\/div>\n\t\t<\/div>\n\t\t\t\t<div class=\"elementor-column elementor-col-33 elementor-inner-column elementor-element elementor-element-8ddcfba\" data-id=\"8ddcfba\" data-element_type=\"column\" data-e-type=\"column\">\n\t\t\t<div class=\"elementor-widget-wrap elementor-element-populated\">\n\t\t\t\t\t\t<div class=\"elementor-element elementor-element-6bf9ab5 elementor-align-center elementor-widget elementor-widget-button\" data-id=\"6bf9ab5\" data-element_type=\"widget\" data-e-type=\"widget\" data-widget_type=\"button.default\">\n\t\t\t\t<div class=\"elementor-widget-container\">\n\t\t\t\t\t\t\t\t\t<div class=\"elementor-button-wrapper\">\n\t\t\t\t\t<a class=\"elementor-button elementor-button-link elementor-size-sm\" href=\"https:\/\/www.samie38.fr\/index.php\/programme-dimanche-13-avril-2025\/\">\n\t\t\t\t\t\t<span class=\"elementor-button-content-wrapper\">\n\t\t\t\t\t\t\t\t\t<span class=\"elementor-button-text\">Voir le programme complet de DIMANCHE<\/span>\n\t\t\t\t\t<\/span>\n\t\t\t\t\t<\/a>\n\t\t\t\t<\/div>\n\t\t\t\t\t\t\t\t<\/div>\n\t\t\t\t<\/div>\n\t\t\t\t\t<\/div>\n\t\t<\/div>\n\t\t\t\t\t<\/div>\n\t\t<\/section>\n\t\t\t\t\t<\/div>\n\t\t<\/div>\n\t\t\t\t\t<\/div>\n\t\t<\/section>\n\t\t\t\t<section class=\"elementor-section elementor-top-section elementor-element elementor-element-3e6548a elementor-section-boxed elementor-section-height-default elementor-section-height-default\" data-id=\"3e6548a\" data-element_type=\"section\" data-e-type=\"section\">\n\t\t\t\t\t\t<div class=\"elementor-container elementor-column-gap-default\">\n\t\t\t\t\t<div class=\"elementor-column elementor-col-100 elementor-top-column elementor-element elementor-element-1271724\" data-id=\"1271724\" data-element_type=\"column\" data-e-type=\"column\">\n\t\t\t<div class=\"elementor-widget-wrap elementor-element-populated\">\n\t\t\t\t\t\t<div class=\"elementor-element elementor-element-f80531e elementor-widget elementor-widget-text-editor\" data-id=\"f80531e\" data-element_type=\"widget\" data-e-type=\"widget\" data-widget_type=\"text-editor.default\">\n\t\t\t\t<div class=\"elementor-widget-container\">\n\t\t\t\t\t\t\t\t\t<table width=\"1043\"><tbody><tr><td colspan=\"3\" width=\"1043\">Espace BELLEDONNE<\/td><\/tr><tr><td colspan=\"3\" width=\"1043\">Conf\u00e9rences<\/td><\/tr><tr><td width=\"83\">10H30<\/td><td width=\"235\">Edith COUDER : Vos clefs d&rsquo;\u00e9volution<\/td><td width=\"725\">Ne pas se comprendre, \u00eatre dans le brouillard et surtout souffrir sans savoir ce qui ne va pas chez nous c&rsquo;est dur.<br \/>Et quelle \u00e9nergie d\u00e9pens\u00e9e \u00e0 lutter contre nous-m\u00eame, se d\u00e9cider \u00e0 changer est souvent long. Se mettre en route est un d\u00e9clic,\u00a0 une qu\u00eate vers la confiance en soi.<br \/>Si ces mots vous parlent venez \u00e0 la CONFERENCE \u00ab\u00a0VOS CLEFS D&rsquo;EVOLUTION\u00a0\u00bb<\/td><\/tr><tr><td width=\"83\">11H30<\/td><td width=\"235\">Virginie ESCALLE : Accompagner son enfant par le jeu et l&rsquo;\u00e9coute symbolique : le chemin vers une famille apais\u00e9e !<\/td><td width=\"725\">Le quotidien avec nos enfants est parfois rythm\u00e9 par des tensions, des col\u00e8res ou des incompr\u00e9hensions qui p\u00e8sent sur l&rsquo;\u00e9quilibre de toute la maison.<br \/>Lors de cette conf\u00e9rence, je vous invite \u00e0 changer de regard sur l&rsquo;accompagnement de votre enfant :<br \/>&#8211; D\u00e9coder son langage et comprendre ce qui se joue derri\u00e8re ses \u00e9motions.<br \/>&#8211; D\u00e9couvrir comment le jeu lui permet d&rsquo;exprimer ses blocages et de s&rsquo;en lib\u00e9rer.<br \/>Venez d\u00e9couvrir des cl\u00e9s concr\u00e8tes pour instaurer un climat de paix durable au sein du foyer.<\/td><\/tr><tr><td width=\"83\">12H30<\/td><td width=\"235\">Pierre MARSILLACH : la migraine n\u2019est pas une fatalit\u00e9!<\/td><td width=\"725\">A travers ma conf\u00e9rence je vais vous expliquer avec des mots tr\u00e8s simples ce qu\u2019est la migraine, toutes ses phases, sa chronologie, ses origines et ses m\u00e9canismes.<br \/>Cette maladie reconnue par l\u2019OMS comme la maladie la plus invalidante au monde touche 15% de la population fran\u00e7aise, dont 85% de femmes.<br \/>Venez d\u00e9couvrir comment je peux vous apportez des solutions simples naturelles, compl\u00e9mentaires \u00e0 la chimie m\u00e9dicamenteuse.<br \/>Comprendre la migraine c\u2019est le d\u00e9but de la gu\u00e9rison!<\/td><\/tr><tr><td width=\"83\">13H30<\/td><td width=\"235\">Sophie SOM : Explorer et transformer ses \u00e9motions en ressources<\/td><td width=\"725\">Cette conf\u00e9rence-atelier propose un espace s\u00e9curis\u00e9 pour explorer une \u00e9motion pr\u00e9sente et la transformer en ressource.<br \/>\u00c0 travers des temps guid\u00e9s, chacun\u00b7e est invit\u00e9\u00b7e \u00e0 accueillir ce qui se manifeste, sans jugement ni analyse excessive.<br \/>L\u2019objectif est de mieux comprendre le message de l\u2019\u00e9motion, d\u2019en lib\u00e9rer la charge et de retrouver plus de clart\u00e9 int\u00e9rieure.<br \/>Un moment pour se reconnecter \u00e0 sa sagesse int\u00e9rieure et repartir avec plus de libert\u00e9 d\u2019agir.<\/td><\/tr><tr><td width=\"83\">14H30<\/td><td width=\"235\">Brigitte MERENDAO : Le message des fleurs<\/td><td width=\"725\">&#8211; Quelles cl\u00e9s les plantes peuvent-elles nous apporter pour mieux vivre les changements actuels ?<br \/>sur le plan physique,<br \/>sur le plan \u00e9motionnel<br \/>et sur le plan spirituel ou \u00e9nerg\u00e9tique.<p>J&rsquo;utiliserai \u00a0\u00bb l&rsquo;Oracle de la Transition\u00a0\u00bb et le livre \u00ab\u00a0le chemin de la Transition avec les fleurs\u00a0\u00bb ainsi que mes comp\u00e9tences d&rsquo;herboriste et d&rsquo;\u00e9nerg\u00e9ticienne pour illustrer la conf\u00e9rence.<\/p><\/td><\/tr><tr><td width=\"83\">15H30<\/td><td width=\"235\">Luc BUISSON : La for\u00eat qui soigne<\/td><td width=\"725\">\u00a0<\/td><\/tr><tr><td width=\"83\">16H30<\/td><td width=\"235\">Serge LABBAYE : La GEOBIOLOGIE un univers qui est dans notre quotidien<\/td><td width=\"725\">Un m\u00e9tier au service du bien-\u00eatre humain, animal et v\u00e9g\u00e9tal. Guider par une sensibilit\u00e9 qui unit science et intuition, je d\u00e9tecte les zones g\u00e9opathog\u00e8nes et propose des solutions pour qu\u2019elles soient neutraliser, ou \u00e9viter.<br \/>Avec des appareils de mesures, je d\u00e9tecte les champs, \u00e9lectrique, magn\u00e9tique, \u00e9lectromagn\u00e9tique. Des expertises issues du milieu m\u00e9dical et scientifique ont permis de comprendre les limites du corps humain.<br \/>Venez en apprendre un peu plus lors de ma conf\u00e9rence.<\/td><\/tr><\/tbody><\/table>\t\t\t\t\t\t\t\t<\/div>\n\t\t\t\t<\/div>\n\t\t\t\t\t<\/div>\n\t\t<\/div>\n\t\t\t\t\t<\/div>\n\t\t<\/section>\n\t\t\t\t<section class=\"elementor-section elementor-top-section elementor-element elementor-element-a5a65aa elementor-section-boxed elementor-section-height-default elementor-section-height-default\" data-id=\"a5a65aa\" data-element_type=\"section\" data-e-type=\"section\">\n\t\t\t\t\t\t<div class=\"elementor-container elementor-column-gap-default\">\n\t\t\t\t\t<div class=\"elementor-column elementor-col-100 elementor-top-column elementor-element elementor-element-14ab793\" data-id=\"14ab793\" data-element_type=\"column\" data-e-type=\"column\">\n\t\t\t<div class=\"elementor-widget-wrap elementor-element-populated\">\n\t\t\t\t\t\t<div class=\"elementor-element elementor-element-086a84f elementor-widget elementor-widget-text-editor\" data-id=\"086a84f\" data-element_type=\"widget\" data-e-type=\"widget\" data-widget_type=\"text-editor.default\">\n\t\t\t\t<div class=\"elementor-widget-container\">\n\t\t\t\t\t\t\t\t\t<h2>Salle VERCORS<\/h2><table width=\"1055\"><tbody><tr><td width=\"86\"><strong>Horaire<\/strong><\/td><td width=\"138\"><strong>Intervenant<\/strong><\/td><td width=\"173\"><strong>Titre<\/strong><\/td><td width=\"658\"><strong>Synopsis<\/strong><\/td><\/tr><tr><td width=\"86\">10H30 -11H30<\/td><td width=\"138\">GIRARD Frederic<\/td><td width=\"173\">Initiation Pratique au Magn\u00e9tisme et au R\u00eave \u00c9veill\u00e9<\/td><td width=\"658\">Cet atelier vous offre l&rsquo;opportunit\u00e9 de d\u00e9couvrir et de pratiquer les bases du magn\u00e9tisme et du r\u00eave \u00e9veill\u00e9.<br \/>Vous pour y vivre la premi\u00e8re partie d&rsquo;une s\u00e9ance de soins avec un soin sur le chakra du c\u0153ur. Que vous soyez novice ou ayez d\u00e9j\u00e0 une exp\u00e9rience, cet atelier vous fournira des outils concrets pour am\u00e9liorer votre bien-\u00eatre et celui des autres.<\/td><\/tr><tr><td width=\"86\">11H30-12H30<\/td><td width=\"138\">ROLLAND Victor<\/td><td width=\"173\">Massage mains guasha<\/td><td width=\"658\">Massage des mains avec spatules<\/td><\/tr><tr><td width=\"86\">12H30-13H30<\/td><td width=\"138\">\u00a0<\/td><td width=\"173\">\u00a0<\/td><td width=\"658\">\u00a0<\/td><\/tr><tr><td width=\"86\">13H30-14H30<\/td><td width=\"138\">LUTHIER Isabelle<\/td><td width=\"173\">La kin\u00e9siologie : comment l&rsquo;adopter au quotidien ?<\/td><td width=\"658\">Le mouvement, c&rsquo;est la vie. La kin\u00e9siologie est l&rsquo;\u00e9tude du mouvement. Je propose donc quelques techniques de base pour comprendre les principes de la kin\u00e9siologie afin de l&rsquo;utiliser chez soi.<\/td><\/tr><tr><td width=\"86\">14H30-15H30<\/td><td width=\"138\">KUNEJ S\u00e9bastien<\/td><td width=\"173\">Delta plan &#8211; la symbolique du triangle<\/td><td width=\"658\">\u00a0<\/td><\/tr><tr><td width=\"86\">15H30-16H30<\/td><td width=\"138\">ESCALLE Virginie<\/td><td width=\"173\">Exp\u00e9rimentez par vous-m\u00eame les bienfaits des diff\u00e9rents \u00e9tats modifi\u00e9s de conscience<\/td><td width=\"658\">Offrez-vous une pause ressour\u00e7ante ! Cet atelier vous propose une initiation aux \u00e9tats de conscience modifi\u00e9e. Apr\u00e8s une br\u00e8ve introduction sur le fonctionnement des ondes c\u00e9r\u00e9brales, laissez-vous guider \u00e0 travers une m\u00e9ditation, une induction hypnotique et un r\u00eave \u00e9veill\u00e9. Exp\u00e9rimentez la d\u00e9tente profonde et les bienfaits de ces pratiques ancestrales.<\/td><\/tr><tr><td width=\"75\">16H30-18H<\/td><td width=\"142\">LE MAITRE Isabelle<\/td><td width=\"161\">Th\u00e9rapie transg\u00e9n\u00e9rationnelle\u00a0: un exemple<\/td><td width=\"677\">Quoi de plus parlant qu\u2019une d\u00e9monstration pour d\u00e9couvrir la th\u00e9rapie transg\u00e9n\u00e9rationnelle, ses principes, ses apports et ses bienfaits<\/td><\/tr><\/tbody><\/table>\t\t\t\t\t\t\t\t<\/div>\n\t\t\t\t<\/div>\n\t\t\t\t\t<\/div>\n\t\t<\/div>\n\t\t\t\t\t<\/div>\n\t\t<\/section>\n\t\t\t\t<section class=\"elementor-section elementor-top-section elementor-element elementor-element-5698ac2 elementor-section-boxed elementor-section-height-default elementor-section-height-default\" data-id=\"5698ac2\" data-element_type=\"section\" data-e-type=\"section\">\n\t\t\t\t\t\t<div class=\"elementor-container elementor-column-gap-default\">\n\t\t\t\t\t<div class=\"elementor-column elementor-col-100 elementor-top-column elementor-element elementor-element-ca96b56\" data-id=\"ca96b56\" data-element_type=\"column\" data-e-type=\"column\">\n\t\t\t<div class=\"elementor-widget-wrap elementor-element-populated\">\n\t\t\t\t\t\t<div class=\"elementor-element elementor-element-f0c4379 elementor-widget elementor-widget-text-editor\" data-id=\"f0c4379\" data-element_type=\"widget\" data-e-type=\"widget\" data-widget_type=\"text-editor.default\">\n\t\t\t\t<div class=\"elementor-widget-container\">\n\t\t\t\t\t\t\t\t\t<h2>Salle CHARTREUSE<\/h2><table width=\"1011\"><tbody><tr><td width=\"75\"><strong>Horaire<\/strong><\/td><td width=\"125\"><strong>Intervenant<\/strong><\/td><td width=\"159\"><strong>Titre<\/strong><\/td><td width=\"652\"><strong>Synopsis<\/strong><\/td><\/tr><tr><td width=\"75\">10H30 -12H<\/td><td width=\"125\">DELACROIX Flores<\/td><td width=\"159\">Bye-bye charge mentale : l&rsquo;organisation, votre super-pouvoir au quotidien<\/td><td width=\"652\">Vous avez l\u2019impression de jongler avec mille choses en m\u00eame temps ? Entre la maison, le travail, les enfants, sans oublier le rendez-vous chez le dentiste, la facture d&rsquo;eau \u00e0 r\u00e9gler et le linge qui s&#8217;empile\u2026 Venez d\u00e9couvrir comment une organisation bien pens\u00e9e peut lib\u00e9rer votre esprit, all\u00e9ger votre quotidien et vous faire gagner un temps pr\u00e9cieux. Au programme : des astuces pratiques, des outils simples et une bonne dose de l\u00e9g\u00e8ret\u00e9 pour dire mettre fin au chaos et retrouver de la s\u00e9r\u00e9nit\u00e9 !<\/td><\/tr><tr><td width=\"75\">12H-13H30<\/td><td width=\"125\">\u00a0<\/td><td width=\"159\">\u00a0<\/td><td width=\"652\">\u00a0<\/td><\/tr><tr><td width=\"75\">13H30-15H<\/td><td width=\"125\">LENOIR Myriam<\/td><td width=\"159\">Relaxation Harmonisante \u00ab\u00a0Se ressourcer dans son temple int\u00e9rieur\u00a0\u00bb<\/td><td width=\"652\"><p>Myriam vous propose une relaxation guid\u00e9e accompagn\u00e9e d&rsquo;instruments harmonisants tels que bols chantants, tambour chamanique, carillons, voix &#8230; Un voyage o\u00f9 sonoth\u00e9rapie et hypnose s\u2019allient pour un moment de profond ressourcement. Bienvenue !<\/p><\/td><\/tr><tr><td width=\"75\">15H-16H30<\/td><td width=\"125\">WURSTEN Karine<\/td><td width=\"159\">Groupe de paroles : Estime de Soi &amp; D\u00e9pendance Affective<\/td><td width=\"652\"><p>Atelier : \u00ab Cultiver l\u2019estime de soi \u00bb<\/p><p>Cet atelier en groupe de parole propose un espace bienveillant pour explorer l\u2019estime de soi, partager ses exp\u00e9riences et d\u00e9couvrir des outils concrets pour renforcer sa confiance int\u00e9rieure. \u00c0 travers des \u00e9changes libres et des exercices simples, les participants apprendront \u00e0 reconna\u00eetre leurs forces, d\u00e9construire leurs croyances limitantes et repartir avec des cl\u00e9s pour cultiver une image de soi positive au quotidien.<\/p><\/td><\/tr><tr><td width=\"75\">16H30-18H<\/td><td width=\"112\">SEGURA Marie Paule<\/td><td width=\"153\">Cercle de femmes<\/td><td width=\"680\">Cercle de femmes et gardiennes sont tr\u00e8s li\u00e9es, venez les d\u00e9couvrir\u00a0<\/td><\/tr><\/tbody><\/table>\t\t\t\t\t\t\t\t<\/div>\n\t\t\t\t<\/div>\n\t\t\t\t\t<\/div>\n\t\t<\/div>\n\t\t\t\t\t<\/div>\n\t\t<\/section>\n\t\t\t\t<\/div>\n\t\t","protected":false},"excerpt":{"rendered":"<p>PROGRAMME DIMANCHE 13 AVRIL 2025 Voir le programme complet de SAMEDI Voir le programme du salon d&rsquo;un seul coup d&rsquo;oeil Voir le programme complet de DIMANCHE Espace BELLEDONNE Conf\u00e9rences 10H30 Edith COUDER : Vos clefs d&rsquo;\u00e9volution Ne pas se comprendre, \u00eatre dans le brouillard et surtout souffrir sans savoir ce qui ne va pas chez [&hellip;]<\/p>\n","protected":false},"author":1,"featured_media":0,"parent":0,"menu_order":0,"comment_status":"closed","ping_status":"closed","template":"","meta":{"footnotes":""},"class_list":["post-6419","page","type-page","status-publish","hentry"],"yoast_head":"<!-- This site is optimized with the Yoast SEO plugin v27.4 - https:\/\/yoast.com\/product\/yoast-seo-wordpress\/ -->\n<title>programme dimanche 13 avril 2025 - Samie - Le salon du mieux-\u00eatre<\/title>\n<meta name=\"robots\" content=\"index, follow, max-snippet:-1, max-image-preview:large, max-video-preview:-1\" \/>\n<link rel=\"canonical\" href=\"https:\/\/www.samie38.fr\/index.php\/programme-dimanche-13-avril-2025\/\" \/>\n<meta property=\"og:locale\" content=\"fr_FR\" \/>\n<meta property=\"og:type\" content=\"article\" \/>\n<meta property=\"og:title\" content=\"programme dimanche 13 avril 2025 - Samie - Le salon du mieux-\u00eatre\" \/>\n<meta property=\"og:description\" content=\"PROGRAMME DIMANCHE 13 AVRIL 2025 Voir le programme complet de SAMEDI Voir le programme du salon d&rsquo;un seul coup d&rsquo;oeil Voir le programme complet de DIMANCHE Espace BELLEDONNE Conf\u00e9rences 10H30 Edith COUDER : Vos clefs d&rsquo;\u00e9volution Ne pas se comprendre, \u00eatre dans le brouillard et surtout souffrir sans savoir ce qui ne va pas chez [&hellip;]\" \/>\n<meta property=\"og:url\" content=\"https:\/\/www.samie38.fr\/index.php\/programme-dimanche-13-avril-2025\/\" \/>\n<meta property=\"og:site_name\" content=\"Samie - Le salon du mieux-\u00eatre\" \/>\n<meta property=\"article:publisher\" content=\"https:\/\/www.facebook.com\/samie38\/\" \/>\n<meta property=\"article:modified_time\" content=\"2026-03-13T09:12:08+00:00\" \/>\n<meta name=\"twitter:card\" content=\"summary_large_image\" \/>\n<meta name=\"twitter:label1\" content=\"Dur\u00e9e de lecture estim\u00e9e\" \/>\n\t<meta name=\"twitter:data1\" content=\"5 minutes\" \/>\n<script type=\"application\/ld+json\" class=\"yoast-schema-graph\">{\"@context\":\"https:\\\/\\\/schema.org\",\"@graph\":[{\"@type\":\"WebPage\",\"@id\":\"https:\\\/\\\/www.samie38.fr\\\/index.php\\\/programme-dimanche-13-avril-2025\\\/\",\"url\":\"https:\\\/\\\/www.samie38.fr\\\/index.php\\\/programme-dimanche-13-avril-2025\\\/\",\"name\":\"programme dimanche 13 avril 2025 - Samie - Le salon du mieux-\u00eatre\",\"isPartOf\":{\"@id\":\"https:\\\/\\\/www.samie38.fr\\\/#website\"},\"datePublished\":\"2025-02-23T16:50:34+00:00\",\"dateModified\":\"2026-03-13T09:12:08+00:00\",\"breadcrumb\":{\"@id\":\"https:\\\/\\\/www.samie38.fr\\\/index.php\\\/programme-dimanche-13-avril-2025\\\/#breadcrumb\"},\"inLanguage\":\"fr-FR\",\"potentialAction\":[{\"@type\":\"ReadAction\",\"target\":[\"https:\\\/\\\/www.samie38.fr\\\/index.php\\\/programme-dimanche-13-avril-2025\\\/\"]}]},{\"@type\":\"BreadcrumbList\",\"@id\":\"https:\\\/\\\/www.samie38.fr\\\/index.php\\\/programme-dimanche-13-avril-2025\\\/#breadcrumb\",\"itemListElement\":[{\"@type\":\"ListItem\",\"position\":1,\"name\":\"Accueil\",\"item\":\"https:\\\/\\\/www.samie38.fr\\\/\"},{\"@type\":\"ListItem\",\"position\":2,\"name\":\"programme dimanche 13 avril 2025\"}]},{\"@type\":\"WebSite\",\"@id\":\"https:\\\/\\\/www.samie38.fr\\\/#website\",\"url\":\"https:\\\/\\\/www.samie38.fr\\\/\",\"name\":\"Samie - Le salon du mieux-\u00eatre\",\"description\":\"\",\"publisher\":{\"@id\":\"https:\\\/\\\/www.samie38.fr\\\/#organization\"},\"potentialAction\":[{\"@type\":\"SearchAction\",\"target\":{\"@type\":\"EntryPoint\",\"urlTemplate\":\"https:\\\/\\\/www.samie38.fr\\\/?s={search_term_string}\"},\"query-input\":{\"@type\":\"PropertyValueSpecification\",\"valueRequired\":true,\"valueName\":\"search_term_string\"}}],\"inLanguage\":\"fr-FR\"},{\"@type\":\"Organization\",\"@id\":\"https:\\\/\\\/www.samie38.fr\\\/#organization\",\"name\":\"Samie - Le salon du mieux-\u00eatre\",\"url\":\"https:\\\/\\\/www.samie38.fr\\\/\",\"logo\":{\"@type\":\"ImageObject\",\"inLanguage\":\"fr-FR\",\"@id\":\"https:\\\/\\\/www.samie38.fr\\\/#\\\/schema\\\/logo\\\/image\\\/\",\"url\":\"https:\\\/\\\/www.samie38.fr\\\/wp-content\\\/uploads\\\/2023\\\/04\\\/Banniere-3-e1719984867829.gif\",\"contentUrl\":\"https:\\\/\\\/www.samie38.fr\\\/wp-content\\\/uploads\\\/2023\\\/04\\\/Banniere-3-e1719984867829.gif\",\"width\":900,\"height\":300,\"caption\":\"Samie - Le salon du mieux-\u00eatre\"},\"image\":{\"@id\":\"https:\\\/\\\/www.samie38.fr\\\/#\\\/schema\\\/logo\\\/image\\\/\"},\"sameAs\":[\"https:\\\/\\\/www.facebook.com\\\/samie38\\\/\"]}]}<\/script>\n<!-- \/ Yoast SEO plugin. -->","yoast_head_json":{"title":"programme dimanche 13 avril 2025 - Samie - Le salon du mieux-\u00eatre","robots":{"index":"index","follow":"follow","max-snippet":"max-snippet:-1","max-image-preview":"max-image-preview:large","max-video-preview":"max-video-preview:-1"},"canonical":"https:\/\/www.samie38.fr\/index.php\/programme-dimanche-13-avril-2025\/","og_locale":"fr_FR","og_type":"article","og_title":"programme dimanche 13 avril 2025 - Samie - Le salon du mieux-\u00eatre","og_description":"PROGRAMME DIMANCHE 13 AVRIL 2025 Voir le programme complet de SAMEDI Voir le programme du salon d&rsquo;un seul coup d&rsquo;oeil Voir le programme complet de DIMANCHE Espace BELLEDONNE Conf\u00e9rences 10H30 Edith COUDER : Vos clefs d&rsquo;\u00e9volution Ne pas se comprendre, \u00eatre dans le brouillard et surtout souffrir sans savoir ce qui ne va pas chez [&hellip;]","og_url":"https:\/\/www.samie38.fr\/index.php\/programme-dimanche-13-avril-2025\/","og_site_name":"Samie - Le salon du mieux-\u00eatre","article_publisher":"https:\/\/www.facebook.com\/samie38\/","article_modified_time":"2026-03-13T09:12:08+00:00","twitter_card":"summary_large_image","twitter_misc":{"Dur\u00e9e de lecture estim\u00e9e":"5 minutes"},"schema":{"@context":"https:\/\/schema.org","@graph":[{"@type":"WebPage","@id":"https:\/\/www.samie38.fr\/index.php\/programme-dimanche-13-avril-2025\/","url":"https:\/\/www.samie38.fr\/index.php\/programme-dimanche-13-avril-2025\/","name":"programme dimanche 13 avril 2025 - Samie - Le salon du mieux-\u00eatre","isPartOf":{"@id":"https:\/\/www.samie38.fr\/#website"},"datePublished":"2025-02-23T16:50:34+00:00","dateModified":"2026-03-13T09:12:08+00:00","breadcrumb":{"@id":"https:\/\/www.samie38.fr\/index.php\/programme-dimanche-13-avril-2025\/#breadcrumb"},"inLanguage":"fr-FR","potentialAction":[{"@type":"ReadAction","target":["https:\/\/www.samie38.fr\/index.php\/programme-dimanche-13-avril-2025\/"]}]},{"@type":"BreadcrumbList","@id":"https:\/\/www.samie38.fr\/index.php\/programme-dimanche-13-avril-2025\/#breadcrumb","itemListElement":[{"@type":"ListItem","position":1,"name":"Accueil","item":"https:\/\/www.samie38.fr\/"},{"@type":"ListItem","position":2,"name":"programme dimanche 13 avril 2025"}]},{"@type":"WebSite","@id":"https:\/\/www.samie38.fr\/#website","url":"https:\/\/www.samie38.fr\/","name":"Samie - Le salon du mieux-\u00eatre","description":"","publisher":{"@id":"https:\/\/www.samie38.fr\/#organization"},"potentialAction":[{"@type":"SearchAction","target":{"@type":"EntryPoint","urlTemplate":"https:\/\/www.samie38.fr\/?s={search_term_string}"},"query-input":{"@type":"PropertyValueSpecification","valueRequired":true,"valueName":"search_term_string"}}],"inLanguage":"fr-FR"},{"@type":"Organization","@id":"https:\/\/www.samie38.fr\/#organization","name":"Samie - Le salon du mieux-\u00eatre","url":"https:\/\/www.samie38.fr\/","logo":{"@type":"ImageObject","inLanguage":"fr-FR","@id":"https:\/\/www.samie38.fr\/#\/schema\/logo\/image\/","url":"https:\/\/www.samie38.fr\/wp-content\/uploads\/2023\/04\/Banniere-3-e1719984867829.gif","contentUrl":"https:\/\/www.samie38.fr\/wp-content\/uploads\/2023\/04\/Banniere-3-e1719984867829.gif","width":900,"height":300,"caption":"Samie - Le salon du mieux-\u00eatre"},"image":{"@id":"https:\/\/www.samie38.fr\/#\/schema\/logo\/image\/"},"sameAs":["https:\/\/www.facebook.com\/samie38\/"]}]}},"jetpack_sharing_enabled":true,"_links":{"self":[{"href":"https:\/\/www.samie38.fr\/index.php\/wp-json\/wp\/v2\/pages\/6419","targetHints":{"allow":["GET"]}}],"collection":[{"href":"https:\/\/www.samie38.fr\/index.php\/wp-json\/wp\/v2\/pages"}],"about":[{"href":"https:\/\/www.samie38.fr\/index.php\/wp-json\/wp\/v2\/types\/page"}],"author":[{"embeddable":true,"href":"https:\/\/www.samie38.fr\/index.php\/wp-json\/wp\/v2\/users\/1"}],"replies":[{"embeddable":true,"href":"https:\/\/www.samie38.fr\/index.php\/wp-json\/wp\/v2\/comments?post=6419"}],"version-history":[{"count":28,"href":"https:\/\/www.samie38.fr\/index.php\/wp-json\/wp\/v2\/pages\/6419\/revisions"}],"predecessor-version":[{"id":9439,"href":"https:\/\/www.samie38.fr\/index.php\/wp-json\/wp\/v2\/pages\/6419\/revisions\/9439"}],"wp:attachment":[{"href":"https:\/\/www.samie38.fr\/index.php\/wp-json\/wp\/v2\/media?parent=6419"}],"curies":[{"name":"wp","href":"https:\/\/api.w.org\/{rel}","templated":true}]}}