{"id":9581,"date":"2026-05-05T11:50:48","date_gmt":"2026-05-05T09:50:48","guid":{"rendered":"https:\/\/www.samie38.fr\/?page_id=9581"},"modified":"2026-08-20T11:29:16","modified_gmt":"2026-08-20T09:29:16","slug":"accueil-villard-2026","status":"publish","type":"page","link":"https:\/\/www.samie38.fr\/","title":{"rendered":"Accueil Villard 2026"},"content":{"rendered":"\t\t<div data-elementor-type=\"wp-page\" data-elementor-id=\"9581\" class=\"elementor elementor-9581\" data-elementor-post-type=\"page\">\n\t\t\t\t\t\t<section class=\"elementor-section elementor-top-section elementor-element elementor-element-21b2b7d3 elementor-section-boxed elementor-section-height-default elementor-section-height-default\" data-id=\"21b2b7d3\" data-element_type=\"section\" data-e-type=\"section\">\n\t\t\t\t\t\t<div class=\"elementor-container elementor-column-gap-default\">\n\t\t\t\t\t<div class=\"elementor-column elementor-col-50 elementor-top-column elementor-element elementor-element-25e41047\" data-id=\"25e41047\" data-element_type=\"column\" data-e-type=\"column\">\n\t\t\t<div class=\"elementor-widget-wrap elementor-element-populated\">\n\t\t\t\t\t\t<div class=\"elementor-element elementor-element-304c5a6 elementor-widget elementor-widget-heading\" data-id=\"304c5a6\" data-element_type=\"widget\" data-e-type=\"widget\" data-widget_type=\"heading.default\">\n\t\t\t\t<div class=\"elementor-widget-container\">\n\t\t\t\t\t<h2 class=\"elementor-heading-title elementor-size-default\">Bienvenue au salon du mieux-\u00eatre <br>SAMIE de Villard de Lans<\/h2>\t\t\t\t<\/div>\n\t\t\t\t<\/div>\n\t\t\t\t<section class=\"elementor-section elementor-inner-section elementor-element elementor-element-13c4987 elementor-section-boxed elementor-section-height-default elementor-section-height-default\" data-id=\"13c4987\" data-element_type=\"section\" data-e-type=\"section\">\n\t\t\t\t\t\t<div class=\"elementor-container elementor-column-gap-default\">\n\t\t\t\t\t<div class=\"elementor-column elementor-col-33 elementor-inner-column elementor-element elementor-element-3895d43\" data-id=\"3895d43\" data-element_type=\"column\" data-e-type=\"column\">\n\t\t\t<div class=\"elementor-widget-wrap elementor-element-populated\">\n\t\t\t\t\t\t<div class=\"elementor-element elementor-element-591be03 elementor-align-center elementor-widget elementor-widget-button\" data-id=\"591be03\" data-element_type=\"widget\" data-e-type=\"widget\" data-widget_type=\"button.default\">\n\t\t\t\t<div class=\"elementor-widget-container\">\n\t\t\t\t\t\t\t\t\t<div class=\"elementor-button-wrapper\">\n\t\t\t\t\t<a class=\"elementor-button elementor-button-link elementor-size-sm\" href=\"https:\/\/www.samie38.fr\/index.php\/accueil-villard-2026\/edition-octobre-2026-vdl\/\" target=\"_blank\">\n\t\t\t\t\t\t<span class=\"elementor-button-content-wrapper\">\n\t\t\t\t\t\t\t\t\t<span class=\"elementor-button-text\">Tout savoir sur le salon<\/span>\n\t\t\t\t\t<\/span>\n\t\t\t\t\t<\/a>\n\t\t\t\t<\/div>\n\t\t\t\t\t\t\t\t<\/div>\n\t\t\t\t<\/div>\n\t\t\t\t\t<\/div>\n\t\t<\/div>\n\t\t\t\t<div class=\"elementor-column elementor-col-33 elementor-inner-column elementor-element elementor-element-bc58539\" data-id=\"bc58539\" data-element_type=\"column\" data-e-type=\"column\">\n\t\t\t<div class=\"elementor-widget-wrap elementor-element-populated\">\n\t\t\t\t\t\t<div class=\"elementor-element elementor-element-059eada elementor-widget elementor-widget-button\" data-id=\"059eada\" data-element_type=\"widget\" data-e-type=\"widget\" data-widget_type=\"button.default\">\n\t\t\t\t<div class=\"elementor-widget-container\">\n\t\t\t\t\t\t\t\t\t<div class=\"elementor-button-wrapper\">\n\t\t\t\t\t<a class=\"elementor-button elementor-button-link elementor-size-sm\" href=\"https:\/\/www.samie38.fr\/index.php\/liste-exposant-vdl7\/\" target=\"_blank\">\n\t\t\t\t\t\t<span class=\"elementor-button-content-wrapper\">\n\t\t\t\t\t\t\t\t\t<span class=\"elementor-button-text\">Voir les exposants<\/span>\n\t\t\t\t\t<\/span>\n\t\t\t\t\t<\/a>\n\t\t\t\t<\/div>\n\t\t\t\t\t\t\t\t<\/div>\n\t\t\t\t<\/div>\n\t\t\t\t\t<\/div>\n\t\t<\/div>\n\t\t\t\t<div class=\"elementor-column elementor-col-33 elementor-inner-column elementor-element elementor-element-eb51887\" data-id=\"eb51887\" data-element_type=\"column\" data-e-type=\"column\">\n\t\t\t<div class=\"elementor-widget-wrap elementor-element-populated\">\n\t\t\t\t\t\t<div class=\"elementor-element elementor-element-8990f4a elementor-widget elementor-widget-button\" data-id=\"8990f4a\" data-element_type=\"widget\" data-e-type=\"widget\" data-widget_type=\"button.default\">\n\t\t\t\t<div class=\"elementor-widget-container\">\n\t\t\t\t\t\t\t\t\t<div class=\"elementor-button-wrapper\">\n\t\t\t\t\t<a class=\"elementor-button elementor-button-link elementor-size-sm\" href=\"https:\/\/www.samie38.fr\/index.php\/accueil-villard-2026\/edition-octobre-2026-vdl\/conferences-octobre-2026\/\" target=\"_blank\">\n\t\t\t\t\t\t<span class=\"elementor-button-content-wrapper\">\n\t\t\t\t\t\t\t\t\t<span class=\"elementor-button-text\">Voir les conf\u00e9rences<\/span>\n\t\t\t\t\t<\/span>\n\t\t\t\t\t<\/a>\n\t\t\t\t<\/div>\n\t\t\t\t\t\t\t\t<\/div>\n\t\t\t\t<\/div>\n\t\t\t\t\t<\/div>\n\t\t<\/div>\n\t\t\t\t\t<\/div>\n\t\t<\/section>\n\t\t\t\t<div class=\"elementor-element elementor-element-57c17caf elementor-widget elementor-widget-text-editor\" data-id=\"57c17caf\" data-element_type=\"widget\" data-e-type=\"widget\" data-widget_type=\"text-editor.default\">\n\t\t\t\t<div class=\"elementor-widget-container\">\n\t\t\t\t\t\t\t\t\t<h2><b>Nous vous attendons avec impatience du 16 au 18 octobre 2026 \u00e0 La Coupole 59 Pl. M\u00fbre Ravaud, 38250 Villard-de-Lans.<\/b><\/h2><p>Horaires du salon :\u00a0<\/p><ul><li>Vendredi de 14h \u00e0 19h<\/li><li>Samedi de 10h \u00e0 20h<\/li><li>Dimanche de 10h \u00e0 18h<\/li><\/ul><p>Entr\u00e9e libre<\/p><p><strong><span style=\"color: #99cc00;\"><em>CONCERT du VENDREDI SOIR \u00e0 20h : voir en bas de page<\/em><\/span><\/strong><\/p><figure><\/figure><figure><\/figure><figure><\/figure><figure><\/figure><figure><\/figure><figure><\/figure><figure><\/figure><figure><\/figure><figure><\/figure><figure><\/figure><figure><\/figure><figure><\/figure><figure><\/figure><figure><\/figure><figure><\/figure><p dir=\"auto\">Le <strong>salon du mieux-\u00eatre SAMIE de Villard de Lans<\/strong>, organis\u00e9 par l&rsquo;association\u00a0 <strong>TEMPS DU BIEN ETRE, <\/strong>permet \u00e0 des th\u00e9rapeutes de divers secteurs du bien-\u00eatre de partager et d\u2019\u00e9changer avec le public sur leurs activit\u00e9s dans la bienveillance et le respect.<\/p><p><strong>Liste des exposants de cette \u00e9dition d&rsquo;octobre 2026 <span style=\"color: #ffcc00;\"><a style=\"color: #ffcc00;\" href=\"https:\/\/www.samie38.fr\/index.php\/liste-exposant-vdl7\/\" target=\"_blank\" rel=\"noopener\">ici<\/a><\/span>. <\/strong><\/p><p>Certains proposent des d\u00e9couvertes payantes \u00e0 tarif r\u00e9duit.\u00a0<\/p><p dir=\"auto\"><strong>Ateliers et conf\u00e9rences<\/strong> gratuits alterneront tout au long de ces deux jours pour vous permettre de d\u00e9couvrir toutes ces sp\u00e9cialit\u00e9s. <strong>Programme des conf\u00e9rences et ateliers de cette \u00e9dition d&rsquo;octobre 2026 <span style=\"color: #ffcc00;\"><a style=\"color: #ffcc00;\" href=\"https:\/\/www.samie38.fr\/index.php\/accueil-villard-2026\/edition-octobre-2026-vdl\/conferences-octobre-2026\/\" target=\"_blank\" rel=\"noopener\">ici<\/a><\/span>.<\/strong><\/p><p dir=\"auto\"><strong>C\u00f4t\u00e9 commer\u00e7ants et cr\u00e9ateurs<\/strong>, vous pourrez acheter un cristal qui vous inspire, un bijou, une peinture, un mandala ou un attrape r\u00eave multicolore, un bol chantant, de l&rsquo;artisanat indien sur les stands de ventes pr\u00e9sents.<\/p><p dir=\"auto\">C\u2019est avec une grande joie que nous vous accueillerons dans la folle aventure de SAMIE et esp\u00e9rons vous faire partager \u00e0 cette occasion nos exp\u00e9riences et nos savoirs faire et savoirs \u00eatre dans le plus grand int\u00e9r\u00eat de chacun.<\/p>\t\t\t\t\t\t\t\t<\/div>\n\t\t\t\t<\/div>\n\t\t\t\t\t<\/div>\n\t\t<\/div>\n\t\t\t\t<div class=\"elementor-column elementor-col-50 elementor-top-column elementor-element elementor-element-b7e480f\" data-id=\"b7e480f\" data-element_type=\"column\" data-e-type=\"column\">\n\t\t\t<div class=\"elementor-widget-wrap elementor-element-populated\">\n\t\t\t\t\t\t<div class=\"elementor-element elementor-element-ec6b936 elementor-widget elementor-widget-text-editor\" data-id=\"ec6b936\" data-element_type=\"widget\" data-e-type=\"widget\" data-widget_type=\"text-editor.default\">\n\t\t\t\t<div class=\"elementor-widget-container\">\n\t\t\t\t\t\t\t\t\t<h2>NEWSLETTER<\/h2><p>\n<div class=\"wpcf7 no-js\" id=\"wpcf7-f931-o1\" lang=\"fr-FR\" dir=\"ltr\" data-wpcf7-id=\"931\">\n<div class=\"screen-reader-response\"><p role=\"status\" aria-live=\"polite\" aria-atomic=\"true\"><\/p> <ul><\/ul><\/div>\n<form action=\"\/index.php\/wp-json\/wp\/v2\/pages\/9581#wpcf7-f931-o1\" method=\"post\" class=\"wpcf7-form init\" aria-label=\"Formulaire de contact\" novalidate=\"novalidate\" data-status=\"init\">\n<fieldset class=\"hidden-fields-container\"><input type=\"hidden\" name=\"_wpcf7\" value=\"931\" \/><input type=\"hidden\" name=\"_wpcf7_version\" value=\"6.1.6\" \/><input type=\"hidden\" name=\"_wpcf7_locale\" value=\"fr_FR\" \/><input type=\"hidden\" name=\"_wpcf7_unit_tag\" value=\"wpcf7-f931-o1\" \/><input type=\"hidden\" name=\"_wpcf7_container_post\" value=\"0\" \/><input type=\"hidden\" name=\"_wpcf7_posted_data_hash\" value=\"\" \/><input type=\"hidden\" name=\"_uacf7_hidden_conditional_fields\" value=\"\" \/><input type=\"hidden\" name=\"_wpcf7_recaptcha_response\" value=\"\" \/>\n<\/fieldset>\n<div class=\"uacf7-form-wrapper-container uacf7-form-931  \"><label> Votre nom *\n    <span class=\"wpcf7-form-control-wrap\" data-name=\"your-name\"><input size=\"40\" maxlength=\"400\" class=\"wpcf7-form-control wpcf7-text wpcf7-validates-as-required\" autocomplete=\"name\" aria-required=\"true\" aria-invalid=\"false\" value=\"\" type=\"text\" name=\"your-name\" \/><\/span> <\/label>\n\n<label> Votre pr\u00e9nom *\n    <span class=\"wpcf7-form-control-wrap\" data-name=\"your-surname\"><input size=\"40\" maxlength=\"400\" class=\"wpcf7-form-control wpcf7-text wpcf7-validates-as-required\" autocomplete=\"name\" aria-required=\"true\" aria-invalid=\"false\" value=\"\" type=\"text\" name=\"your-surname\" \/><\/span> <\/label>\n\n<label> Votre e-mail *\n    <span class=\"wpcf7-form-control-wrap\" data-name=\"your-email\"><input size=\"40\" maxlength=\"400\" class=\"wpcf7-form-control wpcf7-email wpcf7-validates-as-required wpcf7-text wpcf7-validates-as-email\" autocomplete=\"email\" aria-required=\"true\" aria-invalid=\"false\" value=\"\" type=\"email\" name=\"your-email\" \/><\/span> <\/label>\n\n<label> Vous \u00eates *\n    <span class=\"wpcf7-form-control-wrap\" data-name=\"your-vous_etes\"><select class=\"wpcf7-form-control wpcf7-select wpcf7-validates-as-required\" aria-required=\"true\" aria-invalid=\"false\" name=\"your-vous_etes\"><option value=\"\">&#8212;Veuillez choisir une option&#8212;<\/option><option value=\"Visiteur\">Visiteur<\/option><option value=\"Exposant\">Exposant<\/option><option value=\"Autre\">Autre<\/option><\/select><\/span> <\/label>\n\n<input class=\"wpcf7-form-control wpcf7-submit has-spinner\" type=\"submit\" value=\"Envoyer\" \/><\/div><p style=\"display: none !important;\" class=\"akismet-fields-container\" data-prefix=\"_wpcf7_ak_\"><label>&#916;<textarea name=\"_wpcf7_ak_hp_textarea\" cols=\"45\" rows=\"8\" maxlength=\"100\"><\/textarea><\/label><input type=\"hidden\" id=\"ak_js_1\" name=\"_wpcf7_ak_js\" value=\"133\"\/><script>\ndocument.getElementById( \"ak_js_1\" ).setAttribute( \"value\", ( new Date() ).getTime() );\n<\/script>\n<\/p><div class=\"wpcf7-response-output\" aria-hidden=\"true\"><\/div>\n<\/form>\n<\/div>\n<\/p>\t\t\t\t\t\t\t\t<\/div>\n\t\t\t\t<\/div>\n\t\t\t\t\t<\/div>\n\t\t<\/div>\n\t\t\t\t\t<\/div>\n\t\t<\/section>\n\t\t\t\t<section class=\"elementor-section elementor-top-section elementor-element elementor-element-8426d87 elementor-section-boxed elementor-section-height-default elementor-section-height-default\" data-id=\"8426d87\" data-element_type=\"section\" data-e-type=\"section\">\n\t\t\t\t\t\t<div class=\"elementor-container elementor-column-gap-default\">\n\t\t\t\t\t<div class=\"elementor-column elementor-col-50 elementor-top-column elementor-element elementor-element-a3cf2ef\" data-id=\"a3cf2ef\" data-element_type=\"column\" data-e-type=\"column\">\n\t\t\t<div class=\"elementor-widget-wrap elementor-element-populated\">\n\t\t\t\t\t\t<div class=\"elementor-element elementor-element-e89f39e elementor-widget elementor-widget-image\" data-id=\"e89f39e\" data-element_type=\"widget\" data-e-type=\"widget\" data-widget_type=\"image.default\">\n\t\t\t\t<div class=\"elementor-widget-container\">\n\t\t\t\t\t\t\t\t\t\t\t\t\t\t\t<img loading=\"lazy\" decoding=\"async\" width=\"800\" height=\"345\" src=\"https:\/\/www.samie38.fr\/wp-content\/uploads\/2026\/08\/Shubiao-quartet-1024x442.webp\" class=\"attachment-large size-large wp-image-12015\" alt=\"\" srcset=\"https:\/\/www.samie38.fr\/wp-content\/uploads\/2026\/08\/Shubiao-quartet-1024x442.webp 1024w, https:\/\/www.samie38.fr\/wp-content\/uploads\/2026\/08\/Shubiao-quartet-300x130.webp 300w, https:\/\/www.samie38.fr\/wp-content\/uploads\/2026\/08\/Shubiao-quartet-768x332.webp 768w, https:\/\/www.samie38.fr\/wp-content\/uploads\/2026\/08\/Shubiao-quartet-1536x664.webp 1536w, https:\/\/www.samie38.fr\/wp-content\/uploads\/2026\/08\/Shubiao-quartet.webp 1919w\" sizes=\"auto, (max-width: 800px) 100vw, 800px\" \/>\t\t\t\t\t\t\t\t\t\t\t\t\t\t\t<\/div>\n\t\t\t\t<\/div>\n\t\t\t\t<div class=\"elementor-element elementor-element-0066b22 elementor-align-center elementor-widget elementor-widget-button\" data-id=\"0066b22\" data-element_type=\"widget\" data-e-type=\"widget\" data-widget_type=\"button.default\">\n\t\t\t\t<div class=\"elementor-widget-container\">\n\t\t\t\t\t\t\t\t\t<div class=\"elementor-button-wrapper\">\n\t\t\t\t\t<a class=\"elementor-button elementor-button-link elementor-size-sm\" href=\"https:\/\/www.youtube.com\/@ShubiaoQuartet\" target=\"_blank\">\n\t\t\t\t\t\t<span class=\"elementor-button-content-wrapper\">\n\t\t\t\t\t\t<span class=\"elementor-button-icon\">\n\t\t\t\t<svg aria-hidden=\"true\" class=\"e-font-icon-svg e-fab-youtube\" viewBox=\"0 0 576 512\" xmlns=\"http:\/\/www.w3.org\/2000\/svg\"><path d=\"M549.655 124.083c-6.281-23.65-24.787-42.276-48.284-48.597C458.781 64 288 64 288 64S117.22 64 74.629 75.486c-23.497 6.322-42.003 24.947-48.284 48.597-11.412 42.867-11.412 132.305-11.412 132.305s0 89.438 11.412 132.305c6.281 23.65 24.787 41.5 48.284 47.821C117.22 448 288 448 288 448s170.78 0 213.371-11.486c23.497-6.321 42.003-24.171 48.284-47.821 11.412-42.867 11.412-132.305 11.412-132.305s0-89.438-11.412-132.305zm-317.51 213.508V175.185l142.739 81.205-142.739 81.201z\"><\/path><\/svg>\t\t\t<\/span>\n\t\t\t\t\t\t\t\t\t<span class=\"elementor-button-text\">Ecouter sur You tube<\/span>\n\t\t\t\t\t<\/span>\n\t\t\t\t\t<\/a>\n\t\t\t\t<\/div>\n\t\t\t\t\t\t\t\t<\/div>\n\t\t\t\t<\/div>\n\t\t\t\t\t<\/div>\n\t\t<\/div>\n\t\t\t\t<div class=\"elementor-column elementor-col-50 elementor-top-column elementor-element elementor-element-c65dc89\" data-id=\"c65dc89\" data-element_type=\"column\" data-e-type=\"column\">\n\t\t\t<div class=\"elementor-widget-wrap elementor-element-populated\">\n\t\t\t\t\t\t<div class=\"elementor-element elementor-element-3c3ef89 elementor-widget elementor-widget-heading\" data-id=\"3c3ef89\" data-element_type=\"widget\" data-e-type=\"widget\" data-widget_type=\"heading.default\">\n\t\t\t\t<div class=\"elementor-widget-container\">\n\t\t\t\t\t<h2 class=\"elementor-heading-title elementor-size-default\">Shubiao quartet en concert <\/h2>\t\t\t\t<\/div>\n\t\t\t\t<\/div>\n\t\t\t\t<div class=\"elementor-element elementor-element-d57ab60 elementor-widget elementor-widget-heading\" data-id=\"d57ab60\" data-element_type=\"widget\" data-e-type=\"widget\" data-widget_type=\"heading.default\">\n\t\t\t\t<div class=\"elementor-widget-container\">\n\t\t\t\t\t<h4 class=\"elementor-heading-title elementor-size-default\">Vendredi 16 octobre \u00e0 20h \u00e0 la Verri\u00e8re<\/h4>\t\t\t\t<\/div>\n\t\t\t\t<\/div>\n\t\t\t\t<div class=\"elementor-element elementor-element-2045d1d elementor-widget elementor-widget-text-editor\" data-id=\"2045d1d\" data-element_type=\"widget\" data-e-type=\"widget\" data-widget_type=\"text-editor.default\">\n\t\t\t\t<div class=\"elementor-widget-container\">\n\t\t\t\t\t\t\t\t\t<p><strong data-start=\"1374\" data-end=\"1393\" data-ogsc=\"\" data-olk-copy-source=\"MessageBody\">Shubiao Quartet<\/strong><span data-ogsc=\"\">\u00a0<\/span>sera en concert le vendredi 16 octobre \u00e0<span data-ogsc=\"\">\u00a0<\/span><strong data-start=\"1435\" data-end=\"1468\" data-ogsc=\"\">20h \u00e0 la Salle de la Verri\u00e8re<\/strong>. Le groupe revisite les musiques traditionnelles de Mongolie \u00e0 travers le chant diphonique et des instruments traditionnels, m\u00eal\u00e9s \u00e0 des sonorit\u00e9s plus contemporaines.<\/p><p>Concert propos\u00e9 par l&rsquo;association Unis Vers Coeur<\/p><p>Tarif : 12 \u20ac la place<\/p><p>Pour r\u00e9server ma \/mes place(s) :\u00a0<\/p><p><a href=\"https:\/\/www.helloasso.com\/associations\/unis-vers-coeur\/evenements\/concert-shubiao-quartet\" target=\"_blank\" rel=\"noopener\">https:\/\/www.helloasso.com\/associations\/unis-vers-coeur\/evenements\/concert-shubiao-quartet<\/a><\/p><p>Shubiao Quartet pr\u00e9sent pour la premi\u00e8re fois \u00e0 Villard de Lans vous accueille lors de ce concert en acoustique ( places assises uniquement).<\/p><p>Shubiao Quartet perp\u00e9tue au 21e si\u00e8cle l\u2019h\u00e9ritage mill\u00e9naire du chant diphonique et des instruments traditionnels de Mongolie. Dans leur univers, les louanges et les \u00e9pop\u00e9es se font transes douces, chants du c\u0153ur ou rythmes telluriques. Une musique puissante qui nous emm\u00e8ne vers un ailleurs mythique.<\/p><p><a href=\"https:\/\/www.shubiaoquartet.com\/\" target=\"_blank\" rel=\"noopener\">https:\/\/www.shubiaoquartet.com\/<\/a><\/p>\t\t\t\t\t\t\t\t<\/div>\n\t\t\t\t<\/div>\n\t\t\t\t\t<\/div>\n\t\t<\/div>\n\t\t\t\t\t<\/div>\n\t\t<\/section>\n\t\t\t\t<\/div>\n\t\t","protected":false},"excerpt":{"rendered":"<p>Bienvenue au salon du mieux-\u00eatre SAMIE de Villard de Lans Tout savoir sur le salon Voir les exposants Voir les conf\u00e9rences Nous vous attendons avec impatience du 16 au 18 octobre 2026 \u00e0 La Coupole 59 Pl. M\u00fbre Ravaud, 38250 Villard-de-Lans. Horaires du salon :\u00a0 Vendredi de 14h \u00e0 19h Samedi de 10h \u00e0 20h [&hellip;]<\/p>\n","protected":false},"author":1,"featured_media":7297,"parent":0,"menu_order":0,"comment_status":"closed","ping_status":"closed","template":"elementor_header_footer","meta":{"footnotes":""},"categories":[],"tags":[],"edition":[],"class_list":["post-9581","page","type-page","status-publish","has-post-thumbnail","hentry"],"yoast_head":"<!-- This site is optimized with the Yoast SEO plugin v27.7 - https:\/\/yoast.com\/product\/yoast-seo-wordpress\/ -->\n<title>Accueil Villard 2026 - Samie - Le salon du mieux-\u00eatre<\/title>\n<meta name=\"description\" content=\"Salon du mieux-\u00eatre SAMIE de Villard de Lans. 30 exposants du bien-\u00eatre vous attendent les 18 et 19 octobre 2025\" \/>\n<meta name=\"robots\" content=\"index, follow, max-snippet:-1, max-image-preview:large, max-video-preview:-1\" \/>\n<link rel=\"canonical\" href=\"https:\/\/www.samie38.fr\/\" \/>\n<meta property=\"og:locale\" content=\"fr_FR\" \/>\n<meta property=\"og:type\" content=\"article\" \/>\n<meta property=\"og:title\" content=\"Accueil Villard 2026 - Samie - Le salon du mieux-\u00eatre\" \/>\n<meta property=\"og:description\" content=\"Salon du mieux-\u00eatre SAMIE de Villard de Lans. 30 exposants du bien-\u00eatre vous attendent les 18 et 19 octobre 2025\" \/>\n<meta property=\"og:url\" content=\"https:\/\/www.samie38.fr\/\" \/>\n<meta property=\"og:site_name\" content=\"Samie - Le salon du mieux-\u00eatre\" \/>\n<meta property=\"article:publisher\" content=\"https:\/\/www.facebook.com\/samie38\/\" \/>\n<meta property=\"article:modified_time\" content=\"2026-08-20T09:29:16+00:00\" \/>\n<meta property=\"og:image\" content=\"https:\/\/www.samie38.fr\/wp-content\/uploads\/2025\/06\/JPG-SAMIE-n\u00b05--scaled.webp\" \/>\n\t<meta property=\"og:image:width\" content=\"1358\" \/>\n\t<meta property=\"og:image:height\" content=\"1920\" \/>\n\t<meta property=\"og:image:type\" content=\"image\/webp\" \/>\n<meta name=\"twitter:card\" content=\"summary_large_image\" \/>\n<meta name=\"twitter:label1\" content=\"Dur\u00e9e de lecture estim\u00e9e\" \/>\n\t<meta name=\"twitter:data1\" content=\"3 minutes\" \/>\n<script type=\"application\/ld+json\" class=\"yoast-schema-graph\">{\"@context\":\"https:\\\/\\\/schema.org\",\"@graph\":[{\"@type\":\"WebPage\",\"@id\":\"https:\\\/\\\/www.samie38.fr\\\/\",\"url\":\"https:\\\/\\\/www.samie38.fr\\\/\",\"name\":\"Accueil Villard 2026 - Samie - Le salon du mieux-\u00eatre\",\"isPartOf\":{\"@id\":\"https:\\\/\\\/www.samie38.fr\\\/#website\"},\"primaryImageOfPage\":{\"@id\":\"https:\\\/\\\/www.samie38.fr\\\/#primaryimage\"},\"image\":{\"@id\":\"https:\\\/\\\/www.samie38.fr\\\/#primaryimage\"},\"thumbnailUrl\":\"https:\\\/\\\/www.samie38.fr\\\/wp-content\\\/uploads\\\/2025\\\/06\\\/JPG-SAMIE-n\u00b05--scaled.webp\",\"datePublished\":\"2026-05-05T09:50:48+00:00\",\"dateModified\":\"2026-08-20T09:29:16+00:00\",\"description\":\"Salon du mieux-\u00eatre SAMIE de Villard de Lans. 30 exposants du bien-\u00eatre vous attendent les 18 et 19 octobre 2025\",\"breadcrumb\":{\"@id\":\"https:\\\/\\\/www.samie38.fr\\\/#breadcrumb\"},\"inLanguage\":\"fr-FR\",\"potentialAction\":[{\"@type\":\"ReadAction\",\"target\":[\"https:\\\/\\\/www.samie38.fr\\\/\"]}]},{\"@type\":\"ImageObject\",\"inLanguage\":\"fr-FR\",\"@id\":\"https:\\\/\\\/www.samie38.fr\\\/#primaryimage\",\"url\":\"https:\\\/\\\/www.samie38.fr\\\/wp-content\\\/uploads\\\/2025\\\/06\\\/JPG-SAMIE-n\u00b05--scaled.webp\",\"contentUrl\":\"https:\\\/\\\/www.samie38.fr\\\/wp-content\\\/uploads\\\/2025\\\/06\\\/JPG-SAMIE-n\u00b05--scaled.webp\",\"width\":1358,\"height\":1920,\"caption\":\"Samie Villard de Lans\"},{\"@type\":\"BreadcrumbList\",\"@id\":\"https:\\\/\\\/www.samie38.fr\\\/#breadcrumb\",\"itemListElement\":[{\"@type\":\"ListItem\",\"position\":1,\"name\":\"Accueil\",\"item\":\"https:\\\/\\\/www.samie38.fr\\\/\"},{\"@type\":\"ListItem\",\"position\":2,\"name\":\"Accueil Villard 2026\"}]},{\"@type\":\"WebSite\",\"@id\":\"https:\\\/\\\/www.samie38.fr\\\/#website\",\"url\":\"https:\\\/\\\/www.samie38.fr\\\/\",\"name\":\"Samie - Le salon du mieux-\u00eatre\",\"description\":\"\",\"publisher\":{\"@id\":\"https:\\\/\\\/www.samie38.fr\\\/#organization\"},\"potentialAction\":[{\"@type\":\"SearchAction\",\"target\":{\"@type\":\"EntryPoint\",\"urlTemplate\":\"https:\\\/\\\/www.samie38.fr\\\/?s={search_term_string}\"},\"query-input\":{\"@type\":\"PropertyValueSpecification\",\"valueRequired\":true,\"valueName\":\"search_term_string\"}}],\"inLanguage\":\"fr-FR\"},{\"@type\":\"Organization\",\"@id\":\"https:\\\/\\\/www.samie38.fr\\\/#organization\",\"name\":\"Samie - Le salon du mieux-\u00eatre\",\"url\":\"https:\\\/\\\/www.samie38.fr\\\/\",\"logo\":{\"@type\":\"ImageObject\",\"inLanguage\":\"fr-FR\",\"@id\":\"https:\\\/\\\/www.samie38.fr\\\/#\\\/schema\\\/logo\\\/image\\\/\",\"url\":\"https:\\\/\\\/www.samie38.fr\\\/wp-content\\\/uploads\\\/2026\\\/05\\\/cropped-bandeau-marguerite.webp\",\"contentUrl\":\"https:\\\/\\\/www.samie38.fr\\\/wp-content\\\/uploads\\\/2026\\\/05\\\/cropped-bandeau-marguerite.webp\",\"width\":1920,\"height\":550,\"caption\":\"Samie - Le salon du mieux-\u00eatre\"},\"image\":{\"@id\":\"https:\\\/\\\/www.samie38.fr\\\/#\\\/schema\\\/logo\\\/image\\\/\"},\"sameAs\":[\"https:\\\/\\\/www.facebook.com\\\/samie38\\\/\"]}]}<\/script>\n<!-- \/ Yoast SEO plugin. -->","yoast_head_json":{"title":"Accueil Villard 2026 - Samie - Le salon du mieux-\u00eatre","description":"Salon du mieux-\u00eatre SAMIE de Villard de Lans. 30 exposants du bien-\u00eatre vous attendent les 18 et 19 octobre 2025","robots":{"index":"index","follow":"follow","max-snippet":"max-snippet:-1","max-image-preview":"max-image-preview:large","max-video-preview":"max-video-preview:-1"},"canonical":"https:\/\/www.samie38.fr\/","og_locale":"fr_FR","og_type":"article","og_title":"Accueil Villard 2026 - Samie - Le salon du mieux-\u00eatre","og_description":"Salon du mieux-\u00eatre SAMIE de Villard de Lans. 30 exposants du bien-\u00eatre vous attendent les 18 et 19 octobre 2025","og_url":"https:\/\/www.samie38.fr\/","og_site_name":"Samie - Le salon du mieux-\u00eatre","article_publisher":"https:\/\/www.facebook.com\/samie38\/","article_modified_time":"2026-08-20T09:29:16+00:00","og_image":[{"width":1358,"height":1920,"url":"https:\/\/www.samie38.fr\/wp-content\/uploads\/2025\/06\/JPG-SAMIE-n\u00b05--scaled.webp","type":"image\/webp"}],"twitter_card":"summary_large_image","twitter_misc":{"Dur\u00e9e de lecture estim\u00e9e":"3 minutes"},"schema":{"@context":"https:\/\/schema.org","@graph":[{"@type":"WebPage","@id":"https:\/\/www.samie38.fr\/","url":"https:\/\/www.samie38.fr\/","name":"Accueil Villard 2026 - Samie - Le salon du mieux-\u00eatre","isPartOf":{"@id":"https:\/\/www.samie38.fr\/#website"},"primaryImageOfPage":{"@id":"https:\/\/www.samie38.fr\/#primaryimage"},"image":{"@id":"https:\/\/www.samie38.fr\/#primaryimage"},"thumbnailUrl":"https:\/\/www.samie38.fr\/wp-content\/uploads\/2025\/06\/JPG-SAMIE-n\u00b05--scaled.webp","datePublished":"2026-05-05T09:50:48+00:00","dateModified":"2026-08-20T09:29:16+00:00","description":"Salon du mieux-\u00eatre SAMIE de Villard de Lans. 30 exposants du bien-\u00eatre vous attendent les 18 et 19 octobre 2025","breadcrumb":{"@id":"https:\/\/www.samie38.fr\/#breadcrumb"},"inLanguage":"fr-FR","potentialAction":[{"@type":"ReadAction","target":["https:\/\/www.samie38.fr\/"]}]},{"@type":"ImageObject","inLanguage":"fr-FR","@id":"https:\/\/www.samie38.fr\/#primaryimage","url":"https:\/\/www.samie38.fr\/wp-content\/uploads\/2025\/06\/JPG-SAMIE-n\u00b05--scaled.webp","contentUrl":"https:\/\/www.samie38.fr\/wp-content\/uploads\/2025\/06\/JPG-SAMIE-n\u00b05--scaled.webp","width":1358,"height":1920,"caption":"Samie Villard de Lans"},{"@type":"BreadcrumbList","@id":"https:\/\/www.samie38.fr\/#breadcrumb","itemListElement":[{"@type":"ListItem","position":1,"name":"Accueil","item":"https:\/\/www.samie38.fr\/"},{"@type":"ListItem","position":2,"name":"Accueil Villard 2026"}]},{"@type":"WebSite","@id":"https:\/\/www.samie38.fr\/#website","url":"https:\/\/www.samie38.fr\/","name":"Samie - Le salon du mieux-\u00eatre","description":"","publisher":{"@id":"https:\/\/www.samie38.fr\/#organization"},"potentialAction":[{"@type":"SearchAction","target":{"@type":"EntryPoint","urlTemplate":"https:\/\/www.samie38.fr\/?s={search_term_string}"},"query-input":{"@type":"PropertyValueSpecification","valueRequired":true,"valueName":"search_term_string"}}],"inLanguage":"fr-FR"},{"@type":"Organization","@id":"https:\/\/www.samie38.fr\/#organization","name":"Samie - Le salon du mieux-\u00eatre","url":"https:\/\/www.samie38.fr\/","logo":{"@type":"ImageObject","inLanguage":"fr-FR","@id":"https:\/\/www.samie38.fr\/#\/schema\/logo\/image\/","url":"https:\/\/www.samie38.fr\/wp-content\/uploads\/2026\/05\/cropped-bandeau-marguerite.webp","contentUrl":"https:\/\/www.samie38.fr\/wp-content\/uploads\/2026\/05\/cropped-bandeau-marguerite.webp","width":1920,"height":550,"caption":"Samie - Le salon du mieux-\u00eatre"},"image":{"@id":"https:\/\/www.samie38.fr\/#\/schema\/logo\/image\/"},"sameAs":["https:\/\/www.facebook.com\/samie38\/"]}]}},"jetpack_sharing_enabled":true,"_links":{"self":[{"href":"https:\/\/www.samie38.fr\/index.php\/wp-json\/wp\/v2\/pages\/9581","targetHints":{"allow":["GET"]}}],"collection":[{"href":"https:\/\/www.samie38.fr\/index.php\/wp-json\/wp\/v2\/pages"}],"about":[{"href":"https:\/\/www.samie38.fr\/index.php\/wp-json\/wp\/v2\/types\/page"}],"author":[{"embeddable":true,"href":"https:\/\/www.samie38.fr\/index.php\/wp-json\/wp\/v2\/users\/1"}],"replies":[{"embeddable":true,"href":"https:\/\/www.samie38.fr\/index.php\/wp-json\/wp\/v2\/comments?post=9581"}],"version-history":[{"count":100,"href":"https:\/\/www.samie38.fr\/index.php\/wp-json\/wp\/v2\/pages\/9581\/revisions"}],"predecessor-version":[{"id":12040,"href":"https:\/\/www.samie38.fr\/index.php\/wp-json\/wp\/v2\/pages\/9581\/revisions\/12040"}],"wp:featuredmedia":[{"embeddable":true,"href":"https:\/\/www.samie38.fr\/index.php\/wp-json\/wp\/v2\/media\/7297"}],"wp:attachment":[{"href":"https:\/\/www.samie38.fr\/index.php\/wp-json\/wp\/v2\/media?parent=9581"}],"wp:term":[{"taxonomy":"category","embeddable":true,"href":"https:\/\/www.samie38.fr\/index.php\/wp-json\/wp\/v2\/categories?post=9581"},{"taxonomy":"post_tag","embeddable":true,"href":"https:\/\/www.samie38.fr\/index.php\/wp-json\/wp\/v2\/tags?post=9581"},{"taxonomy":"edition","embeddable":true,"href":"https:\/\/www.samie38.fr\/index.php\/wp-json\/wp\/v2\/edition?post=9581"}],"curies":[{"name":"wp","href":"https:\/\/api.w.org\/{rel}","templated":true}]}}